{"id":41,"date":"2018-09-20T12:04:26","date_gmt":"2018-09-20T12:04:26","guid":{"rendered":"http:\/\/www.iesmgkorreas.com\/xxiiireunioncientificajaraiz\/?page_id=41"},"modified":"2019-04-03T04:39:05","modified_gmt":"2019-04-03T04:39:05","slug":"patrocinadores","status":"publish","type":"page","link":"https:\/\/iesmgkorreas.com\/xxiiireunioncientifica2024\/index.php\/patrocinadores\/","title":{"rendered":"Patrocinadores"},"content":{"rendered":"<div id='gallery-1' class='gallery galleryid-41 gallery-columns-3 gallery-size-medium'><figure class='gallery-item'>\n\t\t\t<div class='gallery-icon landscape'>\n\t\t\t\t<a href='https:\/\/iesmgkorreas.com\/xxiiireunioncientifica2024\/index.php\/presentacion\/logotip04-fwmoviles-fw\/'><img loading=\"lazy\" decoding=\"async\" width=\"116\" height=\"106\" src=\"https:\/\/iesmgkorreas.com\/xxiiireunioncientifica2024\/wp-content\/uploads\/2019\/01\/logotip04.fwmoviles.fw_.png\" class=\"attachment-medium size-medium\" alt=\"\" aria-describedby=\"gallery-1-171\" \/><\/a>\n\t\t\t<\/div>\n\t\t\t\t<figcaption class='wp-caption-text gallery-caption' id='gallery-1-171'>\n\t\t\t\tInnovaci\u00f3n y formaci\u00f3n del profesorado. Junta de Extremadura\n\t\t\t\t<\/figcaption><\/figure><figure class='gallery-item'>\n\t\t\t<div class='gallery-icon landscape'>\n\t\t\t\t<a href='https:\/\/iesmgkorreas.com\/xxiiireunioncientifica2024\/index.php\/presentacion\/logo_cpr_reunion_cientifica\/'><img loading=\"lazy\" decoding=\"async\" width=\"300\" height=\"80\" src=\"https:\/\/iesmgkorreas.com\/xxiiireunioncientifica2024\/wp-content\/uploads\/2019\/01\/Logo_CPR_Reunion_Cientifica-300x80.jpg\" class=\"attachment-medium size-medium\" alt=\"\" aria-describedby=\"gallery-1-172\" srcset=\"https:\/\/iesmgkorreas.com\/xxiiireunioncientifica2024\/wp-content\/uploads\/2019\/01\/Logo_CPR_Reunion_Cientifica-300x80.jpg 300w, https:\/\/iesmgkorreas.com\/xxiiireunioncientifica2024\/wp-content\/uploads\/2019\/01\/Logo_CPR_Reunion_Cientifica-768x205.jpg 768w, https:\/\/iesmgkorreas.com\/xxiiireunioncientifica2024\/wp-content\/uploads\/2019\/01\/Logo_CPR_Reunion_Cientifica-1024x273.jpg 1024w\" sizes=\"(max-width: 300px) 100vw, 300px\" \/><\/a>\n\t\t\t<\/div>\n\t\t\t\t<figcaption class='wp-caption-text gallery-caption' id='gallery-1-172'>\n\t\t\t\tCPR de Jara\u00edz\n\t\t\t\t<\/figcaption><\/figure><figure class='gallery-item'>\n\t\t\t<div class='gallery-icon landscape'>\n\t\t\t\t<a href='https:\/\/iesmgkorreas.com\/xxiiireunioncientifica2024\/index.php\/patrocinadores\/consejeria_ee\/'><img loading=\"lazy\" decoding=\"async\" width=\"300\" height=\"83\" src=\"https:\/\/iesmgkorreas.com\/xxiiireunioncientifica2024\/wp-content\/uploads\/2019\/03\/consejer\u00eda_ee-300x83.jpg\" class=\"attachment-medium size-medium\" alt=\"\" srcset=\"https:\/\/iesmgkorreas.com\/xxiiireunioncientifica2024\/wp-content\/uploads\/2019\/03\/consejer\u00eda_ee-300x83.jpg 300w, https:\/\/iesmgkorreas.com\/xxiiireunioncientifica2024\/wp-content\/uploads\/2019\/03\/consejer\u00eda_ee.jpg 426w\" sizes=\"(max-width: 300px) 100vw, 300px\" \/><\/a>\n\t\t\t<\/div><\/figure>\n\t\t<\/div>\n\n<h4 style=\"text-align: center;\"><a href=\"http:\/\/cprjaraiz.juntaextremadura.net\/index.php?limitstart=60\">CPR DE JARA\u00cdZ DE LA VERA<\/a><\/h4>\n<p><a href=\"https:\/\/formacion.educarex.es\/\"><strong>SERVICIO DE INNOVACI\u00d3N<\/strong><\/a><a href=\"https:\/\/formacion.educarex.es\/\"><strong> Y FORMACION DEL PROFESORADO DE LA CONSEJER\u00cdA DE EDUCACI\u00d3N Y EMPLEO. JUNTA DE EXTREMADURA.<\/strong><\/a><\/p>\n<div id='gallery-2' class='gallery galleryid-41 gallery-columns-2 gallery-size-medium'><figure class='gallery-item'>\n\t\t\t<div class='gallery-icon landscape'>\n\t\t\t\t<a href='https:\/\/iesmgkorreas.com\/xxiiireunioncientifica2024\/index.php\/patrocinadores\/jaraiz-2\/'><img loading=\"lazy\" decoding=\"async\" width=\"300\" height=\"169\" src=\"https:\/\/iesmgkorreas.com\/xxiiireunioncientifica2024\/wp-content\/uploads\/2019\/03\/JARAIZ-300x169.jpg\" class=\"attachment-medium size-medium\" alt=\"\" srcset=\"https:\/\/iesmgkorreas.com\/xxiiireunioncientifica2024\/wp-content\/uploads\/2019\/03\/JARAIZ-300x169.jpg 300w, https:\/\/iesmgkorreas.com\/xxiiireunioncientifica2024\/wp-content\/uploads\/2019\/03\/JARAIZ.jpg 678w\" sizes=\"(max-width: 300px) 100vw, 300px\" \/><\/a>\n\t\t\t<\/div><\/figure><figure class='gallery-item'>\n\t\t\t<div class='gallery-icon portrait'>\n\t\t\t\t<a href='https:\/\/iesmgkorreas.com\/xxiiireunioncientifica2024\/index.php\/presentacion\/jaraizz\/'><img loading=\"lazy\" decoding=\"async\" width=\"70\" height=\"123\" src=\"https:\/\/iesmgkorreas.com\/xxiiireunioncientifica2024\/wp-content\/uploads\/2019\/01\/jaraizz.jpg\" class=\"attachment-medium size-medium\" alt=\"\" aria-describedby=\"gallery-2-179\" \/><\/a>\n\t\t\t<\/div>\n\t\t\t\t<figcaption class='wp-caption-text gallery-caption' id='gallery-2-179'>\n\t\t\t\tAyuntamiento de Jara\u00edz de La Vera\n\t\t\t\t<\/figcaption><\/figure>\n\t\t<\/div>\n\n<h4 style=\"text-align: center;\"><a href=\"http:\/\/www.jaraizdelavera.es\/\">AYUNTAMIENTO DE JARA\u00cdZ DE LA VERA<\/a><\/h4>\n<h4 style=\"text-align: center;\"><img loading=\"lazy\" decoding=\"async\" class=\"aligncenter wp-image-219\" src=\"https:\/\/iesmgkorreas.com\/xxiiireunioncientifica2024\/wp-content\/uploads\/2019\/03\/DOPIMENTON-300x92.jpg\" alt=\"\" width=\"457\" height=\"140\" srcset=\"https:\/\/iesmgkorreas.com\/xxiiireunioncientifica2024\/wp-content\/uploads\/2019\/03\/DOPIMENTON-300x92.jpg 300w, https:\/\/iesmgkorreas.com\/xxiiireunioncientifica2024\/wp-content\/uploads\/2019\/03\/DOPIMENTON.jpg 617w\" sizes=\"(max-width: 457px) 100vw, 457px\" \/><a href=\"https:\/\/pimentonvera-origen.com\/\"><strong>DENOMINACI\u00d3N DE ORIGEN PIMENT\u00d3N DE LA VERA<\/strong><\/a><\/h4>\n<h4 style=\"text-align: center;\"><img loading=\"lazy\" decoding=\"async\" class=\"aligncenter wp-image-217\" src=\"https:\/\/iesmgkorreas.com\/xxiiireunioncientifica2024\/wp-content\/uploads\/2019\/03\/AYTO_TORREMENGA-171x300.jpg\" alt=\"\" width=\"144\" height=\"253\" srcset=\"https:\/\/iesmgkorreas.com\/xxiiireunioncientifica2024\/wp-content\/uploads\/2019\/03\/AYTO_TORREMENGA-171x300.jpg 171w, https:\/\/iesmgkorreas.com\/xxiiireunioncientifica2024\/wp-content\/uploads\/2019\/03\/AYTO_TORREMENGA.jpg 182w\" sizes=\"(max-width: 144px) 100vw, 144px\" \/><br \/>\n<a href=\"http:\/\/www.torremenga.es\/\"><strong>AYUNTAMIENTO DE TORREMENGA DE LA VERA<\/strong><\/a><\/h4>\n<p style=\"text-align: center;\"><img loading=\"lazy\" decoding=\"async\" class=\"aligncenter wp-image-215\" src=\"https:\/\/iesmgkorreas.com\/xxiiireunioncientifica2024\/wp-content\/uploads\/2019\/03\/AYTO_COLLADO.jpg\" alt=\"\" width=\"146\" height=\"254\" \/><\/p>\n<h4 style=\"text-align: center;\"><a href=\"http:\/\/www.colladodelavera.es\/\"><strong><span style=\"color: #993366;\">AYUNTAMIENTO DE COLLADO DE LA VERA<\/span><\/strong><\/a><\/h4>\n<p><img loading=\"lazy\" decoding=\"async\" class=\"aligncenter size-medium wp-image-214\" src=\"https:\/\/iesmgkorreas.com\/xxiiireunioncientifica2024\/wp-content\/uploads\/2019\/03\/ADICOVER-300x200.jpg\" alt=\"\" width=\"300\" height=\"200\" srcset=\"https:\/\/iesmgkorreas.com\/xxiiireunioncientifica2024\/wp-content\/uploads\/2019\/03\/ADICOVER-300x200.jpg 300w, https:\/\/iesmgkorreas.com\/xxiiireunioncientifica2024\/wp-content\/uploads\/2019\/03\/ADICOVER.jpg 367w\" sizes=\"(max-width: 300px) 100vw, 300px\" \/><\/p>\n<h4 style=\"text-align: center;\"><a href=\"http:\/\/www.comarcadelavera.com\/adicover\"><strong>ADICOVER<\/strong><\/a><\/h4>\n<h4><img loading=\"lazy\" decoding=\"async\" class=\"aligncenter size-medium wp-image-224\" src=\"https:\/\/iesmgkorreas.com\/xxiiireunioncientifica2024\/wp-content\/uploads\/2019\/03\/DIPCC-300x152.jpg\" alt=\"\" width=\"300\" height=\"152\" srcset=\"https:\/\/iesmgkorreas.com\/xxiiireunioncientifica2024\/wp-content\/uploads\/2019\/03\/DIPCC-300x152.jpg 300w, https:\/\/iesmgkorreas.com\/xxiiireunioncientifica2024\/wp-content\/uploads\/2019\/03\/DIPCC.jpg 630w\" sizes=\"(max-width: 300px) 100vw, 300px\" \/><\/h4>\n<h4 style=\"text-align: center;\"><a href=\"https:\/\/www.dip-caceres.es\/\"><strong>DIPUTACI\u00d3N DE C\u00c1CERES<\/strong><\/a><\/h4>\n<h4 style=\"text-align: center;\"><img loading=\"lazy\" decoding=\"async\" class=\"aligncenter wp-image-218\" src=\"https:\/\/iesmgkorreas.com\/xxiiireunioncientifica2024\/wp-content\/uploads\/2019\/03\/CENTRA_ALMARAZ-168x300.jpg\" alt=\"\" width=\"144\" height=\"257\" srcset=\"https:\/\/iesmgkorreas.com\/xxiiireunioncientifica2024\/wp-content\/uploads\/2019\/03\/CENTRA_ALMARAZ-168x300.jpg 168w, https:\/\/iesmgkorreas.com\/xxiiireunioncientifica2024\/wp-content\/uploads\/2019\/03\/CENTRA_ALMARAZ.jpg 216w\" sizes=\"(max-width: 144px) 100vw, 144px\" \/><a href=\"https:\/\/www.cnat.es\/almaraz-presentacion.php\"><strong>CENTRAL NUCLEAR DE ALMARAZ<\/strong><\/a><\/h4>\n<h4 style=\"text-align: center;\"><img loading=\"lazy\" decoding=\"async\" class=\"aligncenter size-medium wp-image-220\" src=\"https:\/\/iesmgkorreas.com\/xxiiireunioncientifica2024\/wp-content\/uploads\/2019\/03\/g_romero-300x80.jpg\" alt=\"\" width=\"300\" height=\"80\" srcset=\"https:\/\/iesmgkorreas.com\/xxiiireunioncientifica2024\/wp-content\/uploads\/2019\/03\/g_romero-300x80.jpg 300w, https:\/\/iesmgkorreas.com\/xxiiireunioncientifica2024\/wp-content\/uploads\/2019\/03\/g_romero-768x204.jpg 768w, https:\/\/iesmgkorreas.com\/xxiiireunioncientifica2024\/wp-content\/uploads\/2019\/03\/g_romero-1024x272.jpg 1024w\" sizes=\"(max-width: 300px) 100vw, 300px\" \/><a href=\"http:\/\/www.graficasromero.es\/\"><strong>GR\u00c1<\/strong><\/a><a href=\"http:\/\/www.graficasromero.es\/\"><strong>FICAS ROMERO<\/strong><\/a><\/h4>\n<p style=\"text-align: center;\"><img loading=\"lazy\" decoding=\"async\" class=\"aligncenter size-medium wp-image-227\" src=\"https:\/\/iesmgkorreas.com\/xxiiireunioncientifica2024\/wp-content\/uploads\/2019\/03\/LA-VERATA-300x180.png\" alt=\"\" width=\"300\" height=\"180\" srcset=\"https:\/\/iesmgkorreas.com\/xxiiireunioncientifica2024\/wp-content\/uploads\/2019\/03\/LA-VERATA-300x180.png 300w, https:\/\/iesmgkorreas.com\/xxiiireunioncientifica2024\/wp-content\/uploads\/2019\/03\/LA-VERATA.png 481w\" sizes=\"(max-width: 300px) 100vw, 300px\" \/><strong><a href=\"https:\/\/www.imprentalaverata.com\/\">IMRENTA LA VERATA<\/a><\/strong><\/p>\n<p style=\"text-align: center;\"><img loading=\"lazy\" decoding=\"async\" class=\"aligncenter size-full wp-image-239\" src=\"https:\/\/iesmgkorreas.com\/xxiiireunioncientifica2024\/wp-content\/uploads\/2019\/03\/publijaime.jpg\" alt=\"\" width=\"300\" height=\"300\" srcset=\"https:\/\/iesmgkorreas.com\/xxiiireunioncientifica2024\/wp-content\/uploads\/2019\/03\/publijaime.jpg 300w, https:\/\/iesmgkorreas.com\/xxiiireunioncientifica2024\/wp-content\/uploads\/2019\/03\/publijaime-150x150.jpg 150w\" sizes=\"(max-width: 300px) 100vw, 300px\" \/><\/p>\n<p>&nbsp;<\/p>\n<p style=\"text-align: center;\"><img loading=\"lazy\" decoding=\"async\" class=\"aligncenter size-full wp-image-226\" src=\"https:\/\/iesmgkorreas.com\/xxiiireunioncientifica2024\/wp-content\/uploads\/2019\/03\/CAMPTIERRA.jpg\" alt=\"\" width=\"225\" height=\"225\" srcset=\"https:\/\/iesmgkorreas.com\/xxiiireunioncientifica2024\/wp-content\/uploads\/2019\/03\/CAMPTIERRA.jpg 225w, https:\/\/iesmgkorreas.com\/xxiiireunioncientifica2024\/wp-content\/uploads\/2019\/03\/CAMPTIERRA-150x150.jpg 150w\" sizes=\"(max-width: 225px) 100vw, 225px\" \/><a href=\"https:\/\/www.campoytierra.com\/\"><strong>CAMPO Y TIERRA<\/strong><\/a><\/p>\n<p style=\"text-align: center;\"><img loading=\"lazy\" decoding=\"async\" class=\"aligncenter size-full wp-image-292\" src=\"https:\/\/iesmgkorreas.com\/xxiiireunioncientifica2024\/wp-content\/uploads\/2019\/03\/amasdecasa.jpg\" alt=\"\" width=\"540\" height=\"184\" srcset=\"https:\/\/iesmgkorreas.com\/xxiiireunioncientifica2024\/wp-content\/uploads\/2019\/03\/amasdecasa.jpg 540w, https:\/\/iesmgkorreas.com\/xxiiireunioncientifica2024\/wp-content\/uploads\/2019\/03\/amasdecasa-300x102.jpg 300w\" sizes=\"(max-width: 540px) 100vw, 540px\" \/><\/p>\n<p>&nbsp;<\/p>\n<p style=\"text-align: center;\"><a href=\"https:\/\/www.cambridge.es\/\"><img loading=\"lazy\" decoding=\"async\" class=\"aligncenter size-full wp-image-355\" src=\"https:\/\/iesmgkorreas.com\/xxiiireunioncientifica2024\/wp-content\/uploads\/2019\/03\/cambridge.jpg\" alt=\"\" width=\"400\" height=\"300\" srcset=\"https:\/\/iesmgkorreas.com\/xxiiireunioncientifica2024\/wp-content\/uploads\/2019\/03\/cambridge.jpg 400w, https:\/\/iesmgkorreas.com\/xxiiireunioncientifica2024\/wp-content\/uploads\/2019\/03\/cambridge-300x225.jpg 300w\" sizes=\"(max-width: 400px) 100vw, 400px\" \/><\/a><\/p>\n<figure id=\"attachment_332\" aria-describedby=\"caption-attachment-332\" style=\"width: 515px\" class=\"wp-caption aligncenter\"><img loading=\"lazy\" decoding=\"async\" class=\" wp-image-332\" src=\"https:\/\/iesmgkorreas.com\/xxiiireunioncientifica2024\/wp-content\/uploads\/2019\/03\/veraflor-1024x360.jpg\" alt=\"\" width=\"515\" height=\"181\" srcset=\"https:\/\/iesmgkorreas.com\/xxiiireunioncientifica2024\/wp-content\/uploads\/2019\/03\/veraflor-1024x360.jpg 1024w, https:\/\/iesmgkorreas.com\/xxiiireunioncientifica2024\/wp-content\/uploads\/2019\/03\/veraflor-300x106.jpg 300w, https:\/\/iesmgkorreas.com\/xxiiireunioncientifica2024\/wp-content\/uploads\/2019\/03\/veraflor-768x270.jpg 768w, https:\/\/iesmgkorreas.com\/xxiiireunioncientifica2024\/wp-content\/uploads\/2019\/03\/veraflor.jpg 1356w\" sizes=\"(max-width: 515px) 100vw, 515px\" \/><figcaption id=\"caption-attachment-332\" class=\"wp-caption-text\">Veraflor Florister\u00eda<\/figcaption><\/figure>\n<p style=\"text-align: center;\"><img loading=\"lazy\" decoding=\"async\" class=\"aligncenter size-full wp-image-384\" src=\"https:\/\/iesmgkorreas.com\/xxiiireunioncientifica2024\/wp-content\/uploads\/2019\/03\/finalima.jpg\" alt=\"\" width=\"744\" height=\"419\" srcset=\"https:\/\/iesmgkorreas.com\/xxiiireunioncientifica2024\/wp-content\/uploads\/2019\/03\/finalima.jpg 744w, https:\/\/iesmgkorreas.com\/xxiiireunioncientifica2024\/wp-content\/uploads\/2019\/03\/finalima-300x169.jpg 300w\" sizes=\"(max-width: 744px) 100vw, 744px\" \/><\/p>\n<p style=\"text-align: center;\"><img loading=\"lazy\" decoding=\"async\" class=\"aligncenter  wp-image-468\" src=\"https:\/\/iesmgkorreas.com\/xxiiireunioncientifica2024\/wp-content\/uploads\/2019\/04\/carcasas.jpg\" alt=\"\" width=\"518\" height=\"207\" \/><\/p>\n<h4><\/h4>\n<h4><\/h4>\n","protected":false},"excerpt":{"rendered":"<p>CPR DE JARA\u00cdZ DE LA VERA SERVICIO DE INNOVACI\u00d3N Y FORMACION DEL PROFESORADO DE LA CONSEJER\u00cdA DE EDUCACI\u00d3N Y EMPLEO. [&hellip;]<\/p>\n","protected":false},"author":1,"featured_media":0,"parent":0,"menu_order":0,"comment_status":"closed","ping_status":"closed","template":"","meta":{"footnotes":""},"_links":{"self":[{"href":"https:\/\/iesmgkorreas.com\/xxiiireunioncientifica2024\/index.php\/wp-json\/wp\/v2\/pages\/41"}],"collection":[{"href":"https:\/\/iesmgkorreas.com\/xxiiireunioncientifica2024\/index.php\/wp-json\/wp\/v2\/pages"}],"about":[{"href":"https:\/\/iesmgkorreas.com\/xxiiireunioncientifica2024\/index.php\/wp-json\/wp\/v2\/types\/page"}],"author":[{"embeddable":true,"href":"https:\/\/iesmgkorreas.com\/xxiiireunioncientifica2024\/index.php\/wp-json\/wp\/v2\/users\/1"}],"replies":[{"embeddable":true,"href":"https:\/\/iesmgkorreas.com\/xxiiireunioncientifica2024\/index.php\/wp-json\/wp\/v2\/comments?post=41"}],"version-history":[{"count":15,"href":"https:\/\/iesmgkorreas.com\/xxiiireunioncientifica2024\/index.php\/wp-json\/wp\/v2\/pages\/41\/revisions"}],"predecessor-version":[{"id":469,"href":"https:\/\/iesmgkorreas.com\/xxiiireunioncientifica2024\/index.php\/wp-json\/wp\/v2\/pages\/41\/revisions\/469"}],"wp:attachment":[{"href":"https:\/\/iesmgkorreas.com\/xxiiireunioncientifica2024\/index.php\/wp-json\/wp\/v2\/media?parent=41"}],"curies":[{"name":"wp","href":"https:\/\/api.w.org\/{rel}","templated":true}]}}