{"id":37,"date":"2018-09-20T12:03:52","date_gmt":"2018-09-20T12:03:52","guid":{"rendered":"http:\/\/www.iesmgkorreas.com\/xxiiireunioncientificajaraiz\/?page_id=37"},"modified":"2019-04-07T19:51:23","modified_gmt":"2019-04-07T19:51:23","slug":"presentacion","status":"publish","type":"page","link":"https:\/\/iesmgkorreas.com\/xxiiireunioncientifica2024\/","title":{"rendered":"Presentaci\u00f3n"},"content":{"rendered":"<h2><\/h2>\n<table style=\"border: none;\" width=\"100%\" cellspacing=\"0\" cellpadding=\"0\">\n<colgroup>\n<col width=\"85\" \/>\n<col width=\"85\" \/>\n<col width=\"85\" \/> <\/colgroup>\n<tbody>\n<tr valign=\"top\">\n<td width=\"33%\"><a href=\"http:\/\/www.meridies.info\/\" target=\"_blank\" rel=\"attachment noopener wp-att-380\"><img loading=\"lazy\" decoding=\"async\" class=\"aligncenter wp-image-380\" src=\"https:\/\/iesmgkorreas.com\/xxiiireunioncientifica2024\/wp-content\/uploads\/2019\/03\/LogoMeridies.png\" alt=\"\" width=\"319\" height=\"111\" \/><\/a><\/td>\n<td width=\"33%\"><a href=\"https:\/\/iesmgkorreas.com\/xxiiireunioncientifica2024\/\" target=\"_blank\" rel=\"noopener\"><img loading=\"lazy\" decoding=\"async\" class=\"aligncenter wp-image-102 size-full\" src=\"https:\/\/iesmgkorreas.com\/xxiiireunioncientifica2024\/wp-content\/uploads\/2018\/09\/logo-redondo-con-letras-limpio-2.gif\" alt=\"\" width=\"174\" height=\"194\" \/><\/a><\/td>\n<td width=\"33%\"><a href=\"https:\/\/iesmgkorreas.educarex.es\/\" target=\"_blank\" rel=\"attachment noopener wp-att-30\"><img loading=\"lazy\" decoding=\"async\" class=\"aligncenter wp-image-30 size-full\" src=\"https:\/\/iesmgkorreas.com\/xxiiireunioncientifica2024\/wp-content\/uploads\/2018\/09\/logo-ies-mgk.jpg\" alt=\"\" width=\"200\" height=\"194\" \/><\/a><\/td>\n<\/tr>\n<tr valign=\"top\">\n<td width=\"33%\"><a href=\"http:\/\/cprjaraiz.juntaextremadura.net\/\" target=\"_blank\" rel=\"attachment noopener wp-att-172\"><img loading=\"lazy\" decoding=\"async\" class=\"aligncenter wp-image-172 size-medium\" src=\"https:\/\/iesmgkorreas.com\/xxiiireunioncientifica2024\/wp-content\/uploads\/2019\/01\/Logo_CPR_Reunion_Cientifica-300x80.jpg\" alt=\"\" width=\"300\" height=\"80\" srcset=\"https:\/\/iesmgkorreas.com\/xxiiireunioncientifica2024\/wp-content\/uploads\/2019\/01\/Logo_CPR_Reunion_Cientifica-300x80.jpg 300w, https:\/\/iesmgkorreas.com\/xxiiireunioncientifica2024\/wp-content\/uploads\/2019\/01\/Logo_CPR_Reunion_Cientifica-768x205.jpg 768w, https:\/\/iesmgkorreas.com\/xxiiireunioncientifica2024\/wp-content\/uploads\/2019\/01\/Logo_CPR_Reunion_Cientifica-1024x273.jpg 1024w\" sizes=\"(max-width: 300px) 100vw, 300px\" \/><\/a><\/td>\n<td width=\"33%\"><\/td>\n<td width=\"33%\">\n<p style=\"text-align: center;\"><a href=\"https:\/\/formacion.educarex.es\/\" target=\"_blank\" rel=\"attachment noopener wp-att-171\"><img loading=\"lazy\" decoding=\"async\" class=\"aligncenter wp-image-171 size-full\" src=\"https:\/\/iesmgkorreas.com\/xxiiireunioncientifica2024\/wp-content\/uploads\/2019\/01\/logotip04.fwmoviles.fw_.png\" alt=\"\" width=\"116\" height=\"106\" \/>Innovaci\u00f3n y formaci\u00f3n del profesorado. Junta de Extremadura<\/a><\/p>\n<\/td>\n<\/tr>\n<\/tbody>\n<\/table>\n<h2 style=\"text-align: center;\"><a href=\"https:\/\/iesmgkorreas.com\/xxiiireunioncientifica2024\/index.php\/2019\/03\/14\/programa-de-la-xxiii-reunion-cientifica-jaraiz-2019\/\"><span style=\"color: #d10647;\"><strong>PROGRAMA DE LA XXII<\/strong>I<\/span> <span style=\"color: #339966;\">AQU\u00cd<\/span><\/a><\/h2>\n<h3 style=\"text-align: center;\"><span style=\"color: #339966;\"><a style=\"color: #339966;\" href=\"https:\/\/iesmgkorreas.com\/xxiiireunioncientifica2024\/index.php\/2019\/03\/07\/listado-de-trabajos-inscritos\/\"><span style=\"color: #ff6600;\">LISTADO DE TRABAJOS <span style=\"color: #993300;\">AQU\u00cd<\/span><\/span><\/a><\/span><\/h3>\n<h3 style=\"text-align: center;\"><a href=\"https:\/\/iesmgkorreas.com\/xxiiireunioncientifica2024\/index.php\/2019\/03\/07\/resumenes-2019\/\"><span style=\"color: #ff00ff;\">RES\u00daMENES <span style=\"color: #339966;\">AQU\u00cd<\/span><\/span><\/a><\/h3>\n<h1 style=\"text-align: center;\"><strong><span style=\"color: #800080;\">\u201cA La Vera de la Ciencia\u201d<\/span><\/strong><\/h1>\n<h1 style=\"text-align: center;\"><strong><span style=\"color: #339966;\">Del 1 al 5 de abril de 2019<\/span><\/strong><\/h1>\n<figure id=\"attachment_199\" aria-describedby=\"caption-attachment-199\" style=\"width: 225px\" class=\"wp-caption aligncenter\"><img loading=\"lazy\" decoding=\"async\" class=\"wp-image-199 size-medium\" src=\"https:\/\/iesmgkorreas.com\/xxiiireunioncientifica2024\/wp-content\/uploads\/2019\/02\/0F2046F7-7C05-405E-AE2C-53D465EAAB9D-225x300.jpeg\" alt=\"\" width=\"225\" height=\"300\" srcset=\"https:\/\/iesmgkorreas.com\/xxiiireunioncientifica2024\/wp-content\/uploads\/2019\/02\/0F2046F7-7C05-405E-AE2C-53D465EAAB9D-225x300.jpeg 225w, https:\/\/iesmgkorreas.com\/xxiiireunioncientifica2024\/wp-content\/uploads\/2019\/02\/0F2046F7-7C05-405E-AE2C-53D465EAAB9D-768x1024.jpeg 768w\" sizes=\"(max-width: 225px) 100vw, 225px\" \/><figcaption id=\"caption-attachment-199\" class=\"wp-caption-text\">M Victoria Gil y Margarita Salas conversando,el pasado 26 de febrero,\u00a0 con la directora del M G Korreas, M\u00edriam Garc\u00eda, y algunas de las estudiantes de 2 \u00ba de Bachillerato que cursan Biolog\u00eda,<\/figcaption><\/figure>\n<h1 style=\"text-align: center;\"><span style=\"color: #000080;\"><strong>CONFERENCIA INAUGURAL<\/strong><\/span><\/h1>\n<h2 style=\"text-align: center;\"><span style=\"color: #800080;\"><em><strong>\u00abPensamiento cr\u00edtico: la esperanza en el pa\u00eds de los ciegos\u00bb<\/strong><\/em><\/span><\/h2>\n<h1 style=\"text-align: center;\"><span style=\"color: #993366;\">M. VICTORIA GIL \u00c1LVAREZ,<\/span><\/h1>\n<p style=\"text-align: center;\"><em>Medalla de Extremadura 2018<\/em><\/p>\n<p>&nbsp;<\/p>\n<p style=\"text-align: center;\"><iframe loading=\"lazy\" src=\"https:\/\/www.youtube.com\/embed\/DUGofcPN_0Q\" width=\"560\" height=\"315\" frameborder=\"0\" allowfullscreen=\"allowfullscreen\"><\/iframe><\/p>\n<h3 style=\"text-align: center;\">12:15\u00a0 horas del 4 de abril en el Teatro Cine Avenida de Jara\u00edz de la Vera<\/h3>\n<p>Aqu\u00ed tenemos\u00a0 tres perlas\u00a0 de la Conferencia inaugural. Nos congratulamos por haber podido contar con la magia comunicativa de M Victoria Gil. Es un aut\u00e9ntico lujo escuchar a\u00a0 esta eminente cient\u00edfica extreme\u00f1a, empe\u00f1ada en combatir la ignorancia que, \u00a0 a pesar de los tiempos que vivimos, sigue haciendo estragos en nuestra sociedad. Es la ignorancia la que lleva a las persona a abrazar con fe ciega\u00a0 pseudociencias que proporcionan falsas y c\u00f3modas \u00abverdades\u00bb, la que lleva a soslayar las aportaciones cient\u00edficas de las mujeres y la que lleva a considerar como dogmas de fe lo que s\u00f3lo son teor\u00edas. El conocimiento y la Ciencia nos hacen libres. \u00a1Gracias Victoria!<\/p>\n<h3 style=\"text-align: center;\"><span style=\"color: #ff0000;\">Si tu centro no est\u00e1 asociado, es el momento de hacerlo en la mencionada p\u00e1gina de la asociaci\u00f3n. (pulsa en el logo)<\/span><\/h3>\n<p style=\"text-align: center;\"><a href=\"http:\/\/www.meridies.info\/\" target=\"_blank\" rel=\"noopener\"><br \/>\n<img loading=\"lazy\" decoding=\"async\" class=\"aligncenter wp-image-91 size-thumbnail\" src=\"https:\/\/iesmgkorreas.com\/xxiiireunioncientifica2024\/wp-content\/uploads\/2018\/09\/logomeridies-150x150.jpg\" alt=\"\" width=\"150\" height=\"150\" srcset=\"https:\/\/iesmgkorreas.com\/xxiiireunioncientifica2024\/wp-content\/uploads\/2018\/09\/logomeridies-150x150.jpg 150w, https:\/\/iesmgkorreas.com\/xxiiireunioncientifica2024\/wp-content\/uploads\/2018\/09\/logomeridies-300x300.jpg 300w\" sizes=\"(max-width: 150px) 100vw, 150px\" \/><\/a><\/p>\n<p>&nbsp;<\/p>\n<figure id=\"attachment_120\" aria-describedby=\"caption-attachment-120\" style=\"width: 351px\" class=\"wp-caption aligncenter\"><a href=\"http:\/\/www.jaraizdelavera.es\/\" target=\"_blank\" rel=\"noopener\"><img loading=\"lazy\" decoding=\"async\" class=\"wp-image-120\" src=\"https:\/\/iesmgkorreas.com\/xxiiireunioncientifica2024\/wp-content\/uploads\/2018\/09\/IMG_0576-1024x704.jpeg\" alt=\"\" width=\"351\" height=\"241\" srcset=\"https:\/\/iesmgkorreas.com\/xxiiireunioncientifica2024\/wp-content\/uploads\/2018\/09\/IMG_0576-1024x704.jpeg 1024w, https:\/\/iesmgkorreas.com\/xxiiireunioncientifica2024\/wp-content\/uploads\/2018\/09\/IMG_0576-300x206.jpeg 300w, https:\/\/iesmgkorreas.com\/xxiiireunioncientifica2024\/wp-content\/uploads\/2018\/09\/IMG_0576-768x528.jpeg 768w\" sizes=\"(max-width: 351px) 100vw, 351px\" \/><\/a><figcaption id=\"caption-attachment-120\" class=\"wp-caption-text\">La falda Sur de Tormantos, la parte occidental de Gredos: Jara\u00edz de la Vera<\/figcaption><\/figure>\n<p>&nbsp;<\/p>\n<p>&nbsp;<\/p>\n","protected":false},"excerpt":{"rendered":"<p>Innovaci\u00f3n y formaci\u00f3n del profesorado. Junta de Extremadura PROGRAMA DE LA XXIII AQU\u00cd LISTADO DE TRABAJOS AQU\u00cd RES\u00daMENES AQU\u00cd \u201cA [&hellip;]<\/p>\n","protected":false},"author":1,"featured_media":64,"parent":0,"menu_order":0,"comment_status":"closed","ping_status":"closed","template":"","meta":{"footnotes":""},"_links":{"self":[{"href":"https:\/\/iesmgkorreas.com\/xxiiireunioncientifica2024\/index.php\/wp-json\/wp\/v2\/pages\/37"}],"collection":[{"href":"https:\/\/iesmgkorreas.com\/xxiiireunioncientifica2024\/index.php\/wp-json\/wp\/v2\/pages"}],"about":[{"href":"https:\/\/iesmgkorreas.com\/xxiiireunioncientifica2024\/index.php\/wp-json\/wp\/v2\/types\/page"}],"author":[{"embeddable":true,"href":"https:\/\/iesmgkorreas.com\/xxiiireunioncientifica2024\/index.php\/wp-json\/wp\/v2\/users\/1"}],"replies":[{"embeddable":true,"href":"https:\/\/iesmgkorreas.com\/xxiiireunioncientifica2024\/index.php\/wp-json\/wp\/v2\/comments?post=37"}],"version-history":[{"count":56,"href":"https:\/\/iesmgkorreas.com\/xxiiireunioncientifica2024\/index.php\/wp-json\/wp\/v2\/pages\/37\/revisions"}],"predecessor-version":[{"id":540,"href":"https:\/\/iesmgkorreas.com\/xxiiireunioncientifica2024\/index.php\/wp-json\/wp\/v2\/pages\/37\/revisions\/540"}],"wp:featuredmedia":[{"embeddable":true,"href":"https:\/\/iesmgkorreas.com\/xxiiireunioncientifica2024\/index.php\/wp-json\/wp\/v2\/media\/64"}],"wp:attachment":[{"href":"https:\/\/iesmgkorreas.com\/xxiiireunioncientifica2024\/index.php\/wp-json\/wp\/v2\/media?parent=37"}],"curies":[{"name":"wp","href":"https:\/\/api.w.org\/{rel}","templated":true}]}}