{"id":45,"date":"2018-05-16T12:43:31","date_gmt":"2018-05-16T12:43:31","guid":{"rendered":"http:\/\/www.bibliogonzalokorreas.com\/proyectoeuropa\/?page_id=45"},"modified":"2018-06-14T08:02:26","modified_gmt":"2018-06-14T08:02:26","slug":"portugal","status":"publish","type":"page","link":"https:\/\/iesmgkorreas.com\/proyectoeuropa2024\/index.php\/portugal\/","title":{"rendered":"Portugal"},"content":{"rendered":"<h1><strong>Realizada por alumnos de ESO 1\u00ba C y DPTO. de Orientaci\u00f3n<br \/>\n<\/strong><\/h1>\n<p><span style=\"color: #800080;\">PROFESORA: Alba<\/span><\/p>\n<p><span style=\"color: #800080;\">MATERIA: Ingles<\/span><\/p>\n<p><span style=\"color: #800080;\">\u00a0<\/span><\/p>\n<div style=\"position: relative; height: 0px; padding-bottom: 56.25%;\"><iframe loading=\"lazy\" style=\"position: absolute; width: 100%; height: 100%; left: 0px;\" src=\"https:\/\/www.youtube.com\/embed\/-kuGjj_NXsk?ecver=2\" width=\"640\" height=\"360\" frameborder=\"0\" allowfullscreen=\"allowfullscreen\"><\/iframe><\/div>\n<div><\/div>\n<div>\n<hr \/>\n<p><span style=\"color: #800080;\">PROFESOR:<\/span><\/p>\n<p><span style=\"color: #800080;\">MATERIA: Geograf\u00eda e Historia<\/span><\/p>\n<\/div>\n<div>\n<p align=\"justify\"><span style=\"font-family: Arial, serif;\"><span style=\"font-size: large;\">Los trabajos realizados han sido: <\/span><\/span><\/p>\n<ul>\n<li>\n<p align=\"justify\"><span style=\"font-family: Arial, serif;\"><span style=\"font-size: large;\">Buscar informaci\u00f3n sobre la capital de Portugal.<\/span><\/span><\/p>\n<\/li>\n<li>\n<p align=\"justify\"><span style=\"font-family: Arial, serif;\"><span style=\"font-size: large;\">Informaci\u00f3n sobre ge\u00f3grafos portugueses.<\/span><\/span><\/p>\n<\/li>\n<li>\n<p align=\"justify\"><span style=\"font-family: Arial, serif;\"><span style=\"font-size: large;\">El espacio geogr\u00e1fico en Portugal.<\/span><\/span><\/p>\n<\/li>\n<\/ul>\n<\/div>\n<hr \/>\n<p><span style=\"color: #800080;\">PROFESORES: M\u00edriam y Eva<\/span><\/p>\n<p><span style=\"color: #800080;\">MATERIA: M\u00fasica<\/span><\/p>\n<p>Actividad: Interpretaci\u00f3n de la canci\u00f3n <a href=\"http:\/\/www.rtve.es\/alacarta\/videos\/eurovision-2017\/eurovision-2017-portugal-salvador-sobral-canta-amar-pelos-dois\/4018697\/\" target=\"_blank\" rel=\"noopener\">Eurovisi\u00f3n 2017 &#8211; Portugal: Salvador Sobral canta &#8216;Amar pelos dois&#8217;<\/a><\/p>\n<div style=\"position: relative; height: 0px; padding-bottom: 56.25%;\"><iframe loading=\"lazy\" style=\"position: absolute; width: 100%; height: 100%; left: 0px;\" src=\"https:\/\/www.youtube.com\/embed\/0-Tg6fkkJA0?ecver=2\" width=\"640\" height=\"360\" frameborder=\"0\" allowfullscreen=\"allowfullscreen\"><\/iframe>\u00e7<\/div>\n<div><\/div>\n<div>\n<hr \/>\n<p><span style=\"color: #800080;\">Profesora: Mar\u00eda<\/span><\/p>\n<p><span style=\"color: #800080;\">Materia: Educaci\u00f3n F\u00edsica<\/span><\/p>\n<p><span style=\"color: #800080;\">Alumnos: ESO 1\u00baA, 1\u00baB, 1\u00baC, 1\u00baE, 1\u00baF<\/span><\/p>\n<p>&nbsp;<\/p>\n<div style=\"position: relative; height: 0px; padding-bottom: 56.25%;\"><iframe loading=\"lazy\" style=\"position: absolute; width: 100%; height: 100%; left: 0px;\" src=\"https:\/\/www.youtube.com\/embed\/YlZNvirIMm8?ecver=2\" width=\"640\" height=\"360\" frameborder=\"0\" allowfullscreen=\"allowfullscreen\"><\/iframe><\/div>\n<p>&nbsp;<\/p>\n<hr \/>\n<\/div>\n<p>&nbsp;<\/p>\n","protected":false},"excerpt":{"rendered":"<p>Realizada por alumnos de ESO 1\u00ba C y DPTO. de Orientaci\u00f3n PROFESORA: Alba MATERIA: Ingles \u00a0 PROFESOR: MATERIA: Geograf\u00eda e Historia Los trabajos realizados han sido: Buscar informaci\u00f3n sobre la capital de Portugal. Informaci\u00f3n sobre ge\u00f3grafos portugueses. El espacio geogr\u00e1fico en Portugal. PROFESORES: M\u00edriam y Eva MATERIA: M\u00fasica Actividad: Interpretaci\u00f3n de la canci\u00f3n Eurovisi\u00f3n 2017 &hellip; <\/p>\n<p class=\"link-more\"><a href=\"https:\/\/iesmgkorreas.com\/proyectoeuropa2024\/index.php\/portugal\/\" class=\"more-link\">Continuar leyendo<span class=\"screen-reader-text\"> \u00abPortugal\u00bb<\/span><\/a><\/p>\n","protected":false},"author":1,"featured_media":0,"parent":0,"menu_order":0,"comment_status":"closed","ping_status":"closed","template":"","meta":{"footnotes":""},"_links":{"self":[{"href":"https:\/\/iesmgkorreas.com\/proyectoeuropa2024\/index.php\/wp-json\/wp\/v2\/pages\/45"}],"collection":[{"href":"https:\/\/iesmgkorreas.com\/proyectoeuropa2024\/index.php\/wp-json\/wp\/v2\/pages"}],"about":[{"href":"https:\/\/iesmgkorreas.com\/proyectoeuropa2024\/index.php\/wp-json\/wp\/v2\/types\/page"}],"author":[{"embeddable":true,"href":"https:\/\/iesmgkorreas.com\/proyectoeuropa2024\/index.php\/wp-json\/wp\/v2\/users\/1"}],"replies":[{"embeddable":true,"href":"https:\/\/iesmgkorreas.com\/proyectoeuropa2024\/index.php\/wp-json\/wp\/v2\/comments?post=45"}],"version-history":[{"count":11,"href":"https:\/\/iesmgkorreas.com\/proyectoeuropa2024\/index.php\/wp-json\/wp\/v2\/pages\/45\/revisions"}],"predecessor-version":[{"id":624,"href":"https:\/\/iesmgkorreas.com\/proyectoeuropa2024\/index.php\/wp-json\/wp\/v2\/pages\/45\/revisions\/624"}],"wp:attachment":[{"href":"https:\/\/iesmgkorreas.com\/proyectoeuropa2024\/index.php\/wp-json\/wp\/v2\/media?parent=45"}],"curies":[{"name":"wp","href":"https:\/\/api.w.org\/{rel}","templated":true}]}}