{"id":255,"date":"2018-05-21T09:05:54","date_gmt":"2018-05-21T09:05:54","guid":{"rendered":"http:\/\/www.bibliogonzalokorreas.com\/proyectoeuropa\/?page_id=255"},"modified":"2018-05-29T12:17:45","modified_gmt":"2018-05-29T12:17:45","slug":"suiza","status":"publish","type":"page","link":"https:\/\/iesmgkorreas.com\/proyectoeuropa2024\/index.php\/suiza\/","title":{"rendered":"Suiza"},"content":{"rendered":"<h1><strong>Realizada por alumnos de ESO 1\u00ba E<br \/>\n<\/strong><\/h1>\n<p><span style=\"color: #800080;\">PROFESOR:<\/span><\/p>\n<p><span style=\"color: #800080;\">MATERIA: Lengua y Literatura<\/span><\/p>\n<p>Actividad:<\/p>\n<div style=\"position: relative; height: 0px; padding-bottom: 75%;\"><iframe loading=\"lazy\" style=\"position: absolute; width: 100%; height: 100%; left: 0px;\" src=\"https:\/\/www.youtube.com\/embed\/hEivn2EIedI?ecver=2\" width=\"480\" height=\"360\" frameborder=\"0\" allowfullscreen=\"allowfullscreen\"><\/iframe><\/div>\n<div><\/div>\n<div>\n<hr \/>\n<\/div>\n<div><\/div>\n<div>\n<p><span style=\"color: #800080;\">PROFESOR:<\/span><\/p>\n<p><span style=\"color: #800080;\">MATERIA: Geograf\u00eda e Historia<\/span><\/p>\n<\/div>\n<div><\/div>\n<div>ACTIVIDAD: <span style=\"font-family: Arial, serif;\"><span style=\"font-size: large;\">Los trabajos realizados han sido:<\/span><\/span><\/div>\n<div>\n<ul>\n<li>\n<p align=\"justify\"><span style=\"font-family: Arial, serif;\"><span style=\"font-size: large;\">Edificios importantes de Suiza.<\/span><\/span><\/p>\n<\/li>\n<li>\n<p align=\"justify\"><span style=\"font-family: Arial, serif;\"><span style=\"font-size: large;\">Monta\u00f1as y r\u00edos de Suiza.<\/span><\/span><\/p>\n<\/li>\n<li>\n<p align=\"justify\"><span style=\"font-family: Arial, serif;\"><span style=\"font-size: large;\">Historia de Suiza.<\/span><\/span><\/p>\n<\/li>\n<li>\n<p align=\"justify\"><span style=\"font-family: Arial, serif;\"><span style=\"font-size: large;\">La bandera y su s\u00edmbolo.<\/span><\/span><\/p>\n<\/li>\n<li>\n<p align=\"justify\"><span style=\"font-family: Arial, serif;\"><span style=\"font-size: large;\">Superficie de Suiza.<\/span><\/span><\/p>\n<\/li>\n<\/ul>\n<hr \/>\n<\/div>\n<div>\n<p><span style=\"color: #800080;\">PROFESOR: Roberto<\/span><\/p>\n<p><span style=\"color: #800080;\">MATERIA: Ingl\u00e9s<\/span><\/p>\n<\/div>\n<div><\/div>\n<div>ACTIVIDAD: Presentaci\u00f3n en una diapositiva sobre el chocolate de Suiza.<\/div>\n<div><img loading=\"lazy\" decoding=\"async\" class=\"size-full wp-image-424 aligncenter\" src=\"http:\/\/www.bibliogonzalokorreas.com\/proyectoeuropa\/wp-content\/uploads\/2018\/05\/1\u00baESO_E___Switzerland.png\" alt=\"\" width=\"960\" height=\"768\" srcset=\"https:\/\/iesmgkorreas.com\/proyectoeuropa2024\/wp-content\/uploads\/2018\/05\/1\u00baESO_E___Switzerland.png 960w, https:\/\/iesmgkorreas.com\/proyectoeuropa2024\/wp-content\/uploads\/2018\/05\/1\u00baESO_E___Switzerland-300x240.png 300w, https:\/\/iesmgkorreas.com\/proyectoeuropa2024\/wp-content\/uploads\/2018\/05\/1\u00baESO_E___Switzerland-768x614.png 768w\" sizes=\"(max-width: 767px) 89vw, (max-width: 1000px) 54vw, (max-width: 1071px) 543px, 580px\" \/><\/div>\n<div>\n<hr \/>\n<\/div>\n","protected":false},"excerpt":{"rendered":"<p>Realizada por alumnos de ESO 1\u00ba E PROFESOR: MATERIA: Lengua y Literatura Actividad: PROFESOR: MATERIA: Geograf\u00eda e Historia ACTIVIDAD: Los trabajos realizados han sido: Edificios importantes de Suiza. Monta\u00f1as y r\u00edos de Suiza. Historia de Suiza. La bandera y su s\u00edmbolo. Superficie de Suiza. PROFESOR: Roberto MATERIA: Ingl\u00e9s ACTIVIDAD: Presentaci\u00f3n en una diapositiva sobre el &hellip; <\/p>\n<p class=\"link-more\"><a href=\"https:\/\/iesmgkorreas.com\/proyectoeuropa2024\/index.php\/suiza\/\" class=\"more-link\">Continuar leyendo<span class=\"screen-reader-text\"> \u00abSuiza\u00bb<\/span><\/a><\/p>\n","protected":false},"author":1,"featured_media":0,"parent":0,"menu_order":0,"comment_status":"closed","ping_status":"closed","template":"","meta":{"footnotes":""},"_links":{"self":[{"href":"https:\/\/iesmgkorreas.com\/proyectoeuropa2024\/index.php\/wp-json\/wp\/v2\/pages\/255"}],"collection":[{"href":"https:\/\/iesmgkorreas.com\/proyectoeuropa2024\/index.php\/wp-json\/wp\/v2\/pages"}],"about":[{"href":"https:\/\/iesmgkorreas.com\/proyectoeuropa2024\/index.php\/wp-json\/wp\/v2\/types\/page"}],"author":[{"embeddable":true,"href":"https:\/\/iesmgkorreas.com\/proyectoeuropa2024\/index.php\/wp-json\/wp\/v2\/users\/1"}],"replies":[{"embeddable":true,"href":"https:\/\/iesmgkorreas.com\/proyectoeuropa2024\/index.php\/wp-json\/wp\/v2\/comments?post=255"}],"version-history":[{"count":6,"href":"https:\/\/iesmgkorreas.com\/proyectoeuropa2024\/index.php\/wp-json\/wp\/v2\/pages\/255\/revisions"}],"predecessor-version":[{"id":426,"href":"https:\/\/iesmgkorreas.com\/proyectoeuropa2024\/index.php\/wp-json\/wp\/v2\/pages\/255\/revisions\/426"}],"wp:attachment":[{"href":"https:\/\/iesmgkorreas.com\/proyectoeuropa2024\/index.php\/wp-json\/wp\/v2\/media?parent=255"}],"curies":[{"name":"wp","href":"https:\/\/api.w.org\/{rel}","templated":true}]}}