{"id":248,"date":"2018-05-21T09:04:43","date_gmt":"2018-05-21T09:04:43","guid":{"rendered":"http:\/\/www.bibliogonzalokorreas.com\/proyectoeuropa\/?page_id=248"},"modified":"2018-05-31T08:44:09","modified_gmt":"2018-05-31T08:44:09","slug":"san-marino","status":"publish","type":"page","link":"https:\/\/iesmgkorreas.com\/proyectoeuropa2024\/index.php\/san-marino\/","title":{"rendered":"San Marino"},"content":{"rendered":"<h1><strong>Realizada por alumnos de ESO 3\u00ba C<br \/>\n<\/strong><\/h1>\n<p><span style=\"color: #800080;\">PROFESOR: Beatriz<br \/>\n<\/span><\/p>\n<p><span style=\"color: #800080;\">MATERIA: Tutor\u00eda\/Ingl\u00e9s<br \/>\n<\/span><\/p>\n<p>ACTIVIDADES:<br \/>\n1 Mapas (de Europa, de Italis y de San Marino con sus condados)<br \/>\n2. Estado SOBERANO M\u00c4S ANTIGUO del mundo<br \/>\n3 Escudo y bandera<br \/>\n4. Panel informaci\u00f3n general<br \/>\n5. Historia de San Marino : en espa\u00f1ol y en ingl\u00e9s<br \/>\n6. Gobierno y pol\u00edtica<br \/>\n7. Cultura y Monumentos. Gastronom\u00eda<\/p>\n<div data-carousel-extra='{\"blog_id\":1,\"permalink\":\"https:\\\/\\\/iesmgkorreas.com\\\/proyectoeuropa2024\\\/index.php\\\/san-marino\\\/\"}' class=\"tiled-gallery type-rectangular\" data-original-width=\"525\"><div class=\"gallery-row\" style=\"width: 520px; height: 432px;\"><div class=\"gallery-group images-1\" style=\"width: 328px; height: 436px;\"><div class=\"tiled-gallery-item tiled-gallery-item-large\"><a href=\"https:\/\/iesmgkorreas.com\/proyectoeuropa2024\/index.php\/san-marino\/20180516_100218\/\"><img loading=\"lazy\" decoding=\"async\" data-attachment-id=\"393\" data-orig-file=\"https:\/\/iesmgkorreas.com\/proyectoeuropa2024\/wp-content\/uploads\/2018\/05\/20180516_100218-e1527577311687.jpg\" data-orig-size=\"768,1024\" data-comments-opened=\"1\" data-image-meta=\"{&quot;aperture&quot;:&quot;1.9&quot;,&quot;credit&quot;:&quot;&quot;,&quot;camera&quot;:&quot;SM-J510FN&quot;,&quot;caption&quot;:&quot;&quot;,&quot;created_timestamp&quot;:&quot;1526464938&quot;,&quot;copyright&quot;:&quot;&quot;,&quot;focal_length&quot;:&quot;3.7&quot;,&quot;iso&quot;:&quot;80&quot;,&quot;shutter_speed&quot;:&quot;0.01&quot;,&quot;title&quot;:&quot;&quot;,&quot;orientation&quot;:&quot;6&quot;}\" data-image-title=\"20180516_100218\" data-image-description=\"\" data-medium-file=\"https:\/\/iesmgkorreas.com\/proyectoeuropa2024\/wp-content\/uploads\/2018\/05\/20180516_100218-e1527577311687-225x300.jpg\" data-large-file=\"https:\/\/iesmgkorreas.com\/proyectoeuropa2024\/wp-content\/uploads\/2018\/05\/20180516_100218-e1527577311687-768x1024.jpg\" src=\"https:\/\/iesmgkorreas.com\/proyectoeuropa2024\/wp-content\/uploads\/2018\/05\/20180516_100218-e1527577311687-324x432.jpg\" width=\"324\" height=\"432\" align=\"left\" title=\"20180516_100218\" \/><\/a><\/div><\/div><div class=\"gallery-group images-3\" style=\"width: 192px; height: 436px;\"><div class=\"tiled-gallery-item tiled-gallery-item-small\"><a href=\"https:\/\/iesmgkorreas.com\/proyectoeuropa2024\/index.php\/san-marino\/20180516_100348\/\"><img loading=\"lazy\" decoding=\"async\" data-attachment-id=\"397\" data-orig-file=\"https:\/\/iesmgkorreas.com\/proyectoeuropa2024\/wp-content\/uploads\/2018\/05\/20180516_100348.jpg\" data-orig-size=\"1024,768\" data-comments-opened=\"1\" data-image-meta=\"{&quot;aperture&quot;:&quot;1.9&quot;,&quot;credit&quot;:&quot;&quot;,&quot;camera&quot;:&quot;SM-J510FN&quot;,&quot;caption&quot;:&quot;&quot;,&quot;created_timestamp&quot;:&quot;1526465028&quot;,&quot;copyright&quot;:&quot;&quot;,&quot;focal_length&quot;:&quot;3.7&quot;,&quot;iso&quot;:&quot;80&quot;,&quot;shutter_speed&quot;:&quot;0.01&quot;,&quot;title&quot;:&quot;&quot;,&quot;orientation&quot;:&quot;1&quot;}\" data-image-title=\"20180516_100348\" data-image-description=\"\" data-medium-file=\"https:\/\/iesmgkorreas.com\/proyectoeuropa2024\/wp-content\/uploads\/2018\/05\/20180516_100348-300x225.jpg\" data-large-file=\"https:\/\/iesmgkorreas.com\/proyectoeuropa2024\/wp-content\/uploads\/2018\/05\/20180516_100348-1024x768.jpg\" src=\"https:\/\/iesmgkorreas.com\/proyectoeuropa2024\/wp-content\/uploads\/2018\/05\/20180516_100348-188x142.jpg\" width=\"188\" height=\"142\" align=\"left\" title=\"20180516_100348\" \/><\/a><\/div><div class=\"tiled-gallery-item tiled-gallery-item-small\"><a href=\"https:\/\/iesmgkorreas.com\/proyectoeuropa2024\/index.php\/san-marino\/20180516_100151\/\"><img loading=\"lazy\" decoding=\"async\" data-attachment-id=\"389\" data-orig-file=\"https:\/\/iesmgkorreas.com\/proyectoeuropa2024\/wp-content\/uploads\/2018\/05\/20180516_100151.jpg\" data-orig-size=\"1024,768\" data-comments-opened=\"1\" data-image-meta=\"{&quot;aperture&quot;:&quot;1.9&quot;,&quot;credit&quot;:&quot;&quot;,&quot;camera&quot;:&quot;SM-J510FN&quot;,&quot;caption&quot;:&quot;&quot;,&quot;created_timestamp&quot;:&quot;1526464911&quot;,&quot;copyright&quot;:&quot;&quot;,&quot;focal_length&quot;:&quot;3.7&quot;,&quot;iso&quot;:&quot;100&quot;,&quot;shutter_speed&quot;:&quot;0.01&quot;,&quot;title&quot;:&quot;&quot;,&quot;orientation&quot;:&quot;1&quot;}\" data-image-title=\"20180516_100151\" data-image-description=\"\" data-medium-file=\"https:\/\/iesmgkorreas.com\/proyectoeuropa2024\/wp-content\/uploads\/2018\/05\/20180516_100151-300x225.jpg\" data-large-file=\"https:\/\/iesmgkorreas.com\/proyectoeuropa2024\/wp-content\/uploads\/2018\/05\/20180516_100151-1024x768.jpg\" src=\"https:\/\/iesmgkorreas.com\/proyectoeuropa2024\/wp-content\/uploads\/2018\/05\/20180516_100151-188x141.jpg\" width=\"188\" height=\"141\" align=\"left\" title=\"20180516_100151\" \/><\/a><\/div><div class=\"tiled-gallery-item tiled-gallery-item-small\"><a href=\"https:\/\/iesmgkorreas.com\/proyectoeuropa2024\/index.php\/san-marino\/20180521_111629\/\"><img loading=\"lazy\" decoding=\"async\" data-attachment-id=\"465\" data-orig-file=\"https:\/\/iesmgkorreas.com\/proyectoeuropa2024\/wp-content\/uploads\/2018\/05\/20180521_111629.jpg\" data-orig-size=\"1024,768\" data-comments-opened=\"1\" data-image-meta=\"{&quot;aperture&quot;:&quot;1.9&quot;,&quot;credit&quot;:&quot;&quot;,&quot;camera&quot;:&quot;SM-J510FN&quot;,&quot;caption&quot;:&quot;&quot;,&quot;created_timestamp&quot;:&quot;1526901389&quot;,&quot;copyright&quot;:&quot;&quot;,&quot;focal_length&quot;:&quot;3.7&quot;,&quot;iso&quot;:&quot;64&quot;,&quot;shutter_speed&quot;:&quot;0.03030303030303&quot;,&quot;title&quot;:&quot;&quot;,&quot;orientation&quot;:&quot;1&quot;}\" data-image-title=\"20180521_111629\" data-image-description=\"\" data-medium-file=\"https:\/\/iesmgkorreas.com\/proyectoeuropa2024\/wp-content\/uploads\/2018\/05\/20180521_111629-300x225.jpg\" data-large-file=\"https:\/\/iesmgkorreas.com\/proyectoeuropa2024\/wp-content\/uploads\/2018\/05\/20180521_111629-1024x768.jpg\" src=\"https:\/\/iesmgkorreas.com\/proyectoeuropa2024\/wp-content\/uploads\/2018\/05\/20180521_111629-188x141.jpg\" width=\"188\" height=\"141\" align=\"left\" title=\"20180521_111629\" \/><\/a><\/div><\/div><\/div><div class=\"gallery-row\" style=\"width: 520px; height: 149px;\"><div class=\"gallery-group images-1\" style=\"width: 202px; height: 153px;\"><div class=\"tiled-gallery-item tiled-gallery-item-small\"><a href=\"https:\/\/iesmgkorreas.com\/proyectoeuropa2024\/index.php\/san-marino\/20180516_100312\/\"><img loading=\"lazy\" decoding=\"async\" data-attachment-id=\"394\" data-orig-file=\"https:\/\/iesmgkorreas.com\/proyectoeuropa2024\/wp-content\/uploads\/2018\/05\/20180516_100312.jpg\" data-orig-size=\"1024,768\" data-comments-opened=\"1\" data-image-meta=\"{&quot;aperture&quot;:&quot;1.9&quot;,&quot;credit&quot;:&quot;&quot;,&quot;camera&quot;:&quot;SM-J510FN&quot;,&quot;caption&quot;:&quot;&quot;,&quot;created_timestamp&quot;:&quot;1526464992&quot;,&quot;copyright&quot;:&quot;&quot;,&quot;focal_length&quot;:&quot;3.7&quot;,&quot;iso&quot;:&quot;100&quot;,&quot;shutter_speed&quot;:&quot;0.01&quot;,&quot;title&quot;:&quot;&quot;,&quot;orientation&quot;:&quot;1&quot;}\" data-image-title=\"20180516_100312\" data-image-description=\"\" data-medium-file=\"https:\/\/iesmgkorreas.com\/proyectoeuropa2024\/wp-content\/uploads\/2018\/05\/20180516_100312-300x225.jpg\" data-large-file=\"https:\/\/iesmgkorreas.com\/proyectoeuropa2024\/wp-content\/uploads\/2018\/05\/20180516_100312-1024x768.jpg\" src=\"https:\/\/iesmgkorreas.com\/proyectoeuropa2024\/wp-content\/uploads\/2018\/05\/20180516_100312-198x149.jpg\" width=\"198\" height=\"149\" align=\"left\" title=\"20180516_100312\" \/><\/a><\/div><\/div><div class=\"gallery-group images-1\" style=\"width: 116px; height: 153px;\"><div class=\"tiled-gallery-item tiled-gallery-item-small\"><a href=\"https:\/\/iesmgkorreas.com\/proyectoeuropa2024\/index.php\/san-marino\/20180516_100203\/\"><img loading=\"lazy\" decoding=\"async\" data-attachment-id=\"390\" data-orig-file=\"https:\/\/iesmgkorreas.com\/proyectoeuropa2024\/wp-content\/uploads\/2018\/05\/20180516_100203-e1527577339612.jpg\" data-orig-size=\"768,1024\" data-comments-opened=\"1\" data-image-meta=\"{&quot;aperture&quot;:&quot;1.9&quot;,&quot;credit&quot;:&quot;&quot;,&quot;camera&quot;:&quot;SM-J510FN&quot;,&quot;caption&quot;:&quot;&quot;,&quot;created_timestamp&quot;:&quot;1526464923&quot;,&quot;copyright&quot;:&quot;&quot;,&quot;focal_length&quot;:&quot;3.7&quot;,&quot;iso&quot;:&quot;100&quot;,&quot;shutter_speed&quot;:&quot;0.01&quot;,&quot;title&quot;:&quot;&quot;,&quot;orientation&quot;:&quot;6&quot;}\" data-image-title=\"20180516_100203\" data-image-description=\"\" data-medium-file=\"https:\/\/iesmgkorreas.com\/proyectoeuropa2024\/wp-content\/uploads\/2018\/05\/20180516_100203-e1527577339612-225x300.jpg\" data-large-file=\"https:\/\/iesmgkorreas.com\/proyectoeuropa2024\/wp-content\/uploads\/2018\/05\/20180516_100203-e1527577339612-768x1024.jpg\" src=\"https:\/\/iesmgkorreas.com\/proyectoeuropa2024\/wp-content\/uploads\/2018\/05\/20180516_100203-e1527577339612-112x149.jpg\" width=\"112\" height=\"149\" align=\"left\" title=\"20180516_100203\" \/><\/a><\/div><\/div><div class=\"gallery-group images-1\" style=\"width: 202px; height: 153px;\"><div class=\"tiled-gallery-item tiled-gallery-item-small\"><a href=\"https:\/\/iesmgkorreas.com\/proyectoeuropa2024\/index.php\/san-marino\/20180516_100357\/\"><img loading=\"lazy\" decoding=\"async\" data-attachment-id=\"398\" data-orig-file=\"https:\/\/iesmgkorreas.com\/proyectoeuropa2024\/wp-content\/uploads\/2018\/05\/20180516_100357.jpg\" data-orig-size=\"1024,768\" data-comments-opened=\"1\" data-image-meta=\"{&quot;aperture&quot;:&quot;1.9&quot;,&quot;credit&quot;:&quot;&quot;,&quot;camera&quot;:&quot;SM-J510FN&quot;,&quot;caption&quot;:&quot;&quot;,&quot;created_timestamp&quot;:&quot;1526465037&quot;,&quot;copyright&quot;:&quot;&quot;,&quot;focal_length&quot;:&quot;3.7&quot;,&quot;iso&quot;:&quot;125&quot;,&quot;shutter_speed&quot;:&quot;0.01&quot;,&quot;title&quot;:&quot;&quot;,&quot;orientation&quot;:&quot;1&quot;}\" data-image-title=\"20180516_100357\" data-image-description=\"\" data-medium-file=\"https:\/\/iesmgkorreas.com\/proyectoeuropa2024\/wp-content\/uploads\/2018\/05\/20180516_100357-300x225.jpg\" data-large-file=\"https:\/\/iesmgkorreas.com\/proyectoeuropa2024\/wp-content\/uploads\/2018\/05\/20180516_100357-1024x768.jpg\" src=\"https:\/\/iesmgkorreas.com\/proyectoeuropa2024\/wp-content\/uploads\/2018\/05\/20180516_100357-198x149.jpg\" width=\"198\" height=\"149\" align=\"left\" title=\"20180516_100357\" \/><\/a><\/div><\/div><\/div><div class=\"gallery-row\" style=\"width: 520px; height: 257px;\"><div class=\"gallery-group images-1\" style=\"width: 347px; height: 261px;\"><div class=\"tiled-gallery-item tiled-gallery-item-large\"><a href=\"https:\/\/iesmgkorreas.com\/proyectoeuropa2024\/index.php\/san-marino\/20180516_100133\/\"><img loading=\"lazy\" decoding=\"async\" data-attachment-id=\"387\" data-orig-file=\"https:\/\/iesmgkorreas.com\/proyectoeuropa2024\/wp-content\/uploads\/2018\/05\/20180516_100133.jpg\" data-orig-size=\"1024,768\" data-comments-opened=\"1\" data-image-meta=\"{&quot;aperture&quot;:&quot;1.9&quot;,&quot;credit&quot;:&quot;&quot;,&quot;camera&quot;:&quot;SM-J510FN&quot;,&quot;caption&quot;:&quot;&quot;,&quot;created_timestamp&quot;:&quot;1526464893&quot;,&quot;copyright&quot;:&quot;&quot;,&quot;focal_length&quot;:&quot;3.7&quot;,&quot;iso&quot;:&quot;100&quot;,&quot;shutter_speed&quot;:&quot;0.01&quot;,&quot;title&quot;:&quot;&quot;,&quot;orientation&quot;:&quot;1&quot;}\" data-image-title=\"20180516_100133\" data-image-description=\"\" data-medium-file=\"https:\/\/iesmgkorreas.com\/proyectoeuropa2024\/wp-content\/uploads\/2018\/05\/20180516_100133-300x225.jpg\" data-large-file=\"https:\/\/iesmgkorreas.com\/proyectoeuropa2024\/wp-content\/uploads\/2018\/05\/20180516_100133-1024x768.jpg\" src=\"https:\/\/iesmgkorreas.com\/proyectoeuropa2024\/wp-content\/uploads\/2018\/05\/20180516_100133-343x257.jpg\" width=\"343\" height=\"257\" align=\"left\" title=\"20180516_100133\" \/><\/a><\/div><\/div><div class=\"gallery-group images-2\" style=\"width: 173px; height: 261px;\"><div class=\"tiled-gallery-item tiled-gallery-item-small\"><a href=\"https:\/\/iesmgkorreas.com\/proyectoeuropa2024\/index.php\/san-marino\/20180521_111623\/\"><img loading=\"lazy\" decoding=\"async\" data-attachment-id=\"466\" data-orig-file=\"https:\/\/iesmgkorreas.com\/proyectoeuropa2024\/wp-content\/uploads\/2018\/05\/20180521_111623.jpg\" data-orig-size=\"1024,768\" data-comments-opened=\"1\" data-image-meta=\"{&quot;aperture&quot;:&quot;1.9&quot;,&quot;credit&quot;:&quot;&quot;,&quot;camera&quot;:&quot;SM-J510FN&quot;,&quot;caption&quot;:&quot;&quot;,&quot;created_timestamp&quot;:&quot;1526901382&quot;,&quot;copyright&quot;:&quot;&quot;,&quot;focal_length&quot;:&quot;3.7&quot;,&quot;iso&quot;:&quot;80&quot;,&quot;shutter_speed&quot;:&quot;0.02&quot;,&quot;title&quot;:&quot;&quot;,&quot;orientation&quot;:&quot;1&quot;}\" data-image-title=\"20180521_111623\" data-image-description=\"\" data-medium-file=\"https:\/\/iesmgkorreas.com\/proyectoeuropa2024\/wp-content\/uploads\/2018\/05\/20180521_111623-300x225.jpg\" data-large-file=\"https:\/\/iesmgkorreas.com\/proyectoeuropa2024\/wp-content\/uploads\/2018\/05\/20180521_111623-1024x768.jpg\" src=\"https:\/\/iesmgkorreas.com\/proyectoeuropa2024\/wp-content\/uploads\/2018\/05\/20180521_111623-169x127.jpg\" width=\"169\" height=\"127\" align=\"left\" title=\"20180521_111623\" \/><\/a><\/div><div class=\"tiled-gallery-item tiled-gallery-item-small\"><a href=\"https:\/\/iesmgkorreas.com\/proyectoeuropa2024\/index.php\/san-marino\/20180516_101159\/\"><img loading=\"lazy\" decoding=\"async\" data-attachment-id=\"400\" data-orig-file=\"https:\/\/iesmgkorreas.com\/proyectoeuropa2024\/wp-content\/uploads\/2018\/05\/20180516_101159.jpg\" data-orig-size=\"1024,768\" data-comments-opened=\"1\" data-image-meta=\"{&quot;aperture&quot;:&quot;1.9&quot;,&quot;credit&quot;:&quot;&quot;,&quot;camera&quot;:&quot;SM-J510FN&quot;,&quot;caption&quot;:&quot;&quot;,&quot;created_timestamp&quot;:&quot;1526465519&quot;,&quot;copyright&quot;:&quot;&quot;,&quot;focal_length&quot;:&quot;3.7&quot;,&quot;iso&quot;:&quot;64&quot;,&quot;shutter_speed&quot;:&quot;0.0064935064935065&quot;,&quot;title&quot;:&quot;&quot;,&quot;orientation&quot;:&quot;1&quot;}\" data-image-title=\"20180516_101159\" data-image-description=\"\" data-medium-file=\"https:\/\/iesmgkorreas.com\/proyectoeuropa2024\/wp-content\/uploads\/2018\/05\/20180516_101159-300x225.jpg\" data-large-file=\"https:\/\/iesmgkorreas.com\/proyectoeuropa2024\/wp-content\/uploads\/2018\/05\/20180516_101159-1024x768.jpg\" src=\"https:\/\/iesmgkorreas.com\/proyectoeuropa2024\/wp-content\/uploads\/2018\/05\/20180516_101159-169x126.jpg\" width=\"169\" height=\"126\" align=\"left\" title=\"20180516_101159\" \/><\/a><\/div><\/div><\/div><div class=\"gallery-row\" style=\"width: 520px; height: 149px;\"><div class=\"gallery-group images-1\" style=\"width: 202px; height: 153px;\"><div class=\"tiled-gallery-item tiled-gallery-item-small\"><a href=\"https:\/\/iesmgkorreas.com\/proyectoeuropa2024\/index.php\/san-marino\/20180516_100346\/\"><img loading=\"lazy\" decoding=\"async\" data-attachment-id=\"396\" data-orig-file=\"https:\/\/iesmgkorreas.com\/proyectoeuropa2024\/wp-content\/uploads\/2018\/05\/20180516_100346.jpg\" data-orig-size=\"1024,768\" data-comments-opened=\"1\" data-image-meta=\"{&quot;aperture&quot;:&quot;1.9&quot;,&quot;credit&quot;:&quot;&quot;,&quot;camera&quot;:&quot;SM-J510FN&quot;,&quot;caption&quot;:&quot;&quot;,&quot;created_timestamp&quot;:&quot;1526465025&quot;,&quot;copyright&quot;:&quot;&quot;,&quot;focal_length&quot;:&quot;3.7&quot;,&quot;iso&quot;:&quot;80&quot;,&quot;shutter_speed&quot;:&quot;0.01&quot;,&quot;title&quot;:&quot;&quot;,&quot;orientation&quot;:&quot;1&quot;}\" data-image-title=\"20180516_100346\" data-image-description=\"\" data-medium-file=\"https:\/\/iesmgkorreas.com\/proyectoeuropa2024\/wp-content\/uploads\/2018\/05\/20180516_100346-300x225.jpg\" data-large-file=\"https:\/\/iesmgkorreas.com\/proyectoeuropa2024\/wp-content\/uploads\/2018\/05\/20180516_100346-1024x768.jpg\" src=\"https:\/\/iesmgkorreas.com\/proyectoeuropa2024\/wp-content\/uploads\/2018\/05\/20180516_100346-198x149.jpg\" width=\"198\" height=\"149\" align=\"left\" title=\"20180516_100346\" \/><\/a><\/div><\/div><div class=\"gallery-group images-1\" style=\"width: 116px; height: 153px;\"><div class=\"tiled-gallery-item tiled-gallery-item-small\"><a href=\"https:\/\/iesmgkorreas.com\/proyectoeuropa2024\/index.php\/san-marino\/20180516_101151\/\"><img loading=\"lazy\" decoding=\"async\" data-attachment-id=\"399\" data-orig-file=\"https:\/\/iesmgkorreas.com\/proyectoeuropa2024\/wp-content\/uploads\/2018\/05\/20180516_101151-e1527577275919.jpg\" data-orig-size=\"768,1024\" data-comments-opened=\"1\" data-image-meta=\"{&quot;aperture&quot;:&quot;1.9&quot;,&quot;credit&quot;:&quot;&quot;,&quot;camera&quot;:&quot;SM-J510FN&quot;,&quot;caption&quot;:&quot;&quot;,&quot;created_timestamp&quot;:&quot;1526465511&quot;,&quot;copyright&quot;:&quot;&quot;,&quot;focal_length&quot;:&quot;3.7&quot;,&quot;iso&quot;:&quot;100&quot;,&quot;shutter_speed&quot;:&quot;0.01&quot;,&quot;title&quot;:&quot;&quot;,&quot;orientation&quot;:&quot;6&quot;}\" data-image-title=\"20180516_101151\" data-image-description=\"\" data-medium-file=\"https:\/\/iesmgkorreas.com\/proyectoeuropa2024\/wp-content\/uploads\/2018\/05\/20180516_101151-e1527577275919-225x300.jpg\" data-large-file=\"https:\/\/iesmgkorreas.com\/proyectoeuropa2024\/wp-content\/uploads\/2018\/05\/20180516_101151-e1527577275919-768x1024.jpg\" src=\"https:\/\/iesmgkorreas.com\/proyectoeuropa2024\/wp-content\/uploads\/2018\/05\/20180516_101151-e1527577275919-112x149.jpg\" width=\"112\" height=\"149\" align=\"left\" title=\"20180516_101151\" \/><\/a><\/div><\/div><div class=\"gallery-group images-1\" style=\"width: 202px; height: 153px;\"><div class=\"tiled-gallery-item tiled-gallery-item-small\"><a href=\"https:\/\/iesmgkorreas.com\/proyectoeuropa2024\/index.php\/san-marino\/20180516_100142\/\"><img loading=\"lazy\" decoding=\"async\" data-attachment-id=\"388\" data-orig-file=\"https:\/\/iesmgkorreas.com\/proyectoeuropa2024\/wp-content\/uploads\/2018\/05\/20180516_100142.jpg\" data-orig-size=\"1024,768\" data-comments-opened=\"1\" data-image-meta=\"{&quot;aperture&quot;:&quot;1.9&quot;,&quot;credit&quot;:&quot;&quot;,&quot;camera&quot;:&quot;SM-J510FN&quot;,&quot;caption&quot;:&quot;&quot;,&quot;created_timestamp&quot;:&quot;1526464902&quot;,&quot;copyright&quot;:&quot;&quot;,&quot;focal_length&quot;:&quot;3.7&quot;,&quot;iso&quot;:&quot;100&quot;,&quot;shutter_speed&quot;:&quot;0.01&quot;,&quot;title&quot;:&quot;&quot;,&quot;orientation&quot;:&quot;1&quot;}\" data-image-title=\"20180516_100142\" data-image-description=\"\" data-medium-file=\"https:\/\/iesmgkorreas.com\/proyectoeuropa2024\/wp-content\/uploads\/2018\/05\/20180516_100142-300x225.jpg\" data-large-file=\"https:\/\/iesmgkorreas.com\/proyectoeuropa2024\/wp-content\/uploads\/2018\/05\/20180516_100142-1024x768.jpg\" src=\"https:\/\/iesmgkorreas.com\/proyectoeuropa2024\/wp-content\/uploads\/2018\/05\/20180516_100142-198x149.jpg\" width=\"198\" height=\"149\" align=\"left\" title=\"20180516_100142\" \/><\/a><\/div><\/div><\/div><div class=\"gallery-row\" style=\"width: 520px; height: 341px;\"><div class=\"gallery-group images-1\" style=\"width: 260px; height: 345px;\"><div class=\"tiled-gallery-item tiled-gallery-item-large\"><a href=\"https:\/\/iesmgkorreas.com\/proyectoeuropa2024\/index.php\/san-marino\/20180516_100325\/\"><img loading=\"lazy\" decoding=\"async\" data-attachment-id=\"395\" data-orig-file=\"https:\/\/iesmgkorreas.com\/proyectoeuropa2024\/wp-content\/uploads\/2018\/05\/20180516_100325-e1527577301876.jpg\" data-orig-size=\"768,1024\" data-comments-opened=\"1\" data-image-meta=\"{&quot;aperture&quot;:&quot;1.9&quot;,&quot;credit&quot;:&quot;&quot;,&quot;camera&quot;:&quot;SM-J510FN&quot;,&quot;caption&quot;:&quot;&quot;,&quot;created_timestamp&quot;:&quot;1526465005&quot;,&quot;copyright&quot;:&quot;&quot;,&quot;focal_length&quot;:&quot;3.7&quot;,&quot;iso&quot;:&quot;80&quot;,&quot;shutter_speed&quot;:&quot;0.02&quot;,&quot;title&quot;:&quot;&quot;,&quot;orientation&quot;:&quot;6&quot;}\" data-image-title=\"20180516_100325\" data-image-description=\"\" data-medium-file=\"https:\/\/iesmgkorreas.com\/proyectoeuropa2024\/wp-content\/uploads\/2018\/05\/20180516_100325-e1527577301876-225x300.jpg\" data-large-file=\"https:\/\/iesmgkorreas.com\/proyectoeuropa2024\/wp-content\/uploads\/2018\/05\/20180516_100325-e1527577301876-768x1024.jpg\" src=\"https:\/\/iesmgkorreas.com\/proyectoeuropa2024\/wp-content\/uploads\/2018\/05\/20180516_100325-e1527577301876-256x341.jpg\" width=\"256\" height=\"341\" align=\"left\" title=\"20180516_100325\" \/><\/a><\/div><\/div><div class=\"gallery-group images-1\" style=\"width: 260px; height: 345px;\"><div class=\"tiled-gallery-item tiled-gallery-item-large\"><a href=\"https:\/\/iesmgkorreas.com\/proyectoeuropa2024\/index.php\/san-marino\/20180516_100208\/\"><img loading=\"lazy\" decoding=\"async\" data-attachment-id=\"391\" data-orig-file=\"https:\/\/iesmgkorreas.com\/proyectoeuropa2024\/wp-content\/uploads\/2018\/05\/20180516_100208-e1527577330433.jpg\" data-orig-size=\"768,1024\" data-comments-opened=\"1\" data-image-meta=\"{&quot;aperture&quot;:&quot;1.9&quot;,&quot;credit&quot;:&quot;&quot;,&quot;camera&quot;:&quot;SM-J510FN&quot;,&quot;caption&quot;:&quot;&quot;,&quot;created_timestamp&quot;:&quot;1526464928&quot;,&quot;copyright&quot;:&quot;&quot;,&quot;focal_length&quot;:&quot;3.7&quot;,&quot;iso&quot;:&quot;80&quot;,&quot;shutter_speed&quot;:&quot;0.01&quot;,&quot;title&quot;:&quot;&quot;,&quot;orientation&quot;:&quot;6&quot;}\" data-image-title=\"20180516_100208\" data-image-description=\"\" data-medium-file=\"https:\/\/iesmgkorreas.com\/proyectoeuropa2024\/wp-content\/uploads\/2018\/05\/20180516_100208-e1527577330433-225x300.jpg\" data-large-file=\"https:\/\/iesmgkorreas.com\/proyectoeuropa2024\/wp-content\/uploads\/2018\/05\/20180516_100208-e1527577330433-768x1024.jpg\" src=\"https:\/\/iesmgkorreas.com\/proyectoeuropa2024\/wp-content\/uploads\/2018\/05\/20180516_100208-e1527577330433-256x341.jpg\" width=\"256\" height=\"341\" align=\"left\" title=\"20180516_100208\" \/><\/a><\/div><\/div><\/div><div class=\"gallery-row\" style=\"width: 520px; height: 688px;\"><div class=\"gallery-group images-1\" style=\"width: 520px; height: 692px;\"><div class=\"tiled-gallery-item tiled-gallery-item-large\"><a href=\"https:\/\/iesmgkorreas.com\/proyectoeuropa2024\/index.php\/san-marino\/20180516_100213\/\"><img loading=\"lazy\" decoding=\"async\" data-attachment-id=\"392\" data-orig-file=\"https:\/\/iesmgkorreas.com\/proyectoeuropa2024\/wp-content\/uploads\/2018\/05\/20180516_100213-e1527577321294.jpg\" data-orig-size=\"768,1024\" data-comments-opened=\"1\" data-image-meta=\"{&quot;aperture&quot;:&quot;1.9&quot;,&quot;credit&quot;:&quot;&quot;,&quot;camera&quot;:&quot;SM-J510FN&quot;,&quot;caption&quot;:&quot;&quot;,&quot;created_timestamp&quot;:&quot;1526464932&quot;,&quot;copyright&quot;:&quot;&quot;,&quot;focal_length&quot;:&quot;3.7&quot;,&quot;iso&quot;:&quot;80&quot;,&quot;shutter_speed&quot;:&quot;0.01&quot;,&quot;title&quot;:&quot;&quot;,&quot;orientation&quot;:&quot;6&quot;}\" data-image-title=\"20180516_100213\" data-image-description=\"\" data-medium-file=\"https:\/\/iesmgkorreas.com\/proyectoeuropa2024\/wp-content\/uploads\/2018\/05\/20180516_100213-e1527577321294-225x300.jpg\" data-large-file=\"https:\/\/iesmgkorreas.com\/proyectoeuropa2024\/wp-content\/uploads\/2018\/05\/20180516_100213-e1527577321294-768x1024.jpg\" src=\"https:\/\/iesmgkorreas.com\/proyectoeuropa2024\/wp-content\/uploads\/2018\/05\/20180516_100213-e1527577321294-516x688.jpg\" width=\"516\" height=\"688\" align=\"left\" title=\"20180516_100213\" \/><\/a><\/div><\/div><\/div><\/div>\n<hr \/>\n<p><span style=\"color: #800080;\">PROFESOR: Estrella<\/span><\/p>\n<p><span style=\"color: #800080;\">MATERIA: Iniciaci\u00f3n a la Actividad Emprendedora y Empresarial<\/span><\/p>\n<p>ACTIVIDAD:\u00a0 Mi oficina de Turismo de Elena<\/p>\n<figure id=\"attachment_268\" aria-describedby=\"caption-attachment-268\" style=\"width: 160px\" class=\"wp-caption aligncenter\"><a href=\"http:\/\/www.bibliogonzalokorreas.com\/proyectoeuropa\/wp-content\/uploads\/2018\/05\/elena_lorenzo_sanmarino.pdf\" target=\"_blank\" rel=\"noopener\"><img loading=\"lazy\" decoding=\"async\" class=\"wp-image-268 size-full\" src=\"http:\/\/www.bibliogonzalokorreas.com\/proyectoeuropa\/wp-content\/uploads\/2018\/05\/imgpdf.jpg\" alt=\"\" width=\"160\" height=\"150\" \/><\/a><figcaption id=\"caption-attachment-268\" class=\"wp-caption-text\">Mi oficina de Turismo<\/figcaption><\/figure>\n<p>ACTIVIDAD:\u00a0 Mi vida en el taxi de Rub\u00e9n<strong><br \/>\n<\/strong><\/p>\n<figure id=\"attachment_268\" aria-describedby=\"caption-attachment-268\" style=\"width: 160px\" class=\"wp-caption aligncenter\"><a href=\"http:\/\/www.bibliogonzalokorreas.com\/proyectoeuropa\/wp-content\/uploads\/2018\/05\/ruben_pablos_sanmarino.pdf\" target=\"_blank\" rel=\"noopener\"><img loading=\"lazy\" decoding=\"async\" class=\"wp-image-268 size-full\" src=\"http:\/\/www.bibliogonzalokorreas.com\/proyectoeuropa\/wp-content\/uploads\/2018\/05\/imgpdf.jpg\" alt=\"\" width=\"160\" height=\"150\" \/><\/a><figcaption id=\"caption-attachment-268\" class=\"wp-caption-text\">Mi vida en el Taxi<\/figcaption><\/figure>\n<hr \/>\n<p>&nbsp;<\/p>\n","protected":false},"excerpt":{"rendered":"<p>Realizada por alumnos de ESO 3\u00ba C PROFESOR: Beatriz MATERIA: Tutor\u00eda\/Ingl\u00e9s ACTIVIDADES: 1 Mapas (de Europa, de Italis y de San Marino con sus condados) 2. Estado SOBERANO M\u00c4S ANTIGUO del mundo 3 Escudo y bandera 4. Panel informaci\u00f3n general 5. Historia de San Marino : en espa\u00f1ol y en ingl\u00e9s 6. Gobierno y pol\u00edtica &hellip; <\/p>\n<p class=\"link-more\"><a href=\"https:\/\/iesmgkorreas.com\/proyectoeuropa2024\/index.php\/san-marino\/\" class=\"more-link\">Continuar leyendo<span class=\"screen-reader-text\"> \u00abSan Marino\u00bb<\/span><\/a><\/p>\n","protected":false},"author":1,"featured_media":0,"parent":0,"menu_order":0,"comment_status":"closed","ping_status":"closed","template":"","meta":{"footnotes":""},"_links":{"self":[{"href":"https:\/\/iesmgkorreas.com\/proyectoeuropa2024\/index.php\/wp-json\/wp\/v2\/pages\/248"}],"collection":[{"href":"https:\/\/iesmgkorreas.com\/proyectoeuropa2024\/index.php\/wp-json\/wp\/v2\/pages"}],"about":[{"href":"https:\/\/iesmgkorreas.com\/proyectoeuropa2024\/index.php\/wp-json\/wp\/v2\/types\/page"}],"author":[{"embeddable":true,"href":"https:\/\/iesmgkorreas.com\/proyectoeuropa2024\/index.php\/wp-json\/wp\/v2\/users\/1"}],"replies":[{"embeddable":true,"href":"https:\/\/iesmgkorreas.com\/proyectoeuropa2024\/index.php\/wp-json\/wp\/v2\/comments?post=248"}],"version-history":[{"count":10,"href":"https:\/\/iesmgkorreas.com\/proyectoeuropa2024\/index.php\/wp-json\/wp\/v2\/pages\/248\/revisions"}],"predecessor-version":[{"id":467,"href":"https:\/\/iesmgkorreas.com\/proyectoeuropa2024\/index.php\/wp-json\/wp\/v2\/pages\/248\/revisions\/467"}],"wp:attachment":[{"href":"https:\/\/iesmgkorreas.com\/proyectoeuropa2024\/index.php\/wp-json\/wp\/v2\/media?parent=248"}],"curies":[{"name":"wp","href":"https:\/\/api.w.org\/{rel}","templated":true}]}}