{"id":227,"date":"2018-05-21T08:55:48","date_gmt":"2018-05-21T08:55:48","guid":{"rendered":"http:\/\/www.bibliogonzalokorreas.com\/proyectoeuropa\/?page_id=227"},"modified":"2018-06-18T11:38:54","modified_gmt":"2018-06-18T11:38:54","slug":"noruega","status":"publish","type":"page","link":"https:\/\/iesmgkorreas.com\/proyectoeuropa2024\/index.php\/noruega\/","title":{"rendered":"Noruega"},"content":{"rendered":"<h1><strong>Realizada por alumnos de ESO 1\u00ba A<br \/>\n<\/strong><\/h1>\n<p><span style=\"color: #800080;\">Profesora: Alba<\/span><\/p>\n<p><span style=\"color: #800080;\">Materia: Ingles<\/span><\/p>\n<div style=\"position: relative; height: 0px; padding-bottom: 56.25%;\"><iframe loading=\"lazy\" style=\"position: absolute; width: 100%; height: 100%; left: 0px;\" src=\"https:\/\/www.youtube.com\/embed\/UZcGCflePlA?ecver=2\" width=\"640\" height=\"360\" frameborder=\"0\" allowfullscreen=\"allowfullscreen\"><\/iframe><\/div>\n<div><\/div>\n<div>\n<hr \/>\n<p class=\"western\" align=\"left\"><span style=\"color: #800080;\">Profesora: Laura<\/span><\/p>\n<p class=\"western\" align=\"left\"><span style=\"color: #993366;\"><span style=\"color: #800080;\">Materia: LENGUA Y LITERATURA.<\/span> <\/span><\/p>\n<p align=\"left\"><span style=\"color: #800080;\">Actividad:<\/span><\/p>\n<p class=\"western\" align=\"left\"><i>1. Idioma oficial. <\/i><\/p>\n<p class=\"western\" align=\"left\"><i>2. Caracter\u00edsticas del noruego. <\/i><\/p>\n<p class=\"western\" align=\"left\"><i>3. Or\u00edgenes y evoluci\u00f3n hist\u00f3rica. <\/i><\/p>\n<p class=\"western\" align=\"left\"><i>4. Literatura noruega: principales etapas. <\/i><\/p>\n<p class=\"western\" align=\"left\"><i>5. Escritores en lengua noruega: Henrik Ibsen (y su principal obra, \u00abCasa de mu\u00f1ecas\u00bb). <\/i><\/p>\n<hr \/>\n<p align=\"left\"><span style=\"color: #800080;\">Profesora:\u00a0 Emma<\/span><\/p>\n<p align=\"left\"><span style=\"color: #800080;\">Materia Tutor\u00eda y Dibujo.<\/span><\/p>\n<p align=\"left\"><span style=\"color: #800080;\">Actividad:<\/span><\/p>\n<p align=\"left\"><a href=\"http:\/\/www.bibliogonzalokorreas.com\/proyectoeuropa\/wp-content\/uploads\/2018\/05\/Noruega1ESOA-DIBUJO-y-TUTOR\u00cdA.odt.pdf\" target=\"_blank\" rel=\"noopener\"><img loading=\"lazy\" decoding=\"async\" class=\"alignnone wp-image-268 size-full\" src=\"http:\/\/www.bibliogonzalokorreas.com\/proyectoeuropa\/wp-content\/uploads\/2018\/05\/imgpdf.jpg\" alt=\"\" width=\"160\" height=\"150\" \/><\/a><\/p>\n<hr \/>\n<p align=\"left\"><span style=\"color: #800080;\">Profesora:\u00a0 Rebeca<\/span><\/p>\n<p align=\"left\"><span style=\"color: #800080;\">Materia: Religi\u00f3n<\/span><\/p>\n<p align=\"left\"><span style=\"color: #800080;\">Actividad:<\/span> Hemos trabajado las caracter\u00edsticas de la religi\u00f3n oficial de Noruega (Iglesia evang\u00e9lica luterana 82,1 %) compar\u00e1ndola con la religi\u00f3n mayoritaria de Espa\u00f1a (cristianismo cat\u00f3lico). Se han realizado por grupos de tres o cuatro alumno\/as b\u00fasquedas en Internet sobre los ritos, celebraciones, libros sagrados, moral, representante, santos, templos m\u00e1s importantes del pa\u00eds, etc. Por ejemplo: escudo, di\u00f3cesis, Helga Byfuglien, confirmaci\u00f3n, Harald V, etc.<\/p>\n<div data-carousel-extra='{\"blog_id\":1,\"permalink\":\"https:\\\/\\\/iesmgkorreas.com\\\/proyectoeuropa2024\\\/index.php\\\/noruega\\\/\"}' class=\"tiled-gallery type-square\" data-original-width=\"525\"><div class=\"tiled-gallery-item\"><a border=\"0\" href=\"https:\/\/iesmgkorreas.com\/proyectoeuropa2024\/index.php\/noruega\/img_3797\/\"><img decoding=\"async\" data-attachment-id=\"476\" data-orig-file=\"https:\/\/iesmgkorreas.com\/proyectoeuropa2024\/wp-content\/uploads\/2018\/05\/IMG_3797.jpg\" data-orig-size=\"1024,768\" data-comments-opened=\"1\" data-image-meta=\"{&quot;aperture&quot;:&quot;1.8&quot;,&quot;credit&quot;:&quot;&quot;,&quot;camera&quot;:&quot;iPhone 7&quot;,&quot;caption&quot;:&quot;&quot;,&quot;created_timestamp&quot;:&quot;1521802811&quot;,&quot;copyright&quot;:&quot;&quot;,&quot;focal_length&quot;:&quot;3.99&quot;,&quot;iso&quot;:&quot;40&quot;,&quot;shutter_speed&quot;:&quot;0.05&quot;,&quot;title&quot;:&quot;&quot;,&quot;orientation&quot;:&quot;1&quot;}\" data-image-title=\"IMG_3797\" data-image-description=\"\" data-medium-file=\"https:\/\/iesmgkorreas.com\/proyectoeuropa2024\/wp-content\/uploads\/2018\/05\/IMG_3797-300x225.jpg\" data-large-file=\"https:\/\/iesmgkorreas.com\/proyectoeuropa2024\/wp-content\/uploads\/2018\/05\/IMG_3797-1024x768.jpg\" style=\"margin: 2px\" src=\"https:\/\/iesmgkorreas.com\/proyectoeuropa2024\/wp-content\/uploads\/2018\/05\/IMG_3797-258x258.jpg\" width=258 height=258 title=\"IMG_3797\" \/><\/a><\/div><div class=\"tiled-gallery-item\"><a border=\"0\" href=\"https:\/\/iesmgkorreas.com\/proyectoeuropa2024\/index.php\/noruega\/img_3803\/\"><img decoding=\"async\" data-attachment-id=\"477\" data-orig-file=\"https:\/\/iesmgkorreas.com\/proyectoeuropa2024\/wp-content\/uploads\/2018\/05\/IMG_3803.jpg\" data-orig-size=\"1024,768\" data-comments-opened=\"1\" data-image-meta=\"{&quot;aperture&quot;:&quot;1.8&quot;,&quot;credit&quot;:&quot;&quot;,&quot;camera&quot;:&quot;iPhone 7&quot;,&quot;caption&quot;:&quot;&quot;,&quot;created_timestamp&quot;:&quot;1521802869&quot;,&quot;copyright&quot;:&quot;&quot;,&quot;focal_length&quot;:&quot;3.99&quot;,&quot;iso&quot;:&quot;32&quot;,&quot;shutter_speed&quot;:&quot;0.01&quot;,&quot;title&quot;:&quot;&quot;,&quot;orientation&quot;:&quot;1&quot;}\" data-image-title=\"IMG_3803\" data-image-description=\"\" data-medium-file=\"https:\/\/iesmgkorreas.com\/proyectoeuropa2024\/wp-content\/uploads\/2018\/05\/IMG_3803-300x225.jpg\" data-large-file=\"https:\/\/iesmgkorreas.com\/proyectoeuropa2024\/wp-content\/uploads\/2018\/05\/IMG_3803-1024x768.jpg\" style=\"margin: 2px\" src=\"https:\/\/iesmgkorreas.com\/proyectoeuropa2024\/wp-content\/uploads\/2018\/05\/IMG_3803-258x258.jpg\" width=258 height=258 title=\"IMG_3803\" \/><\/a><\/div><div class=\"tiled-gallery-item\"><a border=\"0\" href=\"https:\/\/iesmgkorreas.com\/proyectoeuropa2024\/index.php\/noruega\/img_3802\/\"><img decoding=\"async\" data-attachment-id=\"478\" data-orig-file=\"https:\/\/iesmgkorreas.com\/proyectoeuropa2024\/wp-content\/uploads\/2018\/05\/IMG_3802.jpg\" data-orig-size=\"1024,768\" data-comments-opened=\"1\" data-image-meta=\"{&quot;aperture&quot;:&quot;1.8&quot;,&quot;credit&quot;:&quot;&quot;,&quot;camera&quot;:&quot;iPhone 7&quot;,&quot;caption&quot;:&quot;&quot;,&quot;created_timestamp&quot;:&quot;1521802843&quot;,&quot;copyright&quot;:&quot;&quot;,&quot;focal_length&quot;:&quot;3.99&quot;,&quot;iso&quot;:&quot;32&quot;,&quot;shutter_speed&quot;:&quot;0.05&quot;,&quot;title&quot;:&quot;&quot;,&quot;orientation&quot;:&quot;1&quot;}\" data-image-title=\"IMG_3802\" data-image-description=\"\" data-medium-file=\"https:\/\/iesmgkorreas.com\/proyectoeuropa2024\/wp-content\/uploads\/2018\/05\/IMG_3802-300x225.jpg\" data-large-file=\"https:\/\/iesmgkorreas.com\/proyectoeuropa2024\/wp-content\/uploads\/2018\/05\/IMG_3802-1024x768.jpg\" style=\"margin: 2px\" src=\"https:\/\/iesmgkorreas.com\/proyectoeuropa2024\/wp-content\/uploads\/2018\/05\/IMG_3802-171x171.jpg\" width=171 height=171 title=\"IMG_3802\" \/><\/a><\/div><div class=\"tiled-gallery-item\"><a border=\"0\" href=\"https:\/\/iesmgkorreas.com\/proyectoeuropa2024\/index.php\/noruega\/img_3805\/\"><img decoding=\"async\" data-attachment-id=\"479\" data-orig-file=\"https:\/\/iesmgkorreas.com\/proyectoeuropa2024\/wp-content\/uploads\/2018\/05\/IMG_3805.jpg\" data-orig-size=\"1024,768\" data-comments-opened=\"1\" data-image-meta=\"{&quot;aperture&quot;:&quot;1.8&quot;,&quot;credit&quot;:&quot;&quot;,&quot;camera&quot;:&quot;iPhone 7&quot;,&quot;caption&quot;:&quot;&quot;,&quot;created_timestamp&quot;:&quot;1521802890&quot;,&quot;copyright&quot;:&quot;&quot;,&quot;focal_length&quot;:&quot;3.99&quot;,&quot;iso&quot;:&quot;32&quot;,&quot;shutter_speed&quot;:&quot;0.02&quot;,&quot;title&quot;:&quot;&quot;,&quot;orientation&quot;:&quot;1&quot;}\" data-image-title=\"IMG_3805\" data-image-description=\"\" data-medium-file=\"https:\/\/iesmgkorreas.com\/proyectoeuropa2024\/wp-content\/uploads\/2018\/05\/IMG_3805-300x225.jpg\" data-large-file=\"https:\/\/iesmgkorreas.com\/proyectoeuropa2024\/wp-content\/uploads\/2018\/05\/IMG_3805-1024x768.jpg\" style=\"margin: 2px\" src=\"https:\/\/iesmgkorreas.com\/proyectoeuropa2024\/wp-content\/uploads\/2018\/05\/IMG_3805-171x171.jpg\" width=171 height=171 title=\"IMG_3805\" \/><\/a><\/div><div class=\"tiled-gallery-item\"><a border=\"0\" href=\"https:\/\/iesmgkorreas.com\/proyectoeuropa2024\/index.php\/noruega\/img_5335\/\"><img decoding=\"async\" data-attachment-id=\"480\" data-orig-file=\"https:\/\/iesmgkorreas.com\/proyectoeuropa2024\/wp-content\/uploads\/2018\/05\/IMG_5335.jpg\" data-orig-size=\"1024,768\" data-comments-opened=\"1\" data-image-meta=\"{&quot;aperture&quot;:&quot;1.8&quot;,&quot;credit&quot;:&quot;&quot;,&quot;camera&quot;:&quot;iPhone 7&quot;,&quot;caption&quot;:&quot;&quot;,&quot;created_timestamp&quot;:&quot;1527247218&quot;,&quot;copyright&quot;:&quot;&quot;,&quot;focal_length&quot;:&quot;3.99&quot;,&quot;iso&quot;:&quot;64&quot;,&quot;shutter_speed&quot;:&quot;0.058823529411765&quot;,&quot;title&quot;:&quot;&quot;,&quot;orientation&quot;:&quot;1&quot;}\" data-image-title=\"IMG_5335\" data-image-description=\"\" data-medium-file=\"https:\/\/iesmgkorreas.com\/proyectoeuropa2024\/wp-content\/uploads\/2018\/05\/IMG_5335-300x225.jpg\" data-large-file=\"https:\/\/iesmgkorreas.com\/proyectoeuropa2024\/wp-content\/uploads\/2018\/05\/IMG_5335-1024x768.jpg\" style=\"margin: 2px\" src=\"https:\/\/iesmgkorreas.com\/proyectoeuropa2024\/wp-content\/uploads\/2018\/05\/IMG_5335-171x171.jpg\" width=171 height=171 title=\"IMG_5335\" \/><\/a><\/div><div class=\"tiled-gallery-item\"><a border=\"0\" href=\"https:\/\/iesmgkorreas.com\/proyectoeuropa2024\/index.php\/noruega\/img_3807\/\"><img decoding=\"async\" data-attachment-id=\"481\" data-orig-file=\"https:\/\/iesmgkorreas.com\/proyectoeuropa2024\/wp-content\/uploads\/2018\/05\/IMG_3807.jpg\" data-orig-size=\"1024,768\" data-comments-opened=\"1\" data-image-meta=\"{&quot;aperture&quot;:&quot;1.8&quot;,&quot;credit&quot;:&quot;&quot;,&quot;camera&quot;:&quot;iPhone 7&quot;,&quot;caption&quot;:&quot;&quot;,&quot;created_timestamp&quot;:&quot;1521802955&quot;,&quot;copyright&quot;:&quot;&quot;,&quot;focal_length&quot;:&quot;3.99&quot;,&quot;iso&quot;:&quot;32&quot;,&quot;shutter_speed&quot;:&quot;0.03030303030303&quot;,&quot;title&quot;:&quot;&quot;,&quot;orientation&quot;:&quot;1&quot;}\" data-image-title=\"IMG_3807\" data-image-description=\"\" data-medium-file=\"https:\/\/iesmgkorreas.com\/proyectoeuropa2024\/wp-content\/uploads\/2018\/05\/IMG_3807-300x225.jpg\" data-large-file=\"https:\/\/iesmgkorreas.com\/proyectoeuropa2024\/wp-content\/uploads\/2018\/05\/IMG_3807-1024x768.jpg\" style=\"margin: 2px\" src=\"https:\/\/iesmgkorreas.com\/proyectoeuropa2024\/wp-content\/uploads\/2018\/05\/IMG_3807-171x171.jpg\" width=171 height=171 title=\"IMG_3807\" \/><\/a><\/div><div class=\"tiled-gallery-item\"><a border=\"0\" href=\"https:\/\/iesmgkorreas.com\/proyectoeuropa2024\/index.php\/noruega\/img_5337\/\"><img decoding=\"async\" data-attachment-id=\"482\" data-orig-file=\"https:\/\/iesmgkorreas.com\/proyectoeuropa2024\/wp-content\/uploads\/2018\/05\/IMG_5337.jpg\" data-orig-size=\"1024,768\" data-comments-opened=\"1\" data-image-meta=\"{&quot;aperture&quot;:&quot;1.8&quot;,&quot;credit&quot;:&quot;&quot;,&quot;camera&quot;:&quot;iPhone 7&quot;,&quot;caption&quot;:&quot;&quot;,&quot;created_timestamp&quot;:&quot;1527247253&quot;,&quot;copyright&quot;:&quot;&quot;,&quot;focal_length&quot;:&quot;3.99&quot;,&quot;iso&quot;:&quot;80&quot;,&quot;shutter_speed&quot;:&quot;0.058823529411765&quot;,&quot;title&quot;:&quot;&quot;,&quot;orientation&quot;:&quot;1&quot;}\" data-image-title=\"IMG_5337\" data-image-description=\"\" data-medium-file=\"https:\/\/iesmgkorreas.com\/proyectoeuropa2024\/wp-content\/uploads\/2018\/05\/IMG_5337-300x225.jpg\" data-large-file=\"https:\/\/iesmgkorreas.com\/proyectoeuropa2024\/wp-content\/uploads\/2018\/05\/IMG_5337-1024x768.jpg\" style=\"margin: 2px\" src=\"https:\/\/iesmgkorreas.com\/proyectoeuropa2024\/wp-content\/uploads\/2018\/05\/IMG_5337-171x171.jpg\" width=171 height=171 title=\"IMG_5337\" \/><\/a><\/div><div class=\"tiled-gallery-item\"><a border=\"0\" href=\"https:\/\/iesmgkorreas.com\/proyectoeuropa2024\/index.php\/noruega\/img_5336\/\"><img decoding=\"async\" data-attachment-id=\"483\" data-orig-file=\"https:\/\/iesmgkorreas.com\/proyectoeuropa2024\/wp-content\/uploads\/2018\/05\/IMG_5336.jpg\" data-orig-size=\"1024,768\" data-comments-opened=\"1\" data-image-meta=\"{&quot;aperture&quot;:&quot;1.8&quot;,&quot;credit&quot;:&quot;&quot;,&quot;camera&quot;:&quot;iPhone 7&quot;,&quot;caption&quot;:&quot;&quot;,&quot;created_timestamp&quot;:&quot;1527247235&quot;,&quot;copyright&quot;:&quot;&quot;,&quot;focal_length&quot;:&quot;3.99&quot;,&quot;iso&quot;:&quot;80&quot;,&quot;shutter_speed&quot;:&quot;0.058823529411765&quot;,&quot;title&quot;:&quot;&quot;,&quot;orientation&quot;:&quot;1&quot;}\" data-image-title=\"IMG_5336\" data-image-description=\"\" data-medium-file=\"https:\/\/iesmgkorreas.com\/proyectoeuropa2024\/wp-content\/uploads\/2018\/05\/IMG_5336-300x225.jpg\" data-large-file=\"https:\/\/iesmgkorreas.com\/proyectoeuropa2024\/wp-content\/uploads\/2018\/05\/IMG_5336-1024x768.jpg\" style=\"margin: 2px\" src=\"https:\/\/iesmgkorreas.com\/proyectoeuropa2024\/wp-content\/uploads\/2018\/05\/IMG_5336-171x171.jpg\" width=171 height=171 title=\"IMG_5336\" \/><\/a><\/div><\/div>\n<hr \/>\n<div class=\"yj6qo\">\n<p align=\"left\"><span style=\"color: #800080;\">Profesora:<\/span><\/p>\n<p align=\"left\"><span style=\"color: #800080;\">Materia: M\u00fasica <\/span><\/p>\n<p align=\"left\"><span style=\"color: #800080;\">Actividad:<\/span><\/p>\n<figure id=\"attachment_268\" aria-describedby=\"caption-attachment-268\" style=\"width: 160px\" class=\"wp-caption aligncenter\"><a href=\"https:\/\/iesmgkorreas.com\/proyectoeuropa20242024\/wp-content\/uploads\/2018\/06\/NoRUEGA.pdf\" target=\"_blank\" rel=\"noopener\"><img loading=\"lazy\" decoding=\"async\" class=\"wp-image-268 size-full\" src=\"https:\/\/iesmgkorreas.com\/proyectoeuropa20242024\/wp-content\/uploads\/2018\/05\/imgpdf.jpg\" alt=\"\" width=\"160\" height=\"150\" \/><\/a><figcaption id=\"caption-attachment-268\" class=\"wp-caption-text\">Noruega<\/figcaption><\/figure>\n<\/div>\n<\/div>\n","protected":false},"excerpt":{"rendered":"<p>Realizada por alumnos de ESO 1\u00ba A Profesora: Alba Materia: Ingles Profesora: Laura Materia: LENGUA Y LITERATURA. Actividad: 1. Idioma oficial. 2. Caracter\u00edsticas del noruego. 3. Or\u00edgenes y evoluci\u00f3n hist\u00f3rica. 4. Literatura noruega: principales etapas. 5. Escritores en lengua noruega: Henrik Ibsen (y su principal obra, \u00abCasa de mu\u00f1ecas\u00bb). Profesora:\u00a0 Emma Materia Tutor\u00eda y Dibujo. &hellip; <\/p>\n<p class=\"link-more\"><a href=\"https:\/\/iesmgkorreas.com\/proyectoeuropa2024\/index.php\/noruega\/\" class=\"more-link\">Continuar leyendo<span class=\"screen-reader-text\"> \u00abNoruega\u00bb<\/span><\/a><\/p>\n","protected":false},"author":1,"featured_media":0,"parent":0,"menu_order":0,"comment_status":"closed","ping_status":"closed","template":"","meta":{"footnotes":""},"_links":{"self":[{"href":"https:\/\/iesmgkorreas.com\/proyectoeuropa2024\/index.php\/wp-json\/wp\/v2\/pages\/227"}],"collection":[{"href":"https:\/\/iesmgkorreas.com\/proyectoeuropa2024\/index.php\/wp-json\/wp\/v2\/pages"}],"about":[{"href":"https:\/\/iesmgkorreas.com\/proyectoeuropa2024\/index.php\/wp-json\/wp\/v2\/types\/page"}],"author":[{"embeddable":true,"href":"https:\/\/iesmgkorreas.com\/proyectoeuropa2024\/index.php\/wp-json\/wp\/v2\/users\/1"}],"replies":[{"embeddable":true,"href":"https:\/\/iesmgkorreas.com\/proyectoeuropa2024\/index.php\/wp-json\/wp\/v2\/comments?post=227"}],"version-history":[{"count":14,"href":"https:\/\/iesmgkorreas.com\/proyectoeuropa2024\/index.php\/wp-json\/wp\/v2\/pages\/227\/revisions"}],"predecessor-version":[{"id":778,"href":"https:\/\/iesmgkorreas.com\/proyectoeuropa2024\/index.php\/wp-json\/wp\/v2\/pages\/227\/revisions\/778"}],"wp:attachment":[{"href":"https:\/\/iesmgkorreas.com\/proyectoeuropa2024\/index.php\/wp-json\/wp\/v2\/media?parent=227"}],"curies":[{"name":"wp","href":"https:\/\/api.w.org\/{rel}","templated":true}]}}