{"id":224,"date":"2018-05-21T08:55:08","date_gmt":"2018-05-21T08:55:08","guid":{"rendered":"http:\/\/www.bibliogonzalokorreas.com\/proyectoeuropa\/?page_id=224"},"modified":"2018-06-13T07:28:33","modified_gmt":"2018-06-13T07:28:33","slug":"montenegro","status":"publish","type":"page","link":"https:\/\/iesmgkorreas.com\/proyectoeuropa2024\/index.php\/montenegro\/","title":{"rendered":"Montenegro"},"content":{"rendered":"<h1><strong>Realizada por alumnos de 2\u00ba FP ADMIN<br \/>\n<\/strong><\/h1>\n<p><span style=\"color: #800080;\">Profesor:<\/span><\/p>\n<p><span style=\"color: #800080;\">Materia:<\/span><\/p>\n<p><span style=\"color: #800080;\">Actividad:<\/span> GUION ACTIVIDADES REALIZADAS:<\/p>\n<ul>\n<li>B\u00daSQUEDA DE INFORMACI\u00d3N DEL PA\u00cdS: SITUACI\u00d3N GEOGR\u00c1FICA, HABITANTES, CAPITAL, IDIOMA, PERTENENCIA A LA UNI\u00d3N EUROPEA, PIB, COMIDA T\u00cdPICA, FOLKLORE, LUGARES DE INTER\u00c9S TUR\u00cdSTICO&#8230;<\/li>\n<li>CREACI\u00d3N DE BANDERA PARA MOSTRAR EN LA PUERTA DEL AULA.<\/li>\n<li>CREACI\u00d3N DE GU\u00cdA TUR\u00cdSTICA.<\/li>\n<li>ELABORACI\u00d3N DE PEGATINAS.<\/li>\n<li>ELABORACI\u00d3N EN MADERADE SE\u00d1AL CON LAS DISTANCIAS KILOM\u00c9TRICAS DESDE LA CAPITAL A ALGUNAS DE LAS CAPITALES EUROPEAS M\u00c1S IMPORTANTES Y A JARA\u00cdZ DE LA VERA.<\/li>\n<li>DECORACI\u00d3N DE LA CLASE.<\/li>\n<li>ELABORACI\u00d3N DE POWER POINT PARA LA EXPOSICI\u00d3N EL D\u00cdA DE LA VISITA DE OTROS PA\u00cdSES.<\/li>\n<li>ELABORACI\u00d3N DEL NOMBRE DEL PA\u00cdS EN CARTULINA DEL NOMBRE DEL PA\u00cdS EN ALFABETO CIR\u00cdLICO.<\/li>\n<\/ul>\n<p style=\"text-align: center;\"><iframe loading=\"lazy\" src=\"https:\/\/www.youtube.com\/embed\/jR0OCNSwBb0\" width=\"560\" height=\"315\" frameborder=\"0\" allowfullscreen=\"allowfullscreen\"><\/iframe><\/p>\n<figure id=\"attachment_268\" aria-describedby=\"caption-attachment-268\" style=\"width: 160px\" class=\"wp-caption aligncenter\"><a href=\"http:\/\/www.bibliogonzalokorreas.com\/proyectoeuropa\/wp-content\/uploads\/2018\/06\/montenegro.pdf\" target=\"_blank\" rel=\"noopener\"><img loading=\"lazy\" decoding=\"async\" class=\"wp-image-268 size-full\" src=\"http:\/\/www.bibliogonzalokorreas.com\/proyectoeuropa\/wp-content\/uploads\/2018\/05\/imgpdf.jpg\" alt=\"\" width=\"160\" height=\"150\" \/><\/a><figcaption id=\"caption-attachment-268\" class=\"wp-caption-text\">Proyecto Europa. Montenegro<\/figcaption><\/figure>\n<p>&nbsp;<\/p>\n<hr \/>\n<p>&nbsp;<\/p>\n<p><span style=\"color: #800080;\">Profesor: Oscar<\/span><\/p>\n<p><span style=\"color: #800080;\">Materia: Ingles.<\/span><\/p>\n<p><span style=\"color: #800080;\">Actividad:<\/span><\/p>\n<p>1.- Exposici\u00f3n Oral en clase sobre informaci\u00f3n concreta del pa\u00eds elegido, Montenegro, hablamos sobre costumbres, historia, tradiciones, comida &#8230;. Por supuesto usando el ingl\u00e9s.<\/p>\n<p>Con toda la informaci\u00f3n que recopilamos hicimos una gu\u00eda del pa\u00eds, cada alumno hizo una en ingl\u00e9s y espa\u00f1ol. La denominamos agenda cultural de Montenegro.<\/p>\n<p>2.-\u00a0 Para dar a conocer nuestro pa\u00eds al resto de participantes, hicimos una segunda actividad llamada<\/p>\n<p>Sticker Workshop, donde dise\u00f1amos diferentes pegatinas para regalar al resto de la comunidad educativa y as\u00ed dar a conocer nuestro pa\u00eds.<\/p>\n<hr \/>\n<p>&nbsp;<\/p>\n","protected":false},"excerpt":{"rendered":"<p>Realizada por alumnos de 2\u00ba FP ADMIN Profesor: Materia: Actividad: GUION ACTIVIDADES REALIZADAS: B\u00daSQUEDA DE INFORMACI\u00d3N DEL PA\u00cdS: SITUACI\u00d3N GEOGR\u00c1FICA, HABITANTES, CAPITAL, IDIOMA, PERTENENCIA A LA UNI\u00d3N EUROPEA, PIB, COMIDA T\u00cdPICA, FOLKLORE, LUGARES DE INTER\u00c9S TUR\u00cdSTICO&#8230; CREACI\u00d3N DE BANDERA PARA MOSTRAR EN LA PUERTA DEL AULA. CREACI\u00d3N DE GU\u00cdA TUR\u00cdSTICA. ELABORACI\u00d3N DE PEGATINAS. ELABORACI\u00d3N EN &hellip; <\/p>\n<p class=\"link-more\"><a href=\"https:\/\/iesmgkorreas.com\/proyectoeuropa2024\/index.php\/montenegro\/\" class=\"more-link\">Continuar leyendo<span class=\"screen-reader-text\"> \u00abMontenegro\u00bb<\/span><\/a><\/p>\n","protected":false},"author":1,"featured_media":0,"parent":0,"menu_order":0,"comment_status":"closed","ping_status":"closed","template":"","meta":{"footnotes":""},"_links":{"self":[{"href":"https:\/\/iesmgkorreas.com\/proyectoeuropa2024\/index.php\/wp-json\/wp\/v2\/pages\/224"}],"collection":[{"href":"https:\/\/iesmgkorreas.com\/proyectoeuropa2024\/index.php\/wp-json\/wp\/v2\/pages"}],"about":[{"href":"https:\/\/iesmgkorreas.com\/proyectoeuropa2024\/index.php\/wp-json\/wp\/v2\/types\/page"}],"author":[{"embeddable":true,"href":"https:\/\/iesmgkorreas.com\/proyectoeuropa2024\/index.php\/wp-json\/wp\/v2\/users\/1"}],"replies":[{"embeddable":true,"href":"https:\/\/iesmgkorreas.com\/proyectoeuropa2024\/index.php\/wp-json\/wp\/v2\/comments?post=224"}],"version-history":[{"count":6,"href":"https:\/\/iesmgkorreas.com\/proyectoeuropa2024\/index.php\/wp-json\/wp\/v2\/pages\/224\/revisions"}],"predecessor-version":[{"id":621,"href":"https:\/\/iesmgkorreas.com\/proyectoeuropa2024\/index.php\/wp-json\/wp\/v2\/pages\/224\/revisions\/621"}],"wp:attachment":[{"href":"https:\/\/iesmgkorreas.com\/proyectoeuropa2024\/index.php\/wp-json\/wp\/v2\/media?parent=224"}],"curies":[{"name":"wp","href":"https:\/\/api.w.org\/{rel}","templated":true}]}}