{"id":189,"date":"2018-05-18T12:50:39","date_gmt":"2018-05-18T12:50:39","guid":{"rendered":"http:\/\/www.bibliogonzalokorreas.com\/proyectoeuropa\/?page_id=189"},"modified":"2018-06-18T12:20:52","modified_gmt":"2018-06-18T12:20:52","slug":"islandia","status":"publish","type":"page","link":"https:\/\/iesmgkorreas.com\/proyectoeuropa2024\/index.php\/islandia\/","title":{"rendered":"Islandia"},"content":{"rendered":"<h1><strong>Realizada por alumnos de ESO 4\u00ba PRAGE<br \/>\n<\/strong><\/h1>\n<p class=\"western\" align=\"left\"><span style=\"color: #800080;\"><i>PROFESORA: Laura<\/i><\/span><\/p>\n<p class=\"western\" align=\"left\"><span style=\"color: #800080;\"><i>ASIGNATURA: LENGUA CASTELLANA Y LITERATURA. <\/i><\/span><\/p>\n<p class=\"western\" align=\"left\"><i><span style=\"color: #800080;\">MATERIA: LENGUA, LITERATURA Y CINE.<\/span> <\/i><\/p>\n<p class=\"western\" align=\"left\"><i>1. Idioma oficial. <\/i><\/p>\n<p class=\"western\" align=\"left\"><i>2. Caracter\u00edsticas del island\u00e9s. <\/i><\/p>\n<p class=\"western\" align=\"left\"><i>3. Or\u00edgenes y evoluci\u00f3n hist\u00f3rica. <\/i><\/p>\n<p class=\"western\" align=\"left\"><i>4. Literatura islandesa: principales etapas. <\/i><\/p>\n<p class=\"western\" align=\"left\"><i>5. Escritores en lengua islandesa. <\/i><\/p>\n<p class=\"western\" align=\"left\"><i>* Como complemento a la literatura, hemos visionado una pel\u00edcula de origen island\u00e9s: \u00abCoraz\u00f3n gigante\u00bb, de Dagur K\u00e1ri. <\/i><\/p>\n<hr \/>\n<p><span style=\"color: #800080;\">PROFESORA: Carmen<\/span><\/p>\n<p><span style=\"color: #800080;\">MATERIA: Tecnolog\u00eda<\/span><\/p>\n<figure id=\"attachment_268\" aria-describedby=\"caption-attachment-268\" style=\"width: 160px\" class=\"wp-caption aligncenter\"><a href=\"http:\/\/www.bibliogonzalokorreas.com\/proyectoeuropa\/wp-content\/uploads\/2018\/05\/Islandia.Bilal-y-Pablo.pdf\" target=\"_blank\" rel=\"noopener\"><img loading=\"lazy\" decoding=\"async\" class=\"wp-image-268 size-full\" src=\"http:\/\/www.bibliogonzalokorreas.com\/proyectoeuropa\/wp-content\/uploads\/2018\/05\/imgpdf.jpg\" alt=\"\" width=\"160\" height=\"150\" \/><\/a><figcaption id=\"caption-attachment-268\" class=\"wp-caption-text\">Bilal y Pablo<\/figcaption><\/figure>\n<figure id=\"attachment_268\" aria-describedby=\"caption-attachment-268\" style=\"width: 160px\" class=\"wp-caption aligncenter\"><a href=\"http:\/\/www.bibliogonzalokorreas.com\/proyectoeuropa\/wp-content\/uploads\/2018\/05\/ISLANDIA-Cintia-y-Fatica.pdf\" target=\"_blank\" rel=\"noopener\"><img loading=\"lazy\" decoding=\"async\" class=\"wp-image-268 size-full\" src=\"http:\/\/www.bibliogonzalokorreas.com\/proyectoeuropa\/wp-content\/uploads\/2018\/05\/imgpdf.jpg\" alt=\"\" width=\"160\" height=\"150\" \/><\/a><figcaption id=\"caption-attachment-268\" class=\"wp-caption-text\">Cintia y F\u00e1tima<\/figcaption><\/figure>\n<figure id=\"attachment_268\" aria-describedby=\"caption-attachment-268\" style=\"width: 160px\" class=\"wp-caption aligncenter\"><a href=\"http:\/\/www.bibliogonzalokorreas.com\/proyectoeuropa\/wp-content\/uploads\/2018\/05\/ABDALA-Y-NACHO-ISLANDIA.pdf\" target=\"_blank\" rel=\"noopener\"><img loading=\"lazy\" decoding=\"async\" class=\"wp-image-268 size-full\" src=\"http:\/\/www.bibliogonzalokorreas.com\/proyectoeuropa\/wp-content\/uploads\/2018\/05\/imgpdf.jpg\" alt=\"\" width=\"160\" height=\"150\" \/><\/a><figcaption id=\"caption-attachment-268\" class=\"wp-caption-text\">Abdala y Nacho<\/figcaption><\/figure>\n<figure id=\"attachment_268\" aria-describedby=\"caption-attachment-268\" style=\"width: 160px\" class=\"wp-caption aligncenter\"><a href=\"http:\/\/www.bibliogonzalokorreas.com\/proyectoeuropa\/wp-content\/uploads\/2018\/05\/elena-y-hasna-islandia.pdf\" target=\"_blank\" rel=\"noopener\"><img loading=\"lazy\" decoding=\"async\" class=\"wp-image-268 size-full\" src=\"http:\/\/www.bibliogonzalokorreas.com\/proyectoeuropa\/wp-content\/uploads\/2018\/05\/imgpdf.jpg\" alt=\"\" width=\"160\" height=\"150\" \/><\/a><figcaption id=\"caption-attachment-268\" class=\"wp-caption-text\">Elena y Hasna<\/figcaption><\/figure>\n<figure id=\"attachment_268\" aria-describedby=\"caption-attachment-268\" style=\"width: 160px\" class=\"wp-caption aligncenter\"><a href=\"http:\/\/www.bibliogonzalokorreas.com\/proyectoeuropa\/wp-content\/uploads\/2018\/05\/Islandia-SANTI-Y-JORGE.pdf\" target=\"_blank\" rel=\"noopener\"><img loading=\"lazy\" decoding=\"async\" class=\"wp-image-268 size-full\" src=\"http:\/\/www.bibliogonzalokorreas.com\/proyectoeuropa\/wp-content\/uploads\/2018\/05\/imgpdf.jpg\" alt=\"\" width=\"160\" height=\"150\" \/><\/a><figcaption id=\"caption-attachment-268\" class=\"wp-caption-text\">Santi y Jorge<\/figcaption><\/figure>\n<hr \/>\n<p><span style=\"color: #800080;\">Profesora: Beatriz<\/span><\/p>\n<p><span style=\"color: #800080;\">Materia:\u00a0 Ciencias Sociales<\/span><\/p>\n<p>CONTENIDOS<br \/>\n&#8211; Aspectos generales de cada pa\u00eds desde el \u00e1mbito social( poblaci\u00f3n, superficie, idioma. Moneda&#8230;)<br \/>\n-caracter\u00edsticas principales del espacio f\u00edsico (relieve. Clima ,costas, r\u00edos,&#8230;)<br \/>\n&#8211; acontecimientos hist\u00f3ricos m\u00e1s significativos.<br \/>\n&#8211; elementos culturales (gastronom\u00eda, tradiciones, religi\u00f3n,&#8230;.)<br \/>\nACTIVIDADES<br \/>\n-B\u00fasqueda y recopilaci\u00f3n de informaci\u00f3n , utilizando los ordenadores del aula y la biblioteca<br \/>\n-Selecci\u00f3n de contenidos por parte del alumnado<br \/>\n-Agrupamientos en funci\u00f3n de la actividad a desarrollar<br \/>\n-Reparto de tareas y contenidos a trabajar<br \/>\nMATERIALES<br \/>\n-banderas, banderines,escudos de cada pa\u00eds<br \/>\n-murales con las caracter\u00edsticas principales a nivel general de cada pa\u00eds<br \/>\n-mapa f\u00edsico<br \/>\n-mapa de la divisi\u00f3n administrativa y territorial<br \/>\n-mural de platos t\u00edpicos<br \/>\n-mural de los personajes m\u00e1s importantes nacidos en ese pa\u00eds<br \/>\n-Mural de monumentos importantes<\/p>\n<hr \/>\n<p>&nbsp;<\/p>\n","protected":false},"excerpt":{"rendered":"<p>Realizada por alumnos de ESO 4\u00ba PRAGE PROFESORA: Laura ASIGNATURA: LENGUA CASTELLANA Y LITERATURA. MATERIA: LENGUA, LITERATURA Y CINE. 1. Idioma oficial. 2. Caracter\u00edsticas del island\u00e9s. 3. Or\u00edgenes y evoluci\u00f3n hist\u00f3rica. 4. Literatura islandesa: principales etapas. 5. Escritores en lengua islandesa. * Como complemento a la literatura, hemos visionado una pel\u00edcula de origen island\u00e9s: \u00abCoraz\u00f3n &hellip; <\/p>\n<p class=\"link-more\"><a href=\"https:\/\/iesmgkorreas.com\/proyectoeuropa2024\/index.php\/islandia\/\" class=\"more-link\">Continuar leyendo<span class=\"screen-reader-text\"> \u00abIslandia\u00bb<\/span><\/a><\/p>\n","protected":false},"author":1,"featured_media":0,"parent":0,"menu_order":0,"comment_status":"closed","ping_status":"closed","template":"","meta":{"footnotes":""},"_links":{"self":[{"href":"https:\/\/iesmgkorreas.com\/proyectoeuropa2024\/index.php\/wp-json\/wp\/v2\/pages\/189"}],"collection":[{"href":"https:\/\/iesmgkorreas.com\/proyectoeuropa2024\/index.php\/wp-json\/wp\/v2\/pages"}],"about":[{"href":"https:\/\/iesmgkorreas.com\/proyectoeuropa2024\/index.php\/wp-json\/wp\/v2\/types\/page"}],"author":[{"embeddable":true,"href":"https:\/\/iesmgkorreas.com\/proyectoeuropa2024\/index.php\/wp-json\/wp\/v2\/users\/1"}],"replies":[{"embeddable":true,"href":"https:\/\/iesmgkorreas.com\/proyectoeuropa2024\/index.php\/wp-json\/wp\/v2\/comments?post=189"}],"version-history":[{"count":5,"href":"https:\/\/iesmgkorreas.com\/proyectoeuropa2024\/index.php\/wp-json\/wp\/v2\/pages\/189\/revisions"}],"predecessor-version":[{"id":797,"href":"https:\/\/iesmgkorreas.com\/proyectoeuropa2024\/index.php\/wp-json\/wp\/v2\/pages\/189\/revisions\/797"}],"wp:attachment":[{"href":"https:\/\/iesmgkorreas.com\/proyectoeuropa2024\/index.php\/wp-json\/wp\/v2\/media?parent=189"}],"curies":[{"name":"wp","href":"https:\/\/api.w.org\/{rel}","templated":true}]}}