{"id":157,"date":"2018-05-18T12:41:09","date_gmt":"2018-05-18T12:41:09","guid":{"rendered":"http:\/\/www.bibliogonzalokorreas.com\/proyectoeuropa\/?page_id=157"},"modified":"2018-06-19T10:01:53","modified_gmt":"2018-06-19T10:01:53","slug":"chipre","status":"publish","type":"page","link":"https:\/\/iesmgkorreas.com\/proyectoeuropa2024\/index.php\/chipre\/","title":{"rendered":"Chipre"},"content":{"rendered":"<h1><strong>Realizada por alumnos de ESO 2\u00ba E<br \/>\n<\/strong><\/h1>\n<p><span style=\"color: #800080;\">Profesora: Rebeca<\/span><\/p>\n<p><span style=\"color: #800080;\">Materia: Religi\u00f3n<\/span><\/p>\n<p><span style=\"color: #800080;\">Actividad:<\/span><\/p>\n<div data-carousel-extra='{\"blog_id\":1,\"permalink\":\"https:\\\/\\\/iesmgkorreas.com\\\/proyectoeuropa2024\\\/index.php\\\/chipre\\\/\"}' class=\"tiled-gallery type-rectangular\" data-original-width=\"525\"><div class=\"gallery-row\" style=\"width: 520px; height: 432px;\"><div class=\"gallery-group images-1\" style=\"width: 328px; height: 436px;\"><div class=\"tiled-gallery-item tiled-gallery-item-large\"><a href=\"https:\/\/iesmgkorreas.com\/proyectoeuropa2024\/index.php\/chipre\/img_5492\/\"><img loading=\"lazy\" decoding=\"async\" data-attachment-id=\"569\" data-orig-file=\"https:\/\/iesmgkorreas.com\/proyectoeuropa2024\/wp-content\/uploads\/2018\/06\/IMG_5492.jpg\" data-orig-size=\"576,768\" data-comments-opened=\"1\" data-image-meta=\"{&quot;aperture&quot;:&quot;1.8&quot;,&quot;credit&quot;:&quot;&quot;,&quot;camera&quot;:&quot;iPhone 7&quot;,&quot;caption&quot;:&quot;&quot;,&quot;created_timestamp&quot;:&quot;1528370223&quot;,&quot;copyright&quot;:&quot;&quot;,&quot;focal_length&quot;:&quot;3.99&quot;,&quot;iso&quot;:&quot;32&quot;,&quot;shutter_speed&quot;:&quot;0.02&quot;,&quot;title&quot;:&quot;&quot;,&quot;orientation&quot;:&quot;1&quot;}\" data-image-title=\"IMG_5492\" data-image-description=\"\" data-medium-file=\"https:\/\/iesmgkorreas.com\/proyectoeuropa2024\/wp-content\/uploads\/2018\/06\/IMG_5492-225x300.jpg\" data-large-file=\"https:\/\/iesmgkorreas.com\/proyectoeuropa2024\/wp-content\/uploads\/2018\/06\/IMG_5492.jpg\" src=\"https:\/\/iesmgkorreas.com\/proyectoeuropa2024\/wp-content\/uploads\/2018\/06\/IMG_5492-324x432.jpg\" width=\"324\" height=\"432\" align=\"left\" title=\"IMG_5492\" \/><\/a><\/div><\/div><div class=\"gallery-group images-3\" style=\"width: 192px; height: 436px;\"><div class=\"tiled-gallery-item tiled-gallery-item-small\"><a href=\"https:\/\/iesmgkorreas.com\/proyectoeuropa2024\/index.php\/chipre\/img_5493\/\"><img loading=\"lazy\" decoding=\"async\" data-attachment-id=\"570\" data-orig-file=\"https:\/\/iesmgkorreas.com\/proyectoeuropa2024\/wp-content\/uploads\/2018\/06\/IMG_5493.jpg\" data-orig-size=\"1024,768\" data-comments-opened=\"1\" data-image-meta=\"{&quot;aperture&quot;:&quot;1.8&quot;,&quot;credit&quot;:&quot;&quot;,&quot;camera&quot;:&quot;iPhone 7&quot;,&quot;caption&quot;:&quot;&quot;,&quot;created_timestamp&quot;:&quot;1528370230&quot;,&quot;copyright&quot;:&quot;&quot;,&quot;focal_length&quot;:&quot;3.99&quot;,&quot;iso&quot;:&quot;25&quot;,&quot;shutter_speed&quot;:&quot;0.03030303030303&quot;,&quot;title&quot;:&quot;&quot;,&quot;orientation&quot;:&quot;1&quot;}\" data-image-title=\"IMG_5493\" data-image-description=\"\" data-medium-file=\"https:\/\/iesmgkorreas.com\/proyectoeuropa2024\/wp-content\/uploads\/2018\/06\/IMG_5493-300x225.jpg\" data-large-file=\"https:\/\/iesmgkorreas.com\/proyectoeuropa2024\/wp-content\/uploads\/2018\/06\/IMG_5493-1024x768.jpg\" src=\"https:\/\/iesmgkorreas.com\/proyectoeuropa2024\/wp-content\/uploads\/2018\/06\/IMG_5493-188x142.jpg\" width=\"188\" height=\"142\" align=\"left\" title=\"IMG_5493\" \/><\/a><\/div><div class=\"tiled-gallery-item tiled-gallery-item-small\"><a href=\"https:\/\/iesmgkorreas.com\/proyectoeuropa2024\/index.php\/chipre\/img_5494\/\"><img loading=\"lazy\" decoding=\"async\" data-attachment-id=\"571\" data-orig-file=\"https:\/\/iesmgkorreas.com\/proyectoeuropa2024\/wp-content\/uploads\/2018\/06\/IMG_5494.jpg\" data-orig-size=\"1024,768\" data-comments-opened=\"1\" data-image-meta=\"{&quot;aperture&quot;:&quot;1.8&quot;,&quot;credit&quot;:&quot;&quot;,&quot;camera&quot;:&quot;iPhone 7&quot;,&quot;caption&quot;:&quot;&quot;,&quot;created_timestamp&quot;:&quot;1528370234&quot;,&quot;copyright&quot;:&quot;&quot;,&quot;focal_length&quot;:&quot;3.99&quot;,&quot;iso&quot;:&quot;32&quot;,&quot;shutter_speed&quot;:&quot;0.03030303030303&quot;,&quot;title&quot;:&quot;&quot;,&quot;orientation&quot;:&quot;1&quot;}\" data-image-title=\"IMG_5494\" data-image-description=\"\" data-medium-file=\"https:\/\/iesmgkorreas.com\/proyectoeuropa2024\/wp-content\/uploads\/2018\/06\/IMG_5494-300x225.jpg\" data-large-file=\"https:\/\/iesmgkorreas.com\/proyectoeuropa2024\/wp-content\/uploads\/2018\/06\/IMG_5494-1024x768.jpg\" src=\"https:\/\/iesmgkorreas.com\/proyectoeuropa2024\/wp-content\/uploads\/2018\/06\/IMG_5494-188x141.jpg\" width=\"188\" height=\"141\" align=\"left\" title=\"IMG_5494\" \/><\/a><\/div><div class=\"tiled-gallery-item tiled-gallery-item-small\"><a href=\"https:\/\/iesmgkorreas.com\/proyectoeuropa2024\/index.php\/chipre\/img_5495\/\"><img loading=\"lazy\" decoding=\"async\" data-attachment-id=\"572\" data-orig-file=\"https:\/\/iesmgkorreas.com\/proyectoeuropa2024\/wp-content\/uploads\/2018\/06\/IMG_5495.jpg\" data-orig-size=\"1024,768\" data-comments-opened=\"1\" data-image-meta=\"{&quot;aperture&quot;:&quot;1.8&quot;,&quot;credit&quot;:&quot;&quot;,&quot;camera&quot;:&quot;iPhone 7&quot;,&quot;caption&quot;:&quot;&quot;,&quot;created_timestamp&quot;:&quot;1528370238&quot;,&quot;copyright&quot;:&quot;&quot;,&quot;focal_length&quot;:&quot;3.99&quot;,&quot;iso&quot;:&quot;25&quot;,&quot;shutter_speed&quot;:&quot;0.03030303030303&quot;,&quot;title&quot;:&quot;&quot;,&quot;orientation&quot;:&quot;1&quot;}\" data-image-title=\"IMG_5495\" data-image-description=\"\" data-medium-file=\"https:\/\/iesmgkorreas.com\/proyectoeuropa2024\/wp-content\/uploads\/2018\/06\/IMG_5495-300x225.jpg\" data-large-file=\"https:\/\/iesmgkorreas.com\/proyectoeuropa2024\/wp-content\/uploads\/2018\/06\/IMG_5495-1024x768.jpg\" src=\"https:\/\/iesmgkorreas.com\/proyectoeuropa2024\/wp-content\/uploads\/2018\/06\/IMG_5495-188x141.jpg\" width=\"188\" height=\"141\" align=\"left\" title=\"IMG_5495\" \/><\/a><\/div><\/div><\/div><div class=\"gallery-row\" style=\"width: 520px; height: 688px;\"><div class=\"gallery-group images-1\" style=\"width: 520px; height: 692px;\"><div class=\"tiled-gallery-item tiled-gallery-item-large\"><a href=\"https:\/\/iesmgkorreas.com\/proyectoeuropa2024\/index.php\/chipre\/img_5496\/\"><img loading=\"lazy\" decoding=\"async\" data-attachment-id=\"573\" data-orig-file=\"https:\/\/iesmgkorreas.com\/proyectoeuropa2024\/wp-content\/uploads\/2018\/06\/IMG_5496.jpg\" data-orig-size=\"768,1024\" data-comments-opened=\"1\" data-image-meta=\"{&quot;aperture&quot;:&quot;1.8&quot;,&quot;credit&quot;:&quot;&quot;,&quot;camera&quot;:&quot;iPhone 7&quot;,&quot;caption&quot;:&quot;&quot;,&quot;created_timestamp&quot;:&quot;1528370243&quot;,&quot;copyright&quot;:&quot;&quot;,&quot;focal_length&quot;:&quot;3.99&quot;,&quot;iso&quot;:&quot;25&quot;,&quot;shutter_speed&quot;:&quot;0.03030303030303&quot;,&quot;title&quot;:&quot;&quot;,&quot;orientation&quot;:&quot;1&quot;}\" data-image-title=\"IMG_5496\" data-image-description=\"\" data-medium-file=\"https:\/\/iesmgkorreas.com\/proyectoeuropa2024\/wp-content\/uploads\/2018\/06\/IMG_5496-225x300.jpg\" data-large-file=\"https:\/\/iesmgkorreas.com\/proyectoeuropa2024\/wp-content\/uploads\/2018\/06\/IMG_5496-768x1024.jpg\" src=\"https:\/\/iesmgkorreas.com\/proyectoeuropa2024\/wp-content\/uploads\/2018\/06\/IMG_5496-516x688.jpg\" width=\"516\" height=\"688\" align=\"left\" title=\"IMG_5496\" \/><\/a><\/div><\/div><\/div><\/div>\n<hr \/>\n<p><span style=\"color: #800080;\">Profesora: \u00c1ngel<\/span><\/p>\n<p><span style=\"color: #800080;\">Materia: Matem\u00e1ticas<\/span><\/p>\n<p><span style=\"color: #800080;\">Actividad:<\/span><\/p>\n<p>La isla de Chipre estuvo durante siglos bajo dominio griego, de ah\u00ed que compartan alfabeto y cultura. El conocimiento del alfabeto griego es importante para el estudio de las Matem\u00e1ticas y de cualquier Ciencia, ya que es este alfabeto el que se toma como referencia para denominar a la mayor\u00eda de constantes y variables.<\/p>\n<p>Los alumnos realizan en grupo un mural con las letras del alfabeto chipriota (griego) tanto may\u00fasculas como min\u00fasculas.<\/p>\n<div data-carousel-extra='{\"blog_id\":1,\"permalink\":\"https:\\\/\\\/iesmgkorreas.com\\\/proyectoeuropa2024\\\/index.php\\\/chipre\\\/\"}' class=\"tiled-gallery type-square\" data-original-width=\"525\"><div class=\"tiled-gallery-item\"><a border=\"0\" href=\"https:\/\/iesmgkorreas.com\/proyectoeuropa2024\/index.php\/chipre\/img_20180514_115651_862\/\"><img decoding=\"async\" data-attachment-id=\"587\" data-orig-file=\"https:\/\/iesmgkorreas.com\/proyectoeuropa2024\/wp-content\/uploads\/2018\/06\/IMG_20180514_115651_862.jpg\" data-orig-size=\"1024,768\" data-comments-opened=\"1\" data-image-meta=\"{&quot;aperture&quot;:&quot;2&quot;,&quot;credit&quot;:&quot;&quot;,&quot;camera&quot;:&quot;Aquaris U Plus&quot;,&quot;caption&quot;:&quot;&quot;,&quot;created_timestamp&quot;:&quot;1526299012&quot;,&quot;copyright&quot;:&quot;&quot;,&quot;focal_length&quot;:&quot;3.4&quot;,&quot;iso&quot;:&quot;131&quot;,&quot;shutter_speed&quot;:&quot;0.020408163265306&quot;,&quot;title&quot;:&quot;&quot;,&quot;orientation&quot;:&quot;0&quot;}\" data-image-title=\"IMG_20180514_115651_862\" data-image-description=\"\" data-medium-file=\"https:\/\/iesmgkorreas.com\/proyectoeuropa2024\/wp-content\/uploads\/2018\/06\/IMG_20180514_115651_862-300x225.jpg\" data-large-file=\"https:\/\/iesmgkorreas.com\/proyectoeuropa2024\/wp-content\/uploads\/2018\/06\/IMG_20180514_115651_862-1024x768.jpg\" style=\"margin: 2px\" src=\"https:\/\/iesmgkorreas.com\/proyectoeuropa2024\/wp-content\/uploads\/2018\/06\/IMG_20180514_115651_862-171x171.jpg\" width=171 height=171 title=\"IMG_20180514_115651_862\" \/><\/a><\/div><div class=\"tiled-gallery-item\"><a border=\"0\" href=\"https:\/\/iesmgkorreas.com\/proyectoeuropa2024\/index.php\/chipre\/img_20180514_115719_980\/\"><img decoding=\"async\" data-attachment-id=\"588\" data-orig-file=\"https:\/\/iesmgkorreas.com\/proyectoeuropa2024\/wp-content\/uploads\/2018\/06\/IMG_20180514_115719_980.jpg\" data-orig-size=\"1024,768\" data-comments-opened=\"1\" data-image-meta=\"{&quot;aperture&quot;:&quot;2&quot;,&quot;credit&quot;:&quot;&quot;,&quot;camera&quot;:&quot;Aquaris U Plus&quot;,&quot;caption&quot;:&quot;&quot;,&quot;created_timestamp&quot;:&quot;1526299040&quot;,&quot;copyright&quot;:&quot;&quot;,&quot;focal_length&quot;:&quot;3.4&quot;,&quot;iso&quot;:&quot;231&quot;,&quot;shutter_speed&quot;:&quot;0.020408163265306&quot;,&quot;title&quot;:&quot;&quot;,&quot;orientation&quot;:&quot;0&quot;}\" data-image-title=\"IMG_20180514_115719_980\" data-image-description=\"\" data-medium-file=\"https:\/\/iesmgkorreas.com\/proyectoeuropa2024\/wp-content\/uploads\/2018\/06\/IMG_20180514_115719_980-300x225.jpg\" data-large-file=\"https:\/\/iesmgkorreas.com\/proyectoeuropa2024\/wp-content\/uploads\/2018\/06\/IMG_20180514_115719_980-1024x768.jpg\" style=\"margin: 2px\" src=\"https:\/\/iesmgkorreas.com\/proyectoeuropa2024\/wp-content\/uploads\/2018\/06\/IMG_20180514_115719_980-171x171.jpg\" width=171 height=171 title=\"IMG_20180514_115719_980\" \/><\/a><\/div><div class=\"tiled-gallery-item\"><a border=\"0\" href=\"https:\/\/iesmgkorreas.com\/proyectoeuropa2024\/index.php\/chipre\/img_20180514_115727_619\/\"><img decoding=\"async\" data-attachment-id=\"589\" data-orig-file=\"https:\/\/iesmgkorreas.com\/proyectoeuropa2024\/wp-content\/uploads\/2018\/06\/IMG_20180514_115727_619.jpg\" data-orig-size=\"1024,768\" data-comments-opened=\"1\" data-image-meta=\"{&quot;aperture&quot;:&quot;2&quot;,&quot;credit&quot;:&quot;&quot;,&quot;camera&quot;:&quot;Aquaris U Plus&quot;,&quot;caption&quot;:&quot;&quot;,&quot;created_timestamp&quot;:&quot;1526299047&quot;,&quot;copyright&quot;:&quot;&quot;,&quot;focal_length&quot;:&quot;3.4&quot;,&quot;iso&quot;:&quot;146&quot;,&quot;shutter_speed&quot;:&quot;0.020408163265306&quot;,&quot;title&quot;:&quot;&quot;,&quot;orientation&quot;:&quot;0&quot;}\" data-image-title=\"IMG_20180514_115727_619\" data-image-description=\"\" data-medium-file=\"https:\/\/iesmgkorreas.com\/proyectoeuropa2024\/wp-content\/uploads\/2018\/06\/IMG_20180514_115727_619-300x225.jpg\" data-large-file=\"https:\/\/iesmgkorreas.com\/proyectoeuropa2024\/wp-content\/uploads\/2018\/06\/IMG_20180514_115727_619-1024x768.jpg\" style=\"margin: 2px\" src=\"https:\/\/iesmgkorreas.com\/proyectoeuropa2024\/wp-content\/uploads\/2018\/06\/IMG_20180514_115727_619-171x171.jpg\" width=171 height=171 title=\"IMG_20180514_115727_619\" \/><\/a><\/div><\/div>\n<hr \/>\n<p><span style=\"color: #800080;\">Profesora: Beatriz<\/span><\/p>\n<p><span style=\"color: #800080;\">Materia:\u00a0 Ciencias Sociales<\/span><\/p>\n<p>CONTENIDOS<br \/>\n&#8211; Aspectos generales de cada pa\u00eds desde el \u00e1mbito social( poblaci\u00f3n, superficie, idioma. Moneda&#8230;)<br \/>\n-caracter\u00edsticas principales del espacio f\u00edsico (relieve. Clima ,costas, r\u00edos,&#8230;)<br \/>\n&#8211; acontecimientos hist\u00f3ricos m\u00e1s significativos.<br \/>\n&#8211; elementos culturales (gastronom\u00eda, tradiciones, religi\u00f3n,&#8230;.)<br \/>\nACTIVIDADES<br \/>\n-B\u00fasqueda y recopilaci\u00f3n de informaci\u00f3n , utilizando los ordenadores del aula y la biblioteca<br \/>\n-Selecci\u00f3n de contenidos por parte del alumnado<br \/>\n-Agrupamientos en funci\u00f3n de la actividad a desarrollar<br \/>\n-Reparto de tareas y contenidos a trabajar<br \/>\nMATERIALES<br \/>\n-banderas, banderines,escudos de cada pa\u00eds<br \/>\n-murales con las caracter\u00edsticas principales a nivel general de cada pa\u00eds<br \/>\n-mapa f\u00edsico<br \/>\n-mapa de la divisi\u00f3n administrativa y territorial<br \/>\n-mural de platos t\u00edpicos<br \/>\n-mural de los personajes m\u00e1s importantes nacidos en ese pa\u00eds<br \/>\n-Mural de monumentos importantes<\/p>\n<hr \/>\n<p><span style=\"color: #800080;\">Profesora: M\u00aa del Valle<\/span><\/p>\n<p><span style=\"color: #800080;\">Materia: F\u00edsica y Qu\u00edmica<\/span><\/p>\n<p><span style=\"color: #800080;\">Actividad:\u00a0<span style=\"color: #000000;\">El pa\u00eds era Chipre, por lo cual hemos trabajado el cobre, ya que la palabra \u201ccobre\u201d proviene del lat\u00edn cuprum, vocablo que a su vez deriva de la expresi\u00f3n latina aes cyprium que significa \u201cmetal de Chipre\u201d .<\/span><\/span><\/p>\n<p>&nbsp;<\/p>\n<hr \/>\n<p>&nbsp;<\/p>\n","protected":false},"excerpt":{"rendered":"<p>Realizada por alumnos de ESO 2\u00ba E Profesora: Rebeca Materia: Religi\u00f3n Actividad: Profesora: \u00c1ngel Materia: Matem\u00e1ticas Actividad: La isla de Chipre estuvo durante siglos bajo dominio griego, de ah\u00ed que compartan alfabeto y cultura. El conocimiento del alfabeto griego es importante para el estudio de las Matem\u00e1ticas y de cualquier Ciencia, ya que es este &hellip; <\/p>\n<p class=\"link-more\"><a href=\"https:\/\/iesmgkorreas.com\/proyectoeuropa2024\/index.php\/chipre\/\" class=\"more-link\">Continuar leyendo<span class=\"screen-reader-text\"> \u00abChipre\u00bb<\/span><\/a><\/p>\n","protected":false},"author":1,"featured_media":0,"parent":0,"menu_order":0,"comment_status":"closed","ping_status":"closed","template":"","meta":{"footnotes":""},"_links":{"self":[{"href":"https:\/\/iesmgkorreas.com\/proyectoeuropa2024\/index.php\/wp-json\/wp\/v2\/pages\/157"}],"collection":[{"href":"https:\/\/iesmgkorreas.com\/proyectoeuropa2024\/index.php\/wp-json\/wp\/v2\/pages"}],"about":[{"href":"https:\/\/iesmgkorreas.com\/proyectoeuropa2024\/index.php\/wp-json\/wp\/v2\/types\/page"}],"author":[{"embeddable":true,"href":"https:\/\/iesmgkorreas.com\/proyectoeuropa2024\/index.php\/wp-json\/wp\/v2\/users\/1"}],"replies":[{"embeddable":true,"href":"https:\/\/iesmgkorreas.com\/proyectoeuropa2024\/index.php\/wp-json\/wp\/v2\/comments?post=157"}],"version-history":[{"count":7,"href":"https:\/\/iesmgkorreas.com\/proyectoeuropa2024\/index.php\/wp-json\/wp\/v2\/pages\/157\/revisions"}],"predecessor-version":[{"id":816,"href":"https:\/\/iesmgkorreas.com\/proyectoeuropa2024\/index.php\/wp-json\/wp\/v2\/pages\/157\/revisions\/816"}],"wp:attachment":[{"href":"https:\/\/iesmgkorreas.com\/proyectoeuropa2024\/index.php\/wp-json\/wp\/v2\/media?parent=157"}],"curies":[{"name":"wp","href":"https:\/\/api.w.org\/{rel}","templated":true}]}}