{"id":142,"date":"2018-05-18T12:25:11","date_gmt":"2018-05-18T12:25:11","guid":{"rendered":"http:\/\/www.bibliogonzalokorreas.com\/proyectoeuropa\/?page_id=142"},"modified":"2018-06-18T12:11:48","modified_gmt":"2018-06-18T12:11:48","slug":"azerbaiyan","status":"publish","type":"page","link":"https:\/\/iesmgkorreas.com\/proyectoeuropa2024\/index.php\/azerbaiyan\/","title":{"rendered":"Azerbaiy\u00e1n"},"content":{"rendered":"<h1><strong>Realizada por alumnos de ESO 1\u00ba F<br \/>\n<\/strong><\/h1>\n<p><span style=\"color: #800080;\">Profesor:<\/span><\/p>\n<p><span style=\"color: #800080;\">Materia: Geograf\u00eda e Historia<\/span><\/p>\n<p align=\"justify\"><span style=\"font-family: Arial, serif;\"><span style=\"font-size: large;\"><span style=\"color: #800080;\">Actividad:<\/span>Los trabajos realizados han sido:<\/span><\/span><\/p>\n<ul>\n<li>\n<p align=\"justify\"><span style=\"font-family: Arial, serif;\"><span style=\"font-size: large;\">Geograf\u00eda: situaci\u00f3n, bandera, capital y extensi\u00f3n.<\/span><\/span><\/p>\n<\/li>\n<li>\n<p align=\"justify\"><span style=\"font-family: Arial, serif;\"><span style=\"font-size: large;\">Territorio: mapas, r\u00edos y monta\u00f1as.<\/span><\/span><\/p>\n<\/li>\n<\/ul>\n<hr \/>\n<p><span style=\"color: #800080;\">Profesor<\/span><span style=\"color: #800080;\">: Roberto<\/span><\/p>\n<p><span style=\"color: #800080;\">Materia: Ingl\u00e9s<\/span><\/p>\n<p><span style=\"color: #800080;\">Actividad<\/span>: Presentaci\u00f3n en una diapositiva sobre la moneda de Azerbaiy\u00e1n<\/p>\n<p><img loading=\"lazy\" decoding=\"async\" class=\"alignnone size-full wp-image-428\" src=\"http:\/\/www.bibliogonzalokorreas.com\/proyectoeuropa\/wp-content\/uploads\/2018\/05\/1\u00baESO_F___Azerbaiyan.png\" alt=\"\" width=\"960\" height=\"768\" srcset=\"https:\/\/iesmgkorreas.com\/proyectoeuropa2024\/wp-content\/uploads\/2018\/05\/1\u00baESO_F___Azerbaiyan.png 960w, https:\/\/iesmgkorreas.com\/proyectoeuropa2024\/wp-content\/uploads\/2018\/05\/1\u00baESO_F___Azerbaiyan-300x240.png 300w, https:\/\/iesmgkorreas.com\/proyectoeuropa2024\/wp-content\/uploads\/2018\/05\/1\u00baESO_F___Azerbaiyan-768x614.png 768w\" sizes=\"(max-width: 767px) 89vw, (max-width: 1000px) 54vw, (max-width: 1071px) 543px, 580px\" \/><\/p>\n<hr \/>\n<p align=\"left\"><span style=\"color: #800080;\">Profesora:\u00a0 Rebeca<\/span><\/p>\n<p align=\"left\"><span style=\"color: #800080;\">Materia: Religi\u00f3n<\/span><\/p>\n<p align=\"left\"><span style=\"color: #800080;\">Actividad:<\/span> Hemos trabajado las caracter\u00edsticas de la religi\u00f3n mayoritaria de Azerbaiy\u00e1n (Islam (93,4 %) compar\u00e1ndola con la religi\u00f3n mayoritaria de Espa\u00f1a (cristianismo cat\u00f3lico). Se han realizado por grupos de tres o cuatro alumno\/as b\u00fasquedas en Internet sobre los ritos, celebraciones, libros sagrados, moral, representante, santos, templos m\u00e1s importantes del pa\u00eds, etc. Por ejemplo: los cinco pilares del Islam, el Ramad\u00e1n, el rezo&#8230;Todo ello lo han imprimido y colocado en un mural dibujado por ellos de un templo sagrado del Islam para hacerlo m\u00e1s visual.<\/p>\n<div data-carousel-extra='{\"blog_id\":1,\"permalink\":\"https:\\\/\\\/iesmgkorreas.com\\\/proyectoeuropa2024\\\/index.php\\\/azerbaiyan\\\/\"}' class=\"tiled-gallery type-square\" data-original-width=\"525\"><div class=\"tiled-gallery-item\"><a border=\"0\" href=\"https:\/\/iesmgkorreas.com\/proyectoeuropa2024\/index.php\/azerbaiyan\/img_5247\/\"><img decoding=\"async\" data-attachment-id=\"575\" data-orig-file=\"https:\/\/iesmgkorreas.com\/proyectoeuropa2024\/wp-content\/uploads\/2018\/06\/IMG_5247.jpg\" data-orig-size=\"1024,768\" data-comments-opened=\"1\" data-image-meta=\"{&quot;aperture&quot;:&quot;1.8&quot;,&quot;credit&quot;:&quot;&quot;,&quot;camera&quot;:&quot;iPhone 7&quot;,&quot;caption&quot;:&quot;&quot;,&quot;created_timestamp&quot;:&quot;1526991598&quot;,&quot;copyright&quot;:&quot;&quot;,&quot;focal_length&quot;:&quot;3.99&quot;,&quot;iso&quot;:&quot;100&quot;,&quot;shutter_speed&quot;:&quot;0.076923076923077&quot;,&quot;title&quot;:&quot;&quot;,&quot;orientation&quot;:&quot;1&quot;}\" data-image-title=\"IMG_5247\" data-image-description=\"\" data-medium-file=\"https:\/\/iesmgkorreas.com\/proyectoeuropa2024\/wp-content\/uploads\/2018\/06\/IMG_5247-300x225.jpg\" data-large-file=\"https:\/\/iesmgkorreas.com\/proyectoeuropa2024\/wp-content\/uploads\/2018\/06\/IMG_5247-1024x768.jpg\" style=\"margin: 2px\" src=\"https:\/\/iesmgkorreas.com\/proyectoeuropa2024\/wp-content\/uploads\/2018\/06\/IMG_5247-258x258.jpg\" width=258 height=258 title=\"IMG_5247\" \/><\/a><\/div><div class=\"tiled-gallery-item\"><a border=\"0\" href=\"https:\/\/iesmgkorreas.com\/proyectoeuropa2024\/index.php\/azerbaiyan\/img_5249\/\"><img decoding=\"async\" data-attachment-id=\"576\" data-orig-file=\"https:\/\/iesmgkorreas.com\/proyectoeuropa2024\/wp-content\/uploads\/2018\/06\/IMG_5249.jpg\" data-orig-size=\"1024,768\" data-comments-opened=\"1\" data-image-meta=\"{&quot;aperture&quot;:&quot;1.8&quot;,&quot;credit&quot;:&quot;&quot;,&quot;camera&quot;:&quot;iPhone 7&quot;,&quot;caption&quot;:&quot;&quot;,&quot;created_timestamp&quot;:&quot;1526991987&quot;,&quot;copyright&quot;:&quot;&quot;,&quot;focal_length&quot;:&quot;3.99&quot;,&quot;iso&quot;:&quot;100&quot;,&quot;shutter_speed&quot;:&quot;0.083333333333333&quot;,&quot;title&quot;:&quot;&quot;,&quot;orientation&quot;:&quot;1&quot;}\" data-image-title=\"IMG_5249\" data-image-description=\"\" data-medium-file=\"https:\/\/iesmgkorreas.com\/proyectoeuropa2024\/wp-content\/uploads\/2018\/06\/IMG_5249-300x225.jpg\" data-large-file=\"https:\/\/iesmgkorreas.com\/proyectoeuropa2024\/wp-content\/uploads\/2018\/06\/IMG_5249-1024x768.jpg\" style=\"margin: 2px\" src=\"https:\/\/iesmgkorreas.com\/proyectoeuropa2024\/wp-content\/uploads\/2018\/06\/IMG_5249-258x258.jpg\" width=258 height=258 title=\"IMG_5249\" \/><\/a><\/div><div class=\"tiled-gallery-item\"><a border=\"0\" href=\"https:\/\/iesmgkorreas.com\/proyectoeuropa2024\/index.php\/azerbaiyan\/img_5448\/\"><img decoding=\"async\" data-attachment-id=\"577\" data-orig-file=\"https:\/\/iesmgkorreas.com\/proyectoeuropa2024\/wp-content\/uploads\/2018\/06\/IMG_5448.jpg\" data-orig-size=\"1024,768\" data-comments-opened=\"1\" data-image-meta=\"{&quot;aperture&quot;:&quot;1.8&quot;,&quot;credit&quot;:&quot;&quot;,&quot;camera&quot;:&quot;iPhone 7&quot;,&quot;caption&quot;:&quot;&quot;,&quot;created_timestamp&quot;:&quot;1528200030&quot;,&quot;copyright&quot;:&quot;&quot;,&quot;focal_length&quot;:&quot;3.99&quot;,&quot;iso&quot;:&quot;32&quot;,&quot;shutter_speed&quot;:&quot;0.03030303030303&quot;,&quot;title&quot;:&quot;&quot;,&quot;orientation&quot;:&quot;1&quot;}\" data-image-title=\"IMG_5448\" data-image-description=\"\" data-medium-file=\"https:\/\/iesmgkorreas.com\/proyectoeuropa2024\/wp-content\/uploads\/2018\/06\/IMG_5448-300x225.jpg\" data-large-file=\"https:\/\/iesmgkorreas.com\/proyectoeuropa2024\/wp-content\/uploads\/2018\/06\/IMG_5448-1024x768.jpg\" style=\"margin: 2px\" src=\"https:\/\/iesmgkorreas.com\/proyectoeuropa2024\/wp-content\/uploads\/2018\/06\/IMG_5448-171x171.jpg\" width=171 height=171 title=\"IMG_5448\" \/><\/a><\/div><div class=\"tiled-gallery-item\"><a border=\"0\" href=\"https:\/\/iesmgkorreas.com\/proyectoeuropa2024\/index.php\/azerbaiyan\/img_5449\/\"><img decoding=\"async\" data-attachment-id=\"578\" data-orig-file=\"https:\/\/iesmgkorreas.com\/proyectoeuropa2024\/wp-content\/uploads\/2018\/06\/IMG_5449.jpg\" data-orig-size=\"1024,768\" data-comments-opened=\"1\" data-image-meta=\"{&quot;aperture&quot;:&quot;1.8&quot;,&quot;credit&quot;:&quot;&quot;,&quot;camera&quot;:&quot;iPhone 7&quot;,&quot;caption&quot;:&quot;&quot;,&quot;created_timestamp&quot;:&quot;1528200049&quot;,&quot;copyright&quot;:&quot;&quot;,&quot;focal_length&quot;:&quot;3.99&quot;,&quot;iso&quot;:&quot;40&quot;,&quot;shutter_speed&quot;:&quot;0.04&quot;,&quot;title&quot;:&quot;&quot;,&quot;orientation&quot;:&quot;1&quot;}\" data-image-title=\"IMG_5449\" data-image-description=\"\" data-medium-file=\"https:\/\/iesmgkorreas.com\/proyectoeuropa2024\/wp-content\/uploads\/2018\/06\/IMG_5449-300x225.jpg\" data-large-file=\"https:\/\/iesmgkorreas.com\/proyectoeuropa2024\/wp-content\/uploads\/2018\/06\/IMG_5449-1024x768.jpg\" style=\"margin: 2px\" src=\"https:\/\/iesmgkorreas.com\/proyectoeuropa2024\/wp-content\/uploads\/2018\/06\/IMG_5449-171x171.jpg\" width=171 height=171 title=\"IMG_5449\" \/><\/a><\/div><div class=\"tiled-gallery-item\"><a border=\"0\" href=\"https:\/\/iesmgkorreas.com\/proyectoeuropa2024\/index.php\/azerbaiyan\/img_5450\/\"><img decoding=\"async\" data-attachment-id=\"579\" data-orig-file=\"https:\/\/iesmgkorreas.com\/proyectoeuropa2024\/wp-content\/uploads\/2018\/06\/IMG_5450.jpg\" data-orig-size=\"1024,768\" data-comments-opened=\"1\" data-image-meta=\"{&quot;aperture&quot;:&quot;1.8&quot;,&quot;credit&quot;:&quot;&quot;,&quot;camera&quot;:&quot;iPhone 7&quot;,&quot;caption&quot;:&quot;&quot;,&quot;created_timestamp&quot;:&quot;1528200056&quot;,&quot;copyright&quot;:&quot;&quot;,&quot;focal_length&quot;:&quot;3.99&quot;,&quot;iso&quot;:&quot;32&quot;,&quot;shutter_speed&quot;:&quot;0.03030303030303&quot;,&quot;title&quot;:&quot;&quot;,&quot;orientation&quot;:&quot;1&quot;}\" data-image-title=\"IMG_5450\" data-image-description=\"\" data-medium-file=\"https:\/\/iesmgkorreas.com\/proyectoeuropa2024\/wp-content\/uploads\/2018\/06\/IMG_5450-300x225.jpg\" data-large-file=\"https:\/\/iesmgkorreas.com\/proyectoeuropa2024\/wp-content\/uploads\/2018\/06\/IMG_5450-1024x768.jpg\" style=\"margin: 2px\" src=\"https:\/\/iesmgkorreas.com\/proyectoeuropa2024\/wp-content\/uploads\/2018\/06\/IMG_5450-171x171.jpg\" width=171 height=171 title=\"IMG_5450\" \/><\/a><\/div><div class=\"tiled-gallery-item\"><a border=\"0\" href=\"https:\/\/iesmgkorreas.com\/proyectoeuropa2024\/index.php\/azerbaiyan\/img_5451\/\"><img decoding=\"async\" data-attachment-id=\"580\" data-orig-file=\"https:\/\/iesmgkorreas.com\/proyectoeuropa2024\/wp-content\/uploads\/2018\/06\/IMG_5451.jpg\" data-orig-size=\"1024,768\" data-comments-opened=\"1\" data-image-meta=\"{&quot;aperture&quot;:&quot;1.8&quot;,&quot;credit&quot;:&quot;&quot;,&quot;camera&quot;:&quot;iPhone 7&quot;,&quot;caption&quot;:&quot;&quot;,&quot;created_timestamp&quot;:&quot;1528200060&quot;,&quot;copyright&quot;:&quot;&quot;,&quot;focal_length&quot;:&quot;3.99&quot;,&quot;iso&quot;:&quot;40&quot;,&quot;shutter_speed&quot;:&quot;0.03030303030303&quot;,&quot;title&quot;:&quot;&quot;,&quot;orientation&quot;:&quot;6&quot;}\" data-image-title=\"IMG_5451\" data-image-description=\"\" data-medium-file=\"https:\/\/iesmgkorreas.com\/proyectoeuropa2024\/wp-content\/uploads\/2018\/06\/IMG_5451-300x225.jpg\" data-large-file=\"https:\/\/iesmgkorreas.com\/proyectoeuropa2024\/wp-content\/uploads\/2018\/06\/IMG_5451-1024x768.jpg\" style=\"margin: 2px\" src=\"https:\/\/iesmgkorreas.com\/proyectoeuropa2024\/wp-content\/uploads\/2018\/06\/IMG_5451-171x171.jpg\" width=171 height=171 title=\"IMG_5451\" \/><\/a><\/div><div class=\"tiled-gallery-item\"><a border=\"0\" href=\"https:\/\/iesmgkorreas.com\/proyectoeuropa2024\/index.php\/azerbaiyan\/img_5452\/\"><img decoding=\"async\" data-attachment-id=\"581\" data-orig-file=\"https:\/\/iesmgkorreas.com\/proyectoeuropa2024\/wp-content\/uploads\/2018\/06\/IMG_5452.jpg\" data-orig-size=\"1024,768\" data-comments-opened=\"1\" data-image-meta=\"{&quot;aperture&quot;:&quot;1.8&quot;,&quot;credit&quot;:&quot;&quot;,&quot;camera&quot;:&quot;iPhone 7&quot;,&quot;caption&quot;:&quot;&quot;,&quot;created_timestamp&quot;:&quot;1528200074&quot;,&quot;copyright&quot;:&quot;&quot;,&quot;focal_length&quot;:&quot;3.99&quot;,&quot;iso&quot;:&quot;32&quot;,&quot;shutter_speed&quot;:&quot;0.03030303030303&quot;,&quot;title&quot;:&quot;&quot;,&quot;orientation&quot;:&quot;6&quot;}\" data-image-title=\"IMG_5452\" data-image-description=\"\" data-medium-file=\"https:\/\/iesmgkorreas.com\/proyectoeuropa2024\/wp-content\/uploads\/2018\/06\/IMG_5452-300x225.jpg\" data-large-file=\"https:\/\/iesmgkorreas.com\/proyectoeuropa2024\/wp-content\/uploads\/2018\/06\/IMG_5452-1024x768.jpg\" style=\"margin: 2px\" src=\"https:\/\/iesmgkorreas.com\/proyectoeuropa2024\/wp-content\/uploads\/2018\/06\/IMG_5452-171x171.jpg\" width=171 height=171 title=\"IMG_5452\" \/><\/a><\/div><div class=\"tiled-gallery-item\"><a border=\"0\" href=\"https:\/\/iesmgkorreas.com\/proyectoeuropa2024\/index.php\/azerbaiyan\/img_5447\/\"><img decoding=\"async\" data-attachment-id=\"582\" data-orig-file=\"https:\/\/iesmgkorreas.com\/proyectoeuropa2024\/wp-content\/uploads\/2018\/06\/IMG_5447.jpg\" data-orig-size=\"1024,768\" data-comments-opened=\"1\" data-image-meta=\"{&quot;aperture&quot;:&quot;1.8&quot;,&quot;credit&quot;:&quot;&quot;,&quot;camera&quot;:&quot;iPhone 7&quot;,&quot;caption&quot;:&quot;&quot;,&quot;created_timestamp&quot;:&quot;1528199728&quot;,&quot;copyright&quot;:&quot;&quot;,&quot;focal_length&quot;:&quot;3.99&quot;,&quot;iso&quot;:&quot;40&quot;,&quot;shutter_speed&quot;:&quot;0.05&quot;,&quot;title&quot;:&quot;&quot;,&quot;orientation&quot;:&quot;1&quot;}\" data-image-title=\"IMG_5447\" data-image-description=\"\" data-medium-file=\"https:\/\/iesmgkorreas.com\/proyectoeuropa2024\/wp-content\/uploads\/2018\/06\/IMG_5447-300x225.jpg\" data-large-file=\"https:\/\/iesmgkorreas.com\/proyectoeuropa2024\/wp-content\/uploads\/2018\/06\/IMG_5447-1024x768.jpg\" style=\"margin: 2px\" src=\"https:\/\/iesmgkorreas.com\/proyectoeuropa2024\/wp-content\/uploads\/2018\/06\/IMG_5447-171x171.jpg\" width=171 height=171 title=\"IMG_5447\" \/><\/a><\/div><\/div>\n<hr \/>\n<p align=\"left\"><span style=\"color: #800080;\">Profesora:\u00a0 Marta<\/span><\/p>\n<p align=\"left\"><span style=\"color: #800080;\">Materia: Matem\u00e1ticas<\/span><\/p>\n<p align=\"left\"><span style=\"color: #800080;\">Actividad:<\/span><\/p>\n<div style=\"position: relative; height: 0px; padding-bottom: 56.25%;\"><iframe loading=\"lazy\" style=\"position: absolute; width: 100%; height: 100%; left: 0px;\" src=\"https:\/\/www.youtube.com\/embed\/JSjlfSgyk80?ecver=2\" width=\"640\" height=\"360\" frameborder=\"0\" allowfullscreen=\"allowfullscreen\"><\/iframe><\/div>\n<p>&nbsp;<\/p>\n","protected":false},"excerpt":{"rendered":"<p>Realizada por alumnos de ESO 1\u00ba F Profesor: Materia: Geograf\u00eda e Historia Actividad:Los trabajos realizados han sido: Geograf\u00eda: situaci\u00f3n, bandera, capital y extensi\u00f3n. Territorio: mapas, r\u00edos y monta\u00f1as. Profesor: Roberto Materia: Ingl\u00e9s Actividad: Presentaci\u00f3n en una diapositiva sobre la moneda de Azerbaiy\u00e1n Profesora:\u00a0 Rebeca Materia: Religi\u00f3n Actividad: Hemos trabajado las caracter\u00edsticas de la religi\u00f3n mayoritaria &hellip; <\/p>\n<p class=\"link-more\"><a href=\"https:\/\/iesmgkorreas.com\/proyectoeuropa2024\/index.php\/azerbaiyan\/\" class=\"more-link\">Continuar leyendo<span class=\"screen-reader-text\"> \u00abAzerbaiy\u00e1n\u00bb<\/span><\/a><\/p>\n","protected":false},"author":1,"featured_media":0,"parent":0,"menu_order":0,"comment_status":"closed","ping_status":"closed","template":"","meta":{"footnotes":""},"_links":{"self":[{"href":"https:\/\/iesmgkorreas.com\/proyectoeuropa2024\/index.php\/wp-json\/wp\/v2\/pages\/142"}],"collection":[{"href":"https:\/\/iesmgkorreas.com\/proyectoeuropa2024\/index.php\/wp-json\/wp\/v2\/pages"}],"about":[{"href":"https:\/\/iesmgkorreas.com\/proyectoeuropa2024\/index.php\/wp-json\/wp\/v2\/types\/page"}],"author":[{"embeddable":true,"href":"https:\/\/iesmgkorreas.com\/proyectoeuropa2024\/index.php\/wp-json\/wp\/v2\/users\/1"}],"replies":[{"embeddable":true,"href":"https:\/\/iesmgkorreas.com\/proyectoeuropa2024\/index.php\/wp-json\/wp\/v2\/comments?post=142"}],"version-history":[{"count":10,"href":"https:\/\/iesmgkorreas.com\/proyectoeuropa2024\/index.php\/wp-json\/wp\/v2\/pages\/142\/revisions"}],"predecessor-version":[{"id":795,"href":"https:\/\/iesmgkorreas.com\/proyectoeuropa2024\/index.php\/wp-json\/wp\/v2\/pages\/142\/revisions\/795"}],"wp:attachment":[{"href":"https:\/\/iesmgkorreas.com\/proyectoeuropa2024\/index.php\/wp-json\/wp\/v2\/media?parent=142"}],"curies":[{"name":"wp","href":"https:\/\/api.w.org\/{rel}","templated":true}]}}