{"id":139,"date":"2018-05-18T12:24:24","date_gmt":"2018-05-18T12:24:24","guid":{"rendered":"http:\/\/www.bibliogonzalokorreas.com\/proyectoeuropa\/?page_id=139"},"modified":"2018-06-18T12:20:02","modified_gmt":"2018-06-18T12:20:02","slug":"austria","status":"publish","type":"page","link":"https:\/\/iesmgkorreas.com\/proyectoeuropa2024\/index.php\/austria\/","title":{"rendered":"Austria"},"content":{"rendered":"<h1><strong>Realizada por alumnos de ESO 4\u00ba D<\/strong><\/h1>\n<p><span style=\"color: #800080;\">Profesor:<\/span><\/p>\n<p><span style=\"color: #800080;\">Materia: Econom\u00eda<\/span><\/p>\n<p><span style=\"color: #800080;\">Actividad:<\/span> La econom\u00eda de Austria.<\/p>\n<figure id=\"attachment_268\" aria-describedby=\"caption-attachment-268\" style=\"width: 160px\" class=\"wp-caption aligncenter\"><a href=\"http:\/\/www.bibliogonzalokorreas.com\/proyectoeuropa\/wp-content\/uploads\/2018\/05\/AUSTRIA.pdf\" target=\"_blank\" rel=\"noopener\"><img loading=\"lazy\" decoding=\"async\" class=\"wp-image-268 size-full\" src=\"http:\/\/www.bibliogonzalokorreas.com\/proyectoeuropa\/wp-content\/uploads\/2018\/05\/imgpdf.jpg\" alt=\"\" width=\"160\" height=\"150\" \/><\/a><figcaption id=\"caption-attachment-268\" class=\"wp-caption-text\">Trabajo 1<\/figcaption><\/figure>\n<p>&nbsp;<\/p>\n<figure id=\"attachment_268\" aria-describedby=\"caption-attachment-268\" style=\"width: 160px\" class=\"wp-caption aligncenter\"><a href=\"http:\/\/www.bibliogonzalokorreas.com\/proyectoeuropa\/wp-content\/uploads\/2018\/05\/La_Economia_en_Austria.pdf\" target=\"_blank\" rel=\"noopener\"><img loading=\"lazy\" decoding=\"async\" class=\"wp-image-268 size-full\" src=\"http:\/\/www.bibliogonzalokorreas.com\/proyectoeuropa\/wp-content\/uploads\/2018\/05\/imgpdf.jpg\" alt=\"\" width=\"160\" height=\"150\" \/><\/a><figcaption id=\"caption-attachment-268\" class=\"wp-caption-text\">Trabajo 2<\/figcaption><\/figure>\n<hr \/>\n<p><span style=\"color: #800080;\">Profesora: Carmen<\/span><\/p>\n<p><span style=\"color: #800080;\">Materia: Tecnolog\u00eda<\/span><\/p>\n<figure id=\"attachment_268\" aria-describedby=\"caption-attachment-268\" style=\"width: 160px\" class=\"wp-caption aligncenter\"><a href=\"http:\/\/www.bibliogonzalokorreas.com\/proyectoeuropa\/wp-content\/uploads\/2018\/05\/AUSTRIA-ANTONIOS-Y-ELENA-ROMEROodp.pdf\" target=\"_blank\" rel=\"noopener\"><img loading=\"lazy\" decoding=\"async\" class=\"wp-image-268 size-full\" src=\"http:\/\/www.bibliogonzalokorreas.com\/proyectoeuropa\/wp-content\/uploads\/2018\/05\/imgpdf.jpg\" alt=\"\" width=\"160\" height=\"150\" \/><\/a><figcaption id=\"caption-attachment-268\" class=\"wp-caption-text\">Antonio y Elena<\/figcaption><\/figure>\n<hr \/>\n<p><span style=\"color: #800080;\">Profesora: Beatriz<\/span><\/p>\n<p><span style=\"color: #800080;\">Materia:\u00a0 Ciencias Sociales<\/span><\/p>\n<p>CONTENIDOS<br \/>\n&#8211; Aspectos generales de cada pa\u00eds desde el \u00e1mbito social( poblaci\u00f3n, superficie, idioma. Moneda&#8230;)<br \/>\n-caracter\u00edsticas principales del espacio f\u00edsico (relieve. Clima ,costas, r\u00edos,&#8230;)<br \/>\n&#8211; acontecimientos hist\u00f3ricos m\u00e1s significativos.<br \/>\n&#8211; elementos culturales (gastronom\u00eda, tradiciones, religi\u00f3n,&#8230;.)<br \/>\nACTIVIDADES<br \/>\n-B\u00fasqueda y recopilaci\u00f3n de informaci\u00f3n , utilizando los ordenadores del aula y la biblioteca<br \/>\n-Selecci\u00f3n de contenidos por parte del alumnado<br \/>\n-Agrupamientos en funci\u00f3n de la actividad a desarrollar<br \/>\n-Reparto de tareas y contenidos a trabajar<br \/>\nMATERIALES<br \/>\n-banderas, banderines,escudos de cada pa\u00eds<br \/>\n-murales con las caracter\u00edsticas principales a nivel general de cada pa\u00eds<br \/>\n-mapa f\u00edsico<br \/>\n-mapa de la divisi\u00f3n administrativa y territorial<br \/>\n-mural de platos t\u00edpicos<br \/>\n-mural de los personajes m\u00e1s importantes nacidos en ese pa\u00eds<br \/>\n-Mural de monumentos importantes<\/p>\n<p>&nbsp;<\/p>\n","protected":false},"excerpt":{"rendered":"<p>Realizada por alumnos de ESO 4\u00ba D Profesor: Materia: Econom\u00eda Actividad: La econom\u00eda de Austria. &nbsp; Profesora: Carmen Materia: Tecnolog\u00eda Profesora: Beatriz Materia:\u00a0 Ciencias Sociales CONTENIDOS &#8211; Aspectos generales de cada pa\u00eds desde el \u00e1mbito social( poblaci\u00f3n, superficie, idioma. Moneda&#8230;) -caracter\u00edsticas principales del espacio f\u00edsico (relieve. Clima ,costas, r\u00edos,&#8230;) &#8211; acontecimientos hist\u00f3ricos m\u00e1s significativos. &#8211; &hellip; <\/p>\n<p class=\"link-more\"><a href=\"https:\/\/iesmgkorreas.com\/proyectoeuropa2024\/index.php\/austria\/\" class=\"more-link\">Continuar leyendo<span class=\"screen-reader-text\"> \u00abAustria\u00bb<\/span><\/a><\/p>\n","protected":false},"author":1,"featured_media":0,"parent":0,"menu_order":0,"comment_status":"closed","ping_status":"closed","template":"","meta":{"footnotes":""},"_links":{"self":[{"href":"https:\/\/iesmgkorreas.com\/proyectoeuropa2024\/index.php\/wp-json\/wp\/v2\/pages\/139"}],"collection":[{"href":"https:\/\/iesmgkorreas.com\/proyectoeuropa2024\/index.php\/wp-json\/wp\/v2\/pages"}],"about":[{"href":"https:\/\/iesmgkorreas.com\/proyectoeuropa2024\/index.php\/wp-json\/wp\/v2\/types\/page"}],"author":[{"embeddable":true,"href":"https:\/\/iesmgkorreas.com\/proyectoeuropa2024\/index.php\/wp-json\/wp\/v2\/users\/1"}],"replies":[{"embeddable":true,"href":"https:\/\/iesmgkorreas.com\/proyectoeuropa2024\/index.php\/wp-json\/wp\/v2\/comments?post=139"}],"version-history":[{"count":6,"href":"https:\/\/iesmgkorreas.com\/proyectoeuropa2024\/index.php\/wp-json\/wp\/v2\/pages\/139\/revisions"}],"predecessor-version":[{"id":796,"href":"https:\/\/iesmgkorreas.com\/proyectoeuropa2024\/index.php\/wp-json\/wp\/v2\/pages\/139\/revisions\/796"}],"wp:attachment":[{"href":"https:\/\/iesmgkorreas.com\/proyectoeuropa2024\/index.php\/wp-json\/wp\/v2\/media?parent=139"}],"curies":[{"name":"wp","href":"https:\/\/api.w.org\/{rel}","templated":true}]}}