{"id":127,"date":"2018-05-18T12:19:00","date_gmt":"2018-05-18T12:19:00","guid":{"rendered":"http:\/\/www.bibliogonzalokorreas.com\/proyectoeuropa\/?page_id=127"},"modified":"2018-06-18T10:32:15","modified_gmt":"2018-06-18T10:32:15","slug":"alemania","status":"publish","type":"page","link":"https:\/\/iesmgkorreas.com\/proyectoeuropa2024\/index.php\/alemania\/","title":{"rendered":"Alemania"},"content":{"rendered":"<h1><strong>Realizado por Alumnos 1\u00ba G.M.MANT.\u00a0VEH\u00cdCULOS<\/strong><\/h1>\n<p align=\"justify\"><b>PA\u00cdS: ALEMANIA<\/b><\/p>\n<p align=\"justify\"><b>CURSO: 1\u00ba DEL CICLO FORMATIVO DE ELECTROMEC\u00c1NICA DE VEH\u00cdCULOS.<\/b><\/p>\n<p align=\"justify\"><b>COORDINADORA: Milagros Mart\u00edn Mart\u00edn (FOL).<\/b><\/p>\n<p align=\"justify\">Todos los alumnos (en concreto 15) han participado en este proyecto de manera muy satisfactoria y provechosa. Ha resultado de gran utilidad tanto para los alumnos porque les ha acercado a conocer un poco m\u00e1s Europa, y para m\u00ed porque mi m\u00f3dulo que tiene como objetivo ser una orientaci\u00f3n laboral les ha abierto los ojos a otros pa\u00edses como futuros trabajadores.<\/p>\n<p align=\"justify\">Los temas que hemos tratado han sido:<\/p>\n<p align=\"justify\">FASE I (Del 29 de enero al 9 de Febrero) y FASE II (del 14 de Febrero al 2 marzo).<\/p>\n<ul>\n<li>\n<p align=\"justify\">Situaci\u00f3n geogr\u00e1fica del pa\u00eds en Europa. Distancia km con respecto a Espa\u00f1a. Idioma. Bandera. Principales ciudades. Pa\u00edses lim\u00edtrofes.<\/p>\n<\/li>\n<li>\n<p align=\"justify\">Papel que desempe\u00f1a dentro de la U.E. Fondos econ\u00f3micos que aporta al resto de los pa\u00edses y en concreto a Espa\u00f1a. Composici\u00f3n del Gobierno Europeo.<\/p>\n<\/li>\n<li>\n<p align=\"justify\">R\u00e9gimen pol\u00edtico y actual Presidenta, que al ser una mujer y por coincidir el desarrollo del proyecto con el D\u00eda Internacional de la Mujer, nos ha servido para recalcar el papel de la mujer en la sociedad actual y contribuir a concienciarnos de la igualdad de g\u00e9nero.<\/p>\n<\/li>\n<li>\n<p align=\"justify\">Breve historia de su historia contempor\u00e1nea (movimiento nazi, religi\u00f3n jud\u00eda, ca\u00edda del Muro de Berl\u00edn &#8230;etc.).<\/p>\n<\/li>\n<li>\n<p align=\"justify\">Actividad econ\u00f3mica principal del pa\u00eds, que al ser la industria automotriz (gran acierto por parte de los organizadores a la hora de asignar este pa\u00eds a este grupo), les ha acercado m\u00e1s al resto de m\u00f3dulos espec\u00edficos de su especialidad.<\/p>\n<\/li>\n<li>\n<p align=\"justify\"><a name=\"_GoBack\"><\/a> Personajes famosos alemanes, desde el cl\u00e1sico Beethoven, Einstein\u2026 hasta Claudia Schiffer).<\/p>\n<\/li>\n<li>\n<p align=\"justify\">Nexo entre Alemania y la Comarca de la Vera (Carlos V, cementerio alem\u00e1n o el empresario de origen alem\u00e1n afincado en la zona F. Hannemann Schroeder).<\/p>\n<\/li>\n<li>\n<p align=\"justify\">Poblaci\u00f3n alemana: distribuci\u00f3n por sexos, ocupaci\u00f3n, nivel de estudios, nivel de renta, gustos, hobbies, datos inmigrantes\u2026etc.).<\/p>\n<\/li>\n<li>\n<p align=\"justify\">Otros temas trabajados y relacionados espec\u00edficamente con el m\u00f3dulo de FOL:<\/p>\n<ul>\n<li>\n<p align=\"justify\">\u201cLibertad de circulaci\u00f3n de trabajadores dentro del espacio de la U.E\u201d<\/p>\n<\/li>\n<li>\n<p align=\"justify\">CV Europass<\/p>\n<\/li>\n<li>\n<p align=\"justify\">Requisitos para trabajar en Alemania.<\/p>\n<\/li>\n<li>\n<p align=\"justify\">Tipos de Contratos de Trabajo<\/p>\n<\/li>\n<li>\n<p align=\"justify\">Titulaciones m\u00e1s demandadas<\/p>\n<\/li>\n<li>\n<p align=\"justify\">S.M.I.<\/p>\n<\/li>\n<\/ul>\n<\/li>\n<\/ul>\n<p align=\"justify\">FASE IV (Del 3 de abril al 20 de abril). <i>Viajes Internacionales.<\/i><\/p>\n<p align=\"justify\">En esta cuarta fase, en coordinaci\u00f3n con los Departamentos de Actividades Comerciales y Administraci\u00f3n se han organizado dos intercambios con los alumnos de los Ciclos Formativos de los dos edificios en los que dan clases. En concreto,<\/p>\n<ul>\n<li>\n<p align=\"justify\">El d\u00eda 17 de Abril, los alumnos de 1\u00ba de Actividades Comerciales, 1\u00ba Gesti\u00f3n Administrativa y 1\u00ba de Administraci\u00f3n y Finanzas (previa autorizaci\u00f3n), fueron a los talleres de los alumnos de Electromec\u00e1nica para conocer el pa\u00eds en cuesti\u00f3n, Alemania. En esta visita, los alumnos distribuidos seg\u00fan lo que hab\u00edan trabajado en clase se encargaron de las siguientes actividades:<\/p>\n<ul>\n<li>\n<p align=\"justify\">Recibimiento: se les da la bienvenida y les hacen una peque\u00f1a introducci\u00f3n sobre la industria automotriz, marcas y modelos de coches alemanes.<\/p>\n<\/li>\n<li>\n<p align=\"justify\">A continuaci\u00f3n y delante de un coche, uno de los alumnos de automoci\u00f3n les explica c\u00f3mo es el motor de un coche, sus caracter\u00edsticas, porqu\u00e9 interesa comprar un coche en Alemania y qu\u00e9 tr\u00e1mites hay que seguir para comprar un coche en este pa\u00eds.<\/p>\n<\/li>\n<li>\n<p align=\"justify\">Acto seguido, todos los alumnos pasan al aula donde se les expone en PowerPoint, las caracter\u00edstica m\u00e1s importantes del pa\u00eds que se han trabajado en clase.<\/p>\n<\/li>\n<li>\n<p align=\"justify\">Como broche final, a la visita, se ofrece a los invitados, una peque\u00f1a degustaci\u00f3n de cerveza (sin alcohol), salchichas de Frankfurt, chocolatinas y galletas alemanas.<\/p>\n<\/li>\n<\/ul>\n<\/li>\n<\/ul>\n<ul>\n<li>\n<p align=\"justify\">El 24 de Abril, los alumnos de Electromec\u00e1nica, devolvieron la visita y se desplazaron al centro del C\u00e9sar Carlos para conocer al resto de pa\u00edses implicados en estos viajes internacionales (Polonia, Macedonia, Montenegro y Montecarlo).<\/p>\n<\/li>\n<\/ul>\n<p align=\"justify\">Todos los alumnos, de manera an\u00f3nima, rellenaron los cuestionarios para conocer su grado de satisfacci\u00f3n sobre este proyecto.<\/p>\n<p align=\"justify\">La experiencia ha resultado ser un \u00e9xito tanto para los alumnos como para los profesores y no me importar\u00eda volver a repetirla en cursos posteriores.<\/p>\n<div data-carousel-extra='{\"blog_id\":1,\"permalink\":\"https:\\\/\\\/iesmgkorreas.com\\\/proyectoeuropa2024\\\/index.php\\\/alemania\\\/\"}' class=\"tiled-gallery type-square\" data-original-width=\"525\"><div class=\"tiled-gallery-item\"><a border=\"0\" href=\"https:\/\/iesmgkorreas.com\/proyectoeuropa2024\/index.php\/alemania\/foto_2-2\/\"><img decoding=\"async\" data-attachment-id=\"734\" data-orig-file=\"https:\/\/iesmgkorreas.com\/proyectoeuropa2024\/wp-content\/uploads\/2018\/06\/foto_2.jpg\" data-orig-size=\"431,768\" data-comments-opened=\"1\" data-image-meta=\"{&quot;aperture&quot;:&quot;0&quot;,&quot;credit&quot;:&quot;&quot;,&quot;camera&quot;:&quot;&quot;,&quot;caption&quot;:&quot;&quot;,&quot;created_timestamp&quot;:&quot;0&quot;,&quot;copyright&quot;:&quot;&quot;,&quot;focal_length&quot;:&quot;0&quot;,&quot;iso&quot;:&quot;0&quot;,&quot;shutter_speed&quot;:&quot;0&quot;,&quot;title&quot;:&quot;&quot;,&quot;orientation&quot;:&quot;0&quot;}\" data-image-title=\"foto_2\" data-image-description=\"\" data-medium-file=\"https:\/\/iesmgkorreas.com\/proyectoeuropa2024\/wp-content\/uploads\/2018\/06\/foto_2-168x300.jpg\" data-large-file=\"https:\/\/iesmgkorreas.com\/proyectoeuropa2024\/wp-content\/uploads\/2018\/06\/foto_2.jpg\" style=\"margin: 2px\" src=\"https:\/\/iesmgkorreas.com\/proyectoeuropa2024\/wp-content\/uploads\/2018\/06\/foto_2-171x171.jpg\" width=171 height=171 title=\"foto_2\" \/><\/a><\/div><div class=\"tiled-gallery-item\"><a border=\"0\" href=\"https:\/\/iesmgkorreas.com\/proyectoeuropa2024\/index.php\/alemania\/3-2\/\"><img decoding=\"async\" data-attachment-id=\"732\" data-orig-file=\"https:\/\/iesmgkorreas.com\/proyectoeuropa2024\/wp-content\/uploads\/2018\/06\/3.jpg\" data-orig-size=\"1024,576\" data-comments-opened=\"1\" data-image-meta=\"{&quot;aperture&quot;:&quot;0&quot;,&quot;credit&quot;:&quot;&quot;,&quot;camera&quot;:&quot;&quot;,&quot;caption&quot;:&quot;&quot;,&quot;created_timestamp&quot;:&quot;0&quot;,&quot;copyright&quot;:&quot;&quot;,&quot;focal_length&quot;:&quot;0&quot;,&quot;iso&quot;:&quot;0&quot;,&quot;shutter_speed&quot;:&quot;0&quot;,&quot;title&quot;:&quot;&quot;,&quot;orientation&quot;:&quot;0&quot;}\" data-image-title=\"3\" data-image-description=\"\" data-medium-file=\"https:\/\/iesmgkorreas.com\/proyectoeuropa2024\/wp-content\/uploads\/2018\/06\/3-300x169.jpg\" data-large-file=\"https:\/\/iesmgkorreas.com\/proyectoeuropa2024\/wp-content\/uploads\/2018\/06\/3-1024x576.jpg\" style=\"margin: 2px\" src=\"https:\/\/iesmgkorreas.com\/proyectoeuropa2024\/wp-content\/uploads\/2018\/06\/3-171x171.jpg\" width=171 height=171 title=\"3\" \/><\/a><\/div><div class=\"tiled-gallery-item\"><a border=\"0\" href=\"https:\/\/iesmgkorreas.com\/proyectoeuropa2024\/index.php\/alemania\/4-2\/\"><img decoding=\"async\" data-attachment-id=\"733\" data-orig-file=\"https:\/\/iesmgkorreas.com\/proyectoeuropa2024\/wp-content\/uploads\/2018\/06\/4.jpg\" data-orig-size=\"1024,768\" data-comments-opened=\"1\" data-image-meta=\"{&quot;aperture&quot;:&quot;2&quot;,&quot;credit&quot;:&quot;&quot;,&quot;camera&quot;:&quot;ALE-L21&quot;,&quot;caption&quot;:&quot;&quot;,&quot;created_timestamp&quot;:&quot;1520250642&quot;,&quot;copyright&quot;:&quot;&quot;,&quot;focal_length&quot;:&quot;3.68&quot;,&quot;iso&quot;:&quot;140&quot;,&quot;shutter_speed&quot;:&quot;0.03030303030303&quot;,&quot;title&quot;:&quot;&quot;,&quot;orientation&quot;:&quot;1&quot;}\" data-image-title=\"4\" data-image-description=\"\" data-medium-file=\"https:\/\/iesmgkorreas.com\/proyectoeuropa2024\/wp-content\/uploads\/2018\/06\/4-300x225.jpg\" data-large-file=\"https:\/\/iesmgkorreas.com\/proyectoeuropa2024\/wp-content\/uploads\/2018\/06\/4-1024x768.jpg\" style=\"margin: 2px\" src=\"https:\/\/iesmgkorreas.com\/proyectoeuropa2024\/wp-content\/uploads\/2018\/06\/4-171x171.jpg\" width=171 height=171 title=\"4\" \/><\/a><\/div><div class=\"tiled-gallery-item\"><a border=\"0\" href=\"https:\/\/iesmgkorreas.com\/proyectoeuropa2024\/index.php\/alemania\/foto_7-2\/\"><img decoding=\"async\" data-attachment-id=\"735\" data-orig-file=\"https:\/\/iesmgkorreas.com\/proyectoeuropa2024\/wp-content\/uploads\/2018\/06\/foto_7.jpg\" data-orig-size=\"1024,768\" data-comments-opened=\"1\" data-image-meta=\"{&quot;aperture&quot;:&quot;2.4&quot;,&quot;credit&quot;:&quot;&quot;,&quot;camera&quot;:&quot;ALE-L21&quot;,&quot;caption&quot;:&quot;&quot;,&quot;created_timestamp&quot;:&quot;1520251061&quot;,&quot;copyright&quot;:&quot;&quot;,&quot;focal_length&quot;:&quot;2.38&quot;,&quot;iso&quot;:&quot;410&quot;,&quot;shutter_speed&quot;:&quot;0.0625&quot;,&quot;title&quot;:&quot;&quot;,&quot;orientation&quot;:&quot;1&quot;}\" data-image-title=\"foto_7\" data-image-description=\"\" data-medium-file=\"https:\/\/iesmgkorreas.com\/proyectoeuropa2024\/wp-content\/uploads\/2018\/06\/foto_7-300x225.jpg\" data-large-file=\"https:\/\/iesmgkorreas.com\/proyectoeuropa2024\/wp-content\/uploads\/2018\/06\/foto_7-1024x768.jpg\" style=\"margin: 2px\" src=\"https:\/\/iesmgkorreas.com\/proyectoeuropa2024\/wp-content\/uploads\/2018\/06\/foto_7-171x171.jpg\" width=171 height=171 title=\"foto_7\" \/><\/a><\/div><div class=\"tiled-gallery-item\"><a border=\"0\" href=\"https:\/\/iesmgkorreas.com\/proyectoeuropa2024\/index.php\/alemania\/p1000736-copia\/\"><img decoding=\"async\" data-attachment-id=\"736\" data-orig-file=\"https:\/\/iesmgkorreas.com\/proyectoeuropa2024\/wp-content\/uploads\/2018\/06\/P1000736-copia.jpg\" data-orig-size=\"1024,768\" data-comments-opened=\"1\" data-image-meta=\"{&quot;aperture&quot;:&quot;2.8&quot;,&quot;credit&quot;:&quot;&quot;,&quot;camera&quot;:&quot;DMC-FZ72&quot;,&quot;caption&quot;:&quot;&quot;,&quot;created_timestamp&quot;:&quot;1492951339&quot;,&quot;copyright&quot;:&quot;&quot;,&quot;focal_length&quot;:&quot;3.58&quot;,&quot;iso&quot;:&quot;100&quot;,&quot;shutter_speed&quot;:&quot;0.002&quot;,&quot;title&quot;:&quot;&quot;,&quot;orientation&quot;:&quot;1&quot;}\" data-image-title=\"P1000736 &#8211; copia\" data-image-description=\"\" data-medium-file=\"https:\/\/iesmgkorreas.com\/proyectoeuropa2024\/wp-content\/uploads\/2018\/06\/P1000736-copia-300x225.jpg\" data-large-file=\"https:\/\/iesmgkorreas.com\/proyectoeuropa2024\/wp-content\/uploads\/2018\/06\/P1000736-copia-1024x768.jpg\" style=\"margin: 2px\" src=\"https:\/\/iesmgkorreas.com\/proyectoeuropa2024\/wp-content\/uploads\/2018\/06\/P1000736-copia-171x171.jpg\" width=171 height=171 title=\"P1000736 - copia\" \/><\/a><\/div><div class=\"tiled-gallery-item\"><a border=\"0\" href=\"https:\/\/iesmgkorreas.com\/proyectoeuropa2024\/index.php\/alemania\/p1000748\/\"><img decoding=\"async\" data-attachment-id=\"737\" data-orig-file=\"https:\/\/iesmgkorreas.com\/proyectoeuropa2024\/wp-content\/uploads\/2018\/06\/P1000748.jpg\" data-orig-size=\"1024,768\" data-comments-opened=\"1\" data-image-meta=\"{&quot;aperture&quot;:&quot;2.8&quot;,&quot;credit&quot;:&quot;&quot;,&quot;camera&quot;:&quot;DMC-FZ72&quot;,&quot;caption&quot;:&quot;&quot;,&quot;created_timestamp&quot;:&quot;1492951618&quot;,&quot;copyright&quot;:&quot;&quot;,&quot;focal_length&quot;:&quot;3.58&quot;,&quot;iso&quot;:&quot;100&quot;,&quot;shutter_speed&quot;:&quot;0.066666666666667&quot;,&quot;title&quot;:&quot;&quot;,&quot;orientation&quot;:&quot;1&quot;}\" data-image-title=\"P1000748\" data-image-description=\"\" data-medium-file=\"https:\/\/iesmgkorreas.com\/proyectoeuropa2024\/wp-content\/uploads\/2018\/06\/P1000748-300x225.jpg\" data-large-file=\"https:\/\/iesmgkorreas.com\/proyectoeuropa2024\/wp-content\/uploads\/2018\/06\/P1000748-1024x768.jpg\" style=\"margin: 2px\" src=\"https:\/\/iesmgkorreas.com\/proyectoeuropa2024\/wp-content\/uploads\/2018\/06\/P1000748-171x171.jpg\" width=171 height=171 title=\"P1000748\" \/><\/a><\/div><div class=\"tiled-gallery-item\"><a border=\"0\" href=\"https:\/\/iesmgkorreas.com\/proyectoeuropa2024\/index.php\/alemania\/p1000749\/\"><img decoding=\"async\" data-attachment-id=\"738\" data-orig-file=\"https:\/\/iesmgkorreas.com\/proyectoeuropa2024\/wp-content\/uploads\/2018\/06\/P1000749.jpg\" data-orig-size=\"1024,768\" data-comments-opened=\"1\" data-image-meta=\"{&quot;aperture&quot;:&quot;2.8&quot;,&quot;credit&quot;:&quot;&quot;,&quot;camera&quot;:&quot;DMC-FZ72&quot;,&quot;caption&quot;:&quot;&quot;,&quot;created_timestamp&quot;:&quot;1492951796&quot;,&quot;copyright&quot;:&quot;&quot;,&quot;focal_length&quot;:&quot;3.58&quot;,&quot;iso&quot;:&quot;1600&quot;,&quot;shutter_speed&quot;:&quot;0.02&quot;,&quot;title&quot;:&quot;&quot;,&quot;orientation&quot;:&quot;1&quot;}\" data-image-title=\"P1000749\" data-image-description=\"\" data-medium-file=\"https:\/\/iesmgkorreas.com\/proyectoeuropa2024\/wp-content\/uploads\/2018\/06\/P1000749-300x225.jpg\" data-large-file=\"https:\/\/iesmgkorreas.com\/proyectoeuropa2024\/wp-content\/uploads\/2018\/06\/P1000749-1024x768.jpg\" style=\"margin: 2px\" src=\"https:\/\/iesmgkorreas.com\/proyectoeuropa2024\/wp-content\/uploads\/2018\/06\/P1000749-171x171.jpg\" width=171 height=171 title=\"P1000749\" \/><\/a><\/div><div class=\"tiled-gallery-item\"><a border=\"0\" href=\"https:\/\/iesmgkorreas.com\/proyectoeuropa2024\/index.php\/alemania\/p1000750\/\"><img decoding=\"async\" data-attachment-id=\"739\" data-orig-file=\"https:\/\/iesmgkorreas.com\/proyectoeuropa2024\/wp-content\/uploads\/2018\/06\/P1000750.jpg\" data-orig-size=\"1024,768\" data-comments-opened=\"1\" data-image-meta=\"{&quot;aperture&quot;:&quot;2.8&quot;,&quot;credit&quot;:&quot;&quot;,&quot;camera&quot;:&quot;DMC-FZ72&quot;,&quot;caption&quot;:&quot;&quot;,&quot;created_timestamp&quot;:&quot;1492952157&quot;,&quot;copyright&quot;:&quot;&quot;,&quot;focal_length&quot;:&quot;3.58&quot;,&quot;iso&quot;:&quot;800&quot;,&quot;shutter_speed&quot;:&quot;0.066666666666667&quot;,&quot;title&quot;:&quot;&quot;,&quot;orientation&quot;:&quot;1&quot;}\" data-image-title=\"P1000750\" data-image-description=\"\" data-medium-file=\"https:\/\/iesmgkorreas.com\/proyectoeuropa2024\/wp-content\/uploads\/2018\/06\/P1000750-300x225.jpg\" data-large-file=\"https:\/\/iesmgkorreas.com\/proyectoeuropa2024\/wp-content\/uploads\/2018\/06\/P1000750-1024x768.jpg\" style=\"margin: 2px\" src=\"https:\/\/iesmgkorreas.com\/proyectoeuropa2024\/wp-content\/uploads\/2018\/06\/P1000750-171x171.jpg\" width=171 height=171 title=\"P1000750\" \/><\/a><\/div><div class=\"tiled-gallery-item\"><a border=\"0\" href=\"https:\/\/iesmgkorreas.com\/proyectoeuropa2024\/index.php\/alemania\/p1000751-copia\/\"><img decoding=\"async\" data-attachment-id=\"740\" data-orig-file=\"https:\/\/iesmgkorreas.com\/proyectoeuropa2024\/wp-content\/uploads\/2018\/06\/P1000751-copia.jpg\" data-orig-size=\"1024,768\" data-comments-opened=\"1\" data-image-meta=\"{&quot;aperture&quot;:&quot;2.8&quot;,&quot;credit&quot;:&quot;&quot;,&quot;camera&quot;:&quot;DMC-FZ72&quot;,&quot;caption&quot;:&quot;&quot;,&quot;created_timestamp&quot;:&quot;1492952163&quot;,&quot;copyright&quot;:&quot;&quot;,&quot;focal_length&quot;:&quot;3.58&quot;,&quot;iso&quot;:&quot;800&quot;,&quot;shutter_speed&quot;:&quot;0.04&quot;,&quot;title&quot;:&quot;&quot;,&quot;orientation&quot;:&quot;1&quot;}\" data-image-title=\"P1000751 &#8211; copia\" data-image-description=\"\" data-medium-file=\"https:\/\/iesmgkorreas.com\/proyectoeuropa2024\/wp-content\/uploads\/2018\/06\/P1000751-copia-300x225.jpg\" data-large-file=\"https:\/\/iesmgkorreas.com\/proyectoeuropa2024\/wp-content\/uploads\/2018\/06\/P1000751-copia-1024x768.jpg\" style=\"margin: 2px\" src=\"https:\/\/iesmgkorreas.com\/proyectoeuropa2024\/wp-content\/uploads\/2018\/06\/P1000751-copia-171x171.jpg\" width=171 height=171 title=\"P1000751 - copia\" \/><\/a><\/div><div class=\"tiled-gallery-item\"><a border=\"0\" href=\"https:\/\/iesmgkorreas.com\/proyectoeuropa2024\/index.php\/alemania\/p1000752\/\"><img decoding=\"async\" data-attachment-id=\"741\" data-orig-file=\"https:\/\/iesmgkorreas.com\/proyectoeuropa2024\/wp-content\/uploads\/2018\/06\/P1000752.jpg\" data-orig-size=\"1024,768\" data-comments-opened=\"1\" data-image-meta=\"{&quot;aperture&quot;:&quot;2.8&quot;,&quot;credit&quot;:&quot;&quot;,&quot;camera&quot;:&quot;DMC-FZ72&quot;,&quot;caption&quot;:&quot;&quot;,&quot;created_timestamp&quot;:&quot;1492952178&quot;,&quot;copyright&quot;:&quot;&quot;,&quot;focal_length&quot;:&quot;3.58&quot;,&quot;iso&quot;:&quot;1600&quot;,&quot;shutter_speed&quot;:&quot;0.016666666666667&quot;,&quot;title&quot;:&quot;&quot;,&quot;orientation&quot;:&quot;1&quot;}\" data-image-title=\"P1000752\" data-image-description=\"\" data-medium-file=\"https:\/\/iesmgkorreas.com\/proyectoeuropa2024\/wp-content\/uploads\/2018\/06\/P1000752-300x225.jpg\" data-large-file=\"https:\/\/iesmgkorreas.com\/proyectoeuropa2024\/wp-content\/uploads\/2018\/06\/P1000752-1024x768.jpg\" style=\"margin: 2px\" src=\"https:\/\/iesmgkorreas.com\/proyectoeuropa2024\/wp-content\/uploads\/2018\/06\/P1000752-171x171.jpg\" width=171 height=171 title=\"P1000752\" \/><\/a><\/div><div class=\"tiled-gallery-item\"><a border=\"0\" href=\"https:\/\/iesmgkorreas.com\/proyectoeuropa2024\/index.php\/alemania\/p1000758\/\"><img decoding=\"async\" data-attachment-id=\"742\" data-orig-file=\"https:\/\/iesmgkorreas.com\/proyectoeuropa2024\/wp-content\/uploads\/2018\/06\/P1000758.jpg\" data-orig-size=\"1024,768\" data-comments-opened=\"1\" data-image-meta=\"{&quot;aperture&quot;:&quot;2.8&quot;,&quot;credit&quot;:&quot;&quot;,&quot;camera&quot;:&quot;DMC-FZ72&quot;,&quot;caption&quot;:&quot;&quot;,&quot;created_timestamp&quot;:&quot;1492954555&quot;,&quot;copyright&quot;:&quot;&quot;,&quot;focal_length&quot;:&quot;3.58&quot;,&quot;iso&quot;:&quot;400&quot;,&quot;shutter_speed&quot;:&quot;0.04&quot;,&quot;title&quot;:&quot;&quot;,&quot;orientation&quot;:&quot;1&quot;}\" data-image-title=\"P1000758\" data-image-description=\"\" data-medium-file=\"https:\/\/iesmgkorreas.com\/proyectoeuropa2024\/wp-content\/uploads\/2018\/06\/P1000758-300x225.jpg\" data-large-file=\"https:\/\/iesmgkorreas.com\/proyectoeuropa2024\/wp-content\/uploads\/2018\/06\/P1000758-1024x768.jpg\" style=\"margin: 2px\" src=\"https:\/\/iesmgkorreas.com\/proyectoeuropa2024\/wp-content\/uploads\/2018\/06\/P1000758-171x171.jpg\" width=171 height=171 title=\"P1000758\" \/><\/a><\/div><div class=\"tiled-gallery-item\"><a border=\"0\" href=\"https:\/\/iesmgkorreas.com\/proyectoeuropa2024\/index.php\/alemania\/p1000760\/\"><img decoding=\"async\" data-attachment-id=\"743\" data-orig-file=\"https:\/\/iesmgkorreas.com\/proyectoeuropa2024\/wp-content\/uploads\/2018\/06\/P1000760.jpg\" data-orig-size=\"1024,768\" data-comments-opened=\"1\" data-image-meta=\"{&quot;aperture&quot;:&quot;2.8&quot;,&quot;credit&quot;:&quot;&quot;,&quot;camera&quot;:&quot;DMC-FZ72&quot;,&quot;caption&quot;:&quot;&quot;,&quot;created_timestamp&quot;:&quot;1492955070&quot;,&quot;copyright&quot;:&quot;&quot;,&quot;focal_length&quot;:&quot;3.58&quot;,&quot;iso&quot;:&quot;400&quot;,&quot;shutter_speed&quot;:&quot;0.033333333333333&quot;,&quot;title&quot;:&quot;&quot;,&quot;orientation&quot;:&quot;1&quot;}\" data-image-title=\"P1000760\" data-image-description=\"\" data-medium-file=\"https:\/\/iesmgkorreas.com\/proyectoeuropa2024\/wp-content\/uploads\/2018\/06\/P1000760-300x225.jpg\" data-large-file=\"https:\/\/iesmgkorreas.com\/proyectoeuropa2024\/wp-content\/uploads\/2018\/06\/P1000760-1024x768.jpg\" style=\"margin: 2px\" src=\"https:\/\/iesmgkorreas.com\/proyectoeuropa2024\/wp-content\/uploads\/2018\/06\/P1000760-171x171.jpg\" width=171 height=171 title=\"P1000760\" \/><\/a><\/div><\/div>\n<p>Documentos realizados:<\/p>\n<hr \/>\n<figure id=\"attachment_268\" aria-describedby=\"caption-attachment-268\" style=\"width: 160px\" class=\"wp-caption alignright\"><a href=\"https:\/\/iesmgkorreas.com\/proyectoeuropa20242024\/wp-content\/uploads\/2018\/06\/ALEMANIA2.pdf\" target=\"_blank\" rel=\"noopener\"><img loading=\"lazy\" decoding=\"async\" class=\"wp-image-268 size-full\" src=\"https:\/\/iesmgkorreas.com\/proyectoeuropa20242024\/wp-content\/uploads\/2018\/05\/imgpdf.jpg\" alt=\"\" width=\"160\" height=\"150\" \/><\/a><figcaption id=\"caption-attachment-268\" class=\"wp-caption-text\">Alemania 1<\/figcaption><\/figure>\n<figure id=\"attachment_268\" aria-describedby=\"caption-attachment-268\" style=\"width: 160px\" class=\"wp-caption alignright\"><a href=\"https:\/\/iesmgkorreas.com\/proyectoeuropa20242024\/wp-content\/uploads\/2018\/06\/ALEMANIA.pdf\" target=\"_blank\" rel=\"noopener\"><img loading=\"lazy\" decoding=\"async\" class=\"wp-image-268 size-full\" src=\"https:\/\/iesmgkorreas.com\/proyectoeuropa20242024\/wp-content\/uploads\/2018\/05\/imgpdf.jpg\" alt=\"\" width=\"160\" height=\"150\" \/><\/a><figcaption id=\"caption-attachment-268\" class=\"wp-caption-text\">Alemania 2<\/figcaption><\/figure>\n<figure id=\"attachment_268\" aria-describedby=\"caption-attachment-268\" style=\"width: 160px\" class=\"wp-caption alignright\"><a href=\"https:\/\/iesmgkorreas.com\/proyectoeuropa20242024\/wp-content\/uploads\/2018\/06\/coches.pdf\" target=\"_blank\" rel=\"noopener\"><img loading=\"lazy\" decoding=\"async\" class=\"wp-image-268 size-full\" src=\"https:\/\/iesmgkorreas.com\/proyectoeuropa20242024\/wp-content\/uploads\/2018\/05\/imgpdf.jpg\" alt=\"\" width=\"160\" height=\"150\" \/><\/a><figcaption id=\"caption-attachment-268\" class=\"wp-caption-text\">Alemania Coches<\/figcaption><\/figure>\n<figure id=\"attachment_268\" aria-describedby=\"caption-attachment-268\" style=\"width: 160px\" class=\"wp-caption alignleft\"><a href=\"https:\/\/iesmgkorreas.com\/proyectoeuropa20242024\/wp-content\/uploads\/2018\/06\/DATOS-INMIGRANTES.pdf\" target=\"_blank\" rel=\"noopener\"><img loading=\"lazy\" decoding=\"async\" class=\"wp-image-268 size-full\" src=\"https:\/\/iesmgkorreas.com\/proyectoeuropa20242024\/wp-content\/uploads\/2018\/05\/imgpdf.jpg\" alt=\"\" width=\"160\" height=\"150\" \/><\/a><figcaption id=\"caption-attachment-268\" class=\"wp-caption-text\">Alemania Inmigrantes<\/figcaption><\/figure>\n<figure id=\"attachment_268\" aria-describedby=\"caption-attachment-268\" style=\"width: 160px\" class=\"wp-caption alignleft\"><a href=\"https:\/\/iesmgkorreas.com\/proyectoeuropa20242024\/wp-content\/uploads\/2018\/06\/FORMACION-UE.pdf\" target=\"_blank\" rel=\"noopener\"><img loading=\"lazy\" decoding=\"async\" class=\"wp-image-268 size-full\" src=\"https:\/\/iesmgkorreas.com\/proyectoeuropa20242024\/wp-content\/uploads\/2018\/05\/imgpdf.jpg\" alt=\"\" width=\"160\" height=\"150\" \/><\/a><figcaption id=\"caption-attachment-268\" class=\"wp-caption-text\">Alemania UE<\/figcaption><\/figure>\n<figure id=\"attachment_268\" aria-describedby=\"caption-attachment-268\" style=\"width: 160px\" class=\"wp-caption alignleft\"><a href=\"https:\/\/iesmgkorreas.com\/proyectoeuropa20242024\/wp-content\/uploads\/2018\/06\/POWER_POINT_ALEMANIA.pdf\" target=\"_blank\" rel=\"noopener\"><img loading=\"lazy\" decoding=\"async\" class=\"wp-image-268 size-full\" src=\"https:\/\/iesmgkorreas.com\/proyectoeuropa20242024\/wp-content\/uploads\/2018\/05\/imgpdf.jpg\" alt=\"\" width=\"160\" height=\"150\" \/><\/a><figcaption id=\"caption-attachment-268\" class=\"wp-caption-text\">Alemania 3<\/figcaption><\/figure>\n<hr \/>\n<p>&nbsp;<\/p>\n<p>&nbsp;<\/p>\n<p>&nbsp;<\/p>\n<p>&nbsp;<\/p>\n<p>&nbsp;<\/p>\n<p>&nbsp;<\/p>\n<p>&nbsp;<\/p>\n<hr \/>\n<p>&nbsp;<\/p>\n<p>&nbsp;<\/p>\n<hr \/>\n<p>Personajes Famosos:<\/p>\n<figure id=\"attachment_753\" aria-describedby=\"caption-attachment-753\" style=\"width: 256px\" class=\"wp-caption aligncenter\"><a href=\"https:\/\/iesmgkorreas.com\/proyectoeuropa20242024\/wp-content\/uploads\/2018\/06\/Ana-Frank.jpeg\" target=\"_blank\" rel=\"noopener\"><img loading=\"lazy\" decoding=\"async\" class=\"wp-image-753 size-full\" src=\"https:\/\/iesmgkorreas.com\/proyectoeuropa20242024\/wp-content\/uploads\/2018\/06\/Ana-Frank.jpeg\" alt=\"\" width=\"256\" height=\"197\" \/><\/a><figcaption id=\"caption-attachment-753\" class=\"wp-caption-text\">Ana Frank<\/figcaption><\/figure>\n<figure id=\"attachment_754\" aria-describedby=\"caption-attachment-754\" style=\"width: 340px\" class=\"wp-caption aligncenter\"><a href=\"https:\/\/iesmgkorreas.com\/proyectoeuropa20242024\/wp-content\/uploads\/2018\/06\/Einstein.pdf\" target=\"_blank\" rel=\"noopener\"><img loading=\"lazy\" decoding=\"async\" class=\"wp-image-754 size-full\" src=\"https:\/\/iesmgkorreas.com\/proyectoeuropa20242024\/wp-content\/uploads\/2018\/06\/einstein_1947.jpg\" alt=\"\" width=\"340\" height=\"411\" srcset=\"https:\/\/iesmgkorreas.com\/proyectoeuropa2024\/wp-content\/uploads\/2018\/06\/einstein_1947.jpg 340w, https:\/\/iesmgkorreas.com\/proyectoeuropa2024\/wp-content\/uploads\/2018\/06\/einstein_1947-248x300.jpg 248w\" sizes=\"(max-width: 340px) 100vw, 340px\" \/><\/a><figcaption id=\"caption-attachment-754\" class=\"wp-caption-text\">Einstein<\/figcaption><\/figure>\n<p>&nbsp;<\/p>\n<figure id=\"attachment_758\" aria-describedby=\"caption-attachment-758\" style=\"width: 186px\" class=\"wp-caption aligncenter\"><a href=\"https:\/\/iesmgkorreas.com\/proyectoeuropa20242024\/wp-content\/uploads\/2018\/06\/MERKEL-1.pdf\" target=\"_blank\" rel=\"noopener\"><img loading=\"lazy\" decoding=\"async\" class=\"wp-image-758 size-full\" src=\"https:\/\/iesmgkorreas.com\/proyectoeuropa20242024\/wp-content\/uploads\/2018\/06\/merkel.jpeg\" alt=\"\" width=\"186\" height=\"271\" \/><\/a><figcaption id=\"caption-attachment-758\" class=\"wp-caption-text\">Merkel<\/figcaption><\/figure>\n<figure id=\"attachment_757\" aria-describedby=\"caption-attachment-757\" style=\"width: 225px\" class=\"wp-caption aligncenter\"><img loading=\"lazy\" decoding=\"async\" class=\"wp-image-757 size-full\" src=\"https:\/\/iesmgkorreas.com\/proyectoeuropa20242024\/wp-content\/uploads\/2018\/06\/beethoven.jpeg\" alt=\"\" width=\"225\" height=\"225\" srcset=\"https:\/\/iesmgkorreas.com\/proyectoeuropa2024\/wp-content\/uploads\/2018\/06\/beethoven.jpeg 225w, https:\/\/iesmgkorreas.com\/proyectoeuropa2024\/wp-content\/uploads\/2018\/06\/beethoven-150x150.jpeg 150w, https:\/\/iesmgkorreas.com\/proyectoeuropa2024\/wp-content\/uploads\/2018\/06\/beethoven-100x100.jpeg 100w\" sizes=\"(max-width: 225px) 100vw, 225px\" \/><figcaption id=\"caption-attachment-757\" class=\"wp-caption-text\">Beethoven<\/figcaption><\/figure>\n","protected":false},"excerpt":{"rendered":"<p>Realizado por Alumnos 1\u00ba G.M.MANT.\u00a0VEH\u00cdCULOS PA\u00cdS: ALEMANIA CURSO: 1\u00ba DEL CICLO FORMATIVO DE ELECTROMEC\u00c1NICA DE VEH\u00cdCULOS. COORDINADORA: Milagros Mart\u00edn Mart\u00edn (FOL). Todos los alumnos (en concreto 15) han participado en este proyecto de manera muy satisfactoria y provechosa. Ha resultado de gran utilidad tanto para los alumnos porque les ha acercado a conocer un poco &hellip; <\/p>\n<p class=\"link-more\"><a href=\"https:\/\/iesmgkorreas.com\/proyectoeuropa2024\/index.php\/alemania\/\" class=\"more-link\">Continuar leyendo<span class=\"screen-reader-text\"> \u00abAlemania\u00bb<\/span><\/a><\/p>\n","protected":false},"author":1,"featured_media":83,"parent":0,"menu_order":0,"comment_status":"closed","ping_status":"closed","template":"","meta":{"footnotes":""},"_links":{"self":[{"href":"https:\/\/iesmgkorreas.com\/proyectoeuropa2024\/index.php\/wp-json\/wp\/v2\/pages\/127"}],"collection":[{"href":"https:\/\/iesmgkorreas.com\/proyectoeuropa2024\/index.php\/wp-json\/wp\/v2\/pages"}],"about":[{"href":"https:\/\/iesmgkorreas.com\/proyectoeuropa2024\/index.php\/wp-json\/wp\/v2\/types\/page"}],"author":[{"embeddable":true,"href":"https:\/\/iesmgkorreas.com\/proyectoeuropa2024\/index.php\/wp-json\/wp\/v2\/users\/1"}],"replies":[{"embeddable":true,"href":"https:\/\/iesmgkorreas.com\/proyectoeuropa2024\/index.php\/wp-json\/wp\/v2\/comments?post=127"}],"version-history":[{"count":16,"href":"https:\/\/iesmgkorreas.com\/proyectoeuropa2024\/index.php\/wp-json\/wp\/v2\/pages\/127\/revisions"}],"predecessor-version":[{"id":768,"href":"https:\/\/iesmgkorreas.com\/proyectoeuropa2024\/index.php\/wp-json\/wp\/v2\/pages\/127\/revisions\/768"}],"wp:featuredmedia":[{"embeddable":true,"href":"https:\/\/iesmgkorreas.com\/proyectoeuropa2024\/index.php\/wp-json\/wp\/v2\/media\/83"}],"wp:attachment":[{"href":"https:\/\/iesmgkorreas.com\/proyectoeuropa2024\/index.php\/wp-json\/wp\/v2\/media?parent=127"}],"curies":[{"name":"wp","href":"https:\/\/api.w.org\/{rel}","templated":true}]}}