{"id":100,"date":"2018-05-18T09:51:50","date_gmt":"2018-05-18T09:51:50","guid":{"rendered":"http:\/\/www.bibliogonzalokorreas.com\/proyectoeuropa\/?page_id=100"},"modified":"2018-06-04T06:46:40","modified_gmt":"2018-06-04T06:46:40","slug":"francia","status":"publish","type":"page","link":"https:\/\/iesmgkorreas.com\/proyectoeuropa2024\/index.php\/francia\/","title":{"rendered":"Francia"},"content":{"rendered":"<h1><strong>Realizada por alumnos de 1\u00ba FPB MANT<\/strong><br \/>\n<strong>VEHICULOS y DPTO. FRANC\u00c9S<\/strong><\/h1>\n<p>Adem\u00e1s de lo que la asignatura nos exige diariamente en clase desde el Departamento de Franc\u00e9s hemos llevado a cabo estas actividades \u201cextra\u201d:<\/p>\n<p>Festejamos \u201cLa Toussaint\u201d viendo el cortometraje de terror \u00ab\u00a0(T)erreur\u00a0\u00bb que fue un aut\u00e9ntico \u00e9xito a pesar de ser el trabajo de un joven video-aficionado franc\u00e9s. (Todos los cursos)<\/p>\n<p>Excursi\u00f3n al teatro a C\u00e1ceres para ver la obra \u201cNotre-Dame de Paris\u201d y visitar el museo Vostell. (3\u00ba, 4\u00baESO, 2\u00ba PMAR, PRAGE,1\u00bay 2\u00ba Bachillerato)<\/p>\n<p>Celebramos San Valent\u00edn con el \u201cMur des je t\u2019aime\u201d y las felicitaciones virtuales a trav\u00e9s de la p\u00e1gina web del \u201cMur des je t\u2019aime\u201d. (Todos los grupos)<\/p>\n<p>Acercamos los diferentes sonidos de la francofon\u00eda con la visita del cuentacuentos camerun\u00e9s Samuel Mountomnjou. (Todos los grupos de franc\u00e9s del edificio Korreas: 2F, 3, 4, ESO, PMAR, PRAGE, Bachilleratos)<\/p>\n<p>Participamos en la exposici\u00f3n de poes\u00eda visual con una serie de caligramas. En algunas clases los caligramas acompa\u00f1aron a otras creaciones de los alumnos inspiradas en los cuadros del pintor belga Magritte.<\/p>\n<p>El d\u00eda del Centro en nuestro \u201cpetit coin fran\u00e7ais\u201d hicimos un photocall con sombreros napole\u00f3nicos y boinas francesa, un taller de marcap\u00e1ginas, un taller de cr\u00eapes y una degustaci\u00f3n de cruasanes, todo ello amenizado con la tradicional m\u00fasica de musette parisina.<\/p>\n<p>Dentro de la cultura francesa y franc\u00f3fona hemos puesto varias pel\u00edculas en franc\u00e9s con subt\u00edtulos.<\/p>\n<p><span lang=\"fr-FR\"><i>La guerre des boutons, Les choristes, Azur et Asmar, Monsieur Batignole, Paris \u00e0 tout prix, Demain tout commence, Amour et turbulences, Samba, Algunos cap\u00edtulos de Little Einstein en franc\u00e9s. <\/i><\/span><\/p>\n<p><a name=\"_GoBack\"><\/a> Aprovechando el Festival de Eurovisi\u00f3n hemos trabajado los pa\u00edses de Europa en Franc\u00e9s y escuchado algunas canciones, entre ellas la que ha presentado Francia: \u201cMercy\u201d. Entre ellas hemos trabajado canciones de artistas como Ma\u00eetre Gims, Zaz, Stromae, Gainsbourg, etc. (En todos los grupos)<\/p>\n<p>En literatura hemos trabajado el cuento \u201cLe passe-muraille\u201d de Marcel Aym\u00e9 y poemas de Pr\u00e9vert. (1\u00ba y 2\u00ba de Bachillerato)<\/p>\n<p>La ruta cultural que llevamos organizando varios a\u00f1os ha sido en esta ocasi\u00f3n a B\u00e9jar y a Herv\u00e1s donde visitamos dos museos relacionados estrechamente con Francia como son el Museo de Mateo Hern\u00e1ndez, artista que trabaj\u00f3 durante mucho tiempo en Par\u00eds y el museo de Alejandro P\u00e9rez Comendador de Herv\u00e1s, artista casado con una francesa, Magdalena Leroux, con quien comparte museo, ya que tambi\u00e9n era artista.<\/p>\n<p>Empezamos mayo con referencias al 1 de mayo que en Francia se celebra no solo como d\u00eda del trabajo sino tambi\u00e9n ofreciendo ramilletes de flores de muguet o lirio de los valles. En el mes de mayo todav\u00eda nos queda trabajar el tema del 50 aniversario del mayo franc\u00e9s y el 75 aniversario de la publicaci\u00f3n del Principito. (En todos los grupos).<\/p>\n<div data-carousel-extra='{\"blog_id\":1,\"permalink\":\"https:\\\/\\\/iesmgkorreas.com\\\/proyectoeuropa2024\\\/index.php\\\/francia\\\/\"}' class=\"tiled-gallery type-rectangular\" data-original-width=\"525\"><div class=\"gallery-row\" style=\"width: 520px; height: 257px;\"><div class=\"gallery-group images-1\" style=\"width: 347px; height: 261px;\"><div class=\"tiled-gallery-item tiled-gallery-item-large\"><a href=\"https:\/\/iesmgkorreas.com\/proyectoeuropa2024\/index.php\/francia\/dsc02749\/\"><img loading=\"lazy\" decoding=\"async\" data-attachment-id=\"498\" data-orig-file=\"https:\/\/iesmgkorreas.com\/proyectoeuropa2024\/wp-content\/uploads\/2018\/06\/DSC02749.jpg\" data-orig-size=\"1024,768\" data-comments-opened=\"1\" data-image-meta=\"{&quot;aperture&quot;:&quot;2.8&quot;,&quot;credit&quot;:&quot;&quot;,&quot;camera&quot;:&quot;DSC-H1&quot;,&quot;caption&quot;:&quot;&quot;,&quot;created_timestamp&quot;:&quot;1526488052&quot;,&quot;copyright&quot;:&quot;&quot;,&quot;focal_length&quot;:&quot;6&quot;,&quot;iso&quot;:&quot;125&quot;,&quot;shutter_speed&quot;:&quot;0.125&quot;,&quot;title&quot;:&quot;&quot;,&quot;orientation&quot;:&quot;1&quot;}\" data-image-title=\"DSC02749\" data-image-description=\"\" data-medium-file=\"https:\/\/iesmgkorreas.com\/proyectoeuropa2024\/wp-content\/uploads\/2018\/06\/DSC02749-300x225.jpg\" data-large-file=\"https:\/\/iesmgkorreas.com\/proyectoeuropa2024\/wp-content\/uploads\/2018\/06\/DSC02749-1024x768.jpg\" src=\"https:\/\/iesmgkorreas.com\/proyectoeuropa2024\/wp-content\/uploads\/2018\/06\/DSC02749-343x257.jpg\" width=\"343\" height=\"257\" align=\"left\" title=\"DSC02749\" \/><\/a><\/div><\/div><div class=\"gallery-group images-2\" style=\"width: 173px; height: 261px;\"><div class=\"tiled-gallery-item tiled-gallery-item-small\"><a href=\"https:\/\/iesmgkorreas.com\/proyectoeuropa2024\/index.php\/francia\/dsc02702\/\"><img loading=\"lazy\" decoding=\"async\" data-attachment-id=\"499\" data-orig-file=\"https:\/\/iesmgkorreas.com\/proyectoeuropa2024\/wp-content\/uploads\/2018\/06\/DSC02702.jpg\" data-orig-size=\"1024,768\" data-comments-opened=\"1\" data-image-meta=\"{&quot;aperture&quot;:&quot;2.8&quot;,&quot;credit&quot;:&quot;&quot;,&quot;camera&quot;:&quot;DSC-H1&quot;,&quot;caption&quot;:&quot;&quot;,&quot;created_timestamp&quot;:&quot;1526473812&quot;,&quot;copyright&quot;:&quot;&quot;,&quot;focal_length&quot;:&quot;6&quot;,&quot;iso&quot;:&quot;125&quot;,&quot;shutter_speed&quot;:&quot;0.125&quot;,&quot;title&quot;:&quot;&quot;,&quot;orientation&quot;:&quot;1&quot;}\" data-image-title=\"DSC02702\" data-image-description=\"\" data-medium-file=\"https:\/\/iesmgkorreas.com\/proyectoeuropa2024\/wp-content\/uploads\/2018\/06\/DSC02702-300x225.jpg\" data-large-file=\"https:\/\/iesmgkorreas.com\/proyectoeuropa2024\/wp-content\/uploads\/2018\/06\/DSC02702-1024x768.jpg\" src=\"https:\/\/iesmgkorreas.com\/proyectoeuropa2024\/wp-content\/uploads\/2018\/06\/DSC02702-169x127.jpg\" width=\"169\" height=\"127\" align=\"left\" title=\"DSC02702\" \/><\/a><\/div><div class=\"tiled-gallery-item tiled-gallery-item-small\"><a href=\"https:\/\/iesmgkorreas.com\/proyectoeuropa2024\/index.php\/francia\/dsc02559\/\"><img loading=\"lazy\" decoding=\"async\" data-attachment-id=\"500\" data-orig-file=\"https:\/\/iesmgkorreas.com\/proyectoeuropa2024\/wp-content\/uploads\/2018\/06\/DSC02559.jpg\" data-orig-size=\"1024,768\" data-comments-opened=\"1\" data-image-meta=\"{&quot;aperture&quot;:&quot;2.8&quot;,&quot;credit&quot;:&quot;&quot;,&quot;camera&quot;:&quot;DSC-H1&quot;,&quot;caption&quot;:&quot;&quot;,&quot;created_timestamp&quot;:&quot;1524651508&quot;,&quot;copyright&quot;:&quot;&quot;,&quot;focal_length&quot;:&quot;6&quot;,&quot;iso&quot;:&quot;64&quot;,&quot;shutter_speed&quot;:&quot;0.04&quot;,&quot;title&quot;:&quot;&quot;,&quot;orientation&quot;:&quot;1&quot;}\" data-image-title=\"DSC02559\" data-image-description=\"\" data-medium-file=\"https:\/\/iesmgkorreas.com\/proyectoeuropa2024\/wp-content\/uploads\/2018\/06\/DSC02559-300x225.jpg\" data-large-file=\"https:\/\/iesmgkorreas.com\/proyectoeuropa2024\/wp-content\/uploads\/2018\/06\/DSC02559-1024x768.jpg\" src=\"https:\/\/iesmgkorreas.com\/proyectoeuropa2024\/wp-content\/uploads\/2018\/06\/DSC02559-169x126.jpg\" width=\"169\" height=\"126\" align=\"left\" title=\"DSC02559\" \/><\/a><\/div><\/div><\/div><div class=\"gallery-row\" style=\"width: 520px; height: 147px;\"><div class=\"gallery-group images-1\" style=\"width: 200px; height: 151px;\"><div class=\"tiled-gallery-item tiled-gallery-item-small\"><a href=\"https:\/\/iesmgkorreas.com\/proyectoeuropa2024\/index.php\/francia\/dsc02553\/\"><img loading=\"lazy\" decoding=\"async\" data-attachment-id=\"501\" data-orig-file=\"https:\/\/iesmgkorreas.com\/proyectoeuropa2024\/wp-content\/uploads\/2018\/06\/DSC02553.jpg\" data-orig-size=\"1024,768\" data-comments-opened=\"1\" data-image-meta=\"{&quot;aperture&quot;:&quot;2.8&quot;,&quot;credit&quot;:&quot;&quot;,&quot;camera&quot;:&quot;DSC-H1&quot;,&quot;caption&quot;:&quot;&quot;,&quot;created_timestamp&quot;:&quot;1524650541&quot;,&quot;copyright&quot;:&quot;&quot;,&quot;focal_length&quot;:&quot;6&quot;,&quot;iso&quot;:&quot;64&quot;,&quot;shutter_speed&quot;:&quot;0.066666666666667&quot;,&quot;title&quot;:&quot;&quot;,&quot;orientation&quot;:&quot;1&quot;}\" data-image-title=\"DSC02553\" data-image-description=\"\" data-medium-file=\"https:\/\/iesmgkorreas.com\/proyectoeuropa2024\/wp-content\/uploads\/2018\/06\/DSC02553-300x225.jpg\" data-large-file=\"https:\/\/iesmgkorreas.com\/proyectoeuropa2024\/wp-content\/uploads\/2018\/06\/DSC02553-1024x768.jpg\" src=\"https:\/\/iesmgkorreas.com\/proyectoeuropa2024\/wp-content\/uploads\/2018\/06\/DSC02553-196x147.jpg\" width=\"196\" height=\"147\" align=\"left\" title=\"DSC02553\" \/><\/a><\/div><\/div><div class=\"gallery-group images-1\" style=\"width: 146px; height: 151px;\"><div class=\"tiled-gallery-item tiled-gallery-item-small\"><a href=\"https:\/\/iesmgkorreas.com\/proyectoeuropa2024\/index.php\/francia\/20180216_133943\/\"><img loading=\"lazy\" decoding=\"async\" data-attachment-id=\"502\" data-orig-file=\"https:\/\/iesmgkorreas.com\/proyectoeuropa2024\/wp-content\/uploads\/2018\/06\/20180216_133943-e1528094775599.jpg\" data-orig-size=\"565,588\" data-comments-opened=\"1\" data-image-meta=\"{&quot;aperture&quot;:&quot;2.2&quot;,&quot;credit&quot;:&quot;&quot;,&quot;camera&quot;:&quot;SM-J320FN&quot;,&quot;caption&quot;:&quot;&quot;,&quot;created_timestamp&quot;:&quot;1518788383&quot;,&quot;copyright&quot;:&quot;&quot;,&quot;focal_length&quot;:&quot;3.3&quot;,&quot;iso&quot;:&quot;160&quot;,&quot;shutter_speed&quot;:&quot;0.05&quot;,&quot;title&quot;:&quot;&quot;,&quot;orientation&quot;:&quot;6&quot;}\" data-image-title=\"20180216_133943\" data-image-description=\"\" data-medium-file=\"https:\/\/iesmgkorreas.com\/proyectoeuropa2024\/wp-content\/uploads\/2018\/06\/20180216_133943-e1528094775599-288x300.jpg\" data-large-file=\"https:\/\/iesmgkorreas.com\/proyectoeuropa2024\/wp-content\/uploads\/2018\/06\/20180216_133943-e1528094397813-576x1024.jpg\" src=\"https:\/\/iesmgkorreas.com\/proyectoeuropa2024\/wp-content\/uploads\/2018\/06\/20180216_133943-e1528094775599-142x147.jpg\" width=\"142\" height=\"147\" align=\"left\" title=\"20180216_133943\" \/><\/a><\/div><\/div><div class=\"gallery-group images-1\" style=\"width: 87px; height: 151px;\"><div class=\"tiled-gallery-item tiled-gallery-item-small\"><a href=\"https:\/\/iesmgkorreas.com\/proyectoeuropa2024\/index.php\/francia\/20180112_123933\/\"><img loading=\"lazy\" decoding=\"async\" data-attachment-id=\"503\" data-orig-file=\"https:\/\/iesmgkorreas.com\/proyectoeuropa2024\/wp-content\/uploads\/2018\/06\/20180112_123933-e1528094384578.jpg\" data-orig-size=\"576,1024\" data-comments-opened=\"1\" data-image-meta=\"{&quot;aperture&quot;:&quot;2.2&quot;,&quot;credit&quot;:&quot;&quot;,&quot;camera&quot;:&quot;SM-J320FN&quot;,&quot;caption&quot;:&quot;&quot;,&quot;created_timestamp&quot;:&quot;1515760773&quot;,&quot;copyright&quot;:&quot;&quot;,&quot;focal_length&quot;:&quot;3.3&quot;,&quot;iso&quot;:&quot;1000&quot;,&quot;shutter_speed&quot;:&quot;0.0625&quot;,&quot;title&quot;:&quot;&quot;,&quot;orientation&quot;:&quot;6&quot;}\" data-image-title=\"20180112_123933\" data-image-description=\"\" data-medium-file=\"https:\/\/iesmgkorreas.com\/proyectoeuropa2024\/wp-content\/uploads\/2018\/06\/20180112_123933-e1528094384578-169x300.jpg\" data-large-file=\"https:\/\/iesmgkorreas.com\/proyectoeuropa2024\/wp-content\/uploads\/2018\/06\/20180112_123933-e1528094384578-576x1024.jpg\" src=\"https:\/\/iesmgkorreas.com\/proyectoeuropa2024\/wp-content\/uploads\/2018\/06\/20180112_123933-e1528094384578-83x147.jpg\" width=\"83\" height=\"147\" align=\"left\" title=\"20180112_123933\" \/><\/a><\/div><\/div><div class=\"gallery-group images-1\" style=\"width: 87px; height: 151px;\"><div class=\"tiled-gallery-item tiled-gallery-item-small\"><a href=\"https:\/\/iesmgkorreas.com\/proyectoeuropa2024\/index.php\/francia\/20180112_115343\/\"><img loading=\"lazy\" decoding=\"async\" data-attachment-id=\"504\" data-orig-file=\"https:\/\/iesmgkorreas.com\/proyectoeuropa2024\/wp-content\/uploads\/2018\/06\/20180112_115343-e1528094375236.jpg\" data-orig-size=\"576,1024\" data-comments-opened=\"1\" data-image-meta=\"{&quot;aperture&quot;:&quot;2.2&quot;,&quot;credit&quot;:&quot;&quot;,&quot;camera&quot;:&quot;SM-J320FN&quot;,&quot;caption&quot;:&quot;&quot;,&quot;created_timestamp&quot;:&quot;1515758023&quot;,&quot;copyright&quot;:&quot;&quot;,&quot;focal_length&quot;:&quot;3.3&quot;,&quot;iso&quot;:&quot;400&quot;,&quot;shutter_speed&quot;:&quot;0.0625&quot;,&quot;title&quot;:&quot;&quot;,&quot;orientation&quot;:&quot;6&quot;}\" data-image-title=\"20180112_115343\" data-image-description=\"\" data-medium-file=\"https:\/\/iesmgkorreas.com\/proyectoeuropa2024\/wp-content\/uploads\/2018\/06\/20180112_115343-e1528094375236-169x300.jpg\" data-large-file=\"https:\/\/iesmgkorreas.com\/proyectoeuropa2024\/wp-content\/uploads\/2018\/06\/20180112_115343-e1528094375236-576x1024.jpg\" src=\"https:\/\/iesmgkorreas.com\/proyectoeuropa2024\/wp-content\/uploads\/2018\/06\/20180112_115343-e1528094375236-83x147.jpg\" width=\"83\" height=\"147\" align=\"left\" title=\"20180112_115343\" \/><\/a><\/div><\/div><\/div><\/div>\n<hr \/>\n<p>&nbsp;<\/p>\n","protected":false},"excerpt":{"rendered":"<p>Realizada por alumnos de 1\u00ba FPB MANT VEHICULOS y DPTO. FRANC\u00c9S Adem\u00e1s de lo que la asignatura nos exige diariamente en clase desde el Departamento de Franc\u00e9s hemos llevado a cabo estas actividades \u201cextra\u201d: Festejamos \u201cLa Toussaint\u201d viendo el cortometraje de terror \u00ab\u00a0(T)erreur\u00a0\u00bb que fue un aut\u00e9ntico \u00e9xito a pesar de ser el trabajo de &hellip; <\/p>\n<p class=\"link-more\"><a href=\"https:\/\/iesmgkorreas.com\/proyectoeuropa2024\/index.php\/francia\/\" class=\"more-link\">Continuar leyendo<span class=\"screen-reader-text\"> \u00abFrancia\u00bb<\/span><\/a><\/p>\n","protected":false},"author":1,"featured_media":82,"parent":0,"menu_order":0,"comment_status":"closed","ping_status":"closed","template":"","meta":{"footnotes":""},"_links":{"self":[{"href":"https:\/\/iesmgkorreas.com\/proyectoeuropa2024\/index.php\/wp-json\/wp\/v2\/pages\/100"}],"collection":[{"href":"https:\/\/iesmgkorreas.com\/proyectoeuropa2024\/index.php\/wp-json\/wp\/v2\/pages"}],"about":[{"href":"https:\/\/iesmgkorreas.com\/proyectoeuropa2024\/index.php\/wp-json\/wp\/v2\/types\/page"}],"author":[{"embeddable":true,"href":"https:\/\/iesmgkorreas.com\/proyectoeuropa2024\/index.php\/wp-json\/wp\/v2\/users\/1"}],"replies":[{"embeddable":true,"href":"https:\/\/iesmgkorreas.com\/proyectoeuropa2024\/index.php\/wp-json\/wp\/v2\/comments?post=100"}],"version-history":[{"count":6,"href":"https:\/\/iesmgkorreas.com\/proyectoeuropa2024\/index.php\/wp-json\/wp\/v2\/pages\/100\/revisions"}],"predecessor-version":[{"id":505,"href":"https:\/\/iesmgkorreas.com\/proyectoeuropa2024\/index.php\/wp-json\/wp\/v2\/pages\/100\/revisions\/505"}],"wp:featuredmedia":[{"embeddable":true,"href":"https:\/\/iesmgkorreas.com\/proyectoeuropa2024\/index.php\/wp-json\/wp\/v2\/media\/82"}],"wp:attachment":[{"href":"https:\/\/iesmgkorreas.com\/proyectoeuropa2024\/index.php\/wp-json\/wp\/v2\/media?parent=100"}],"curies":[{"name":"wp","href":"https:\/\/api.w.org\/{rel}","templated":true}]}}