{"id":18,"date":"2026-04-10T11:58:17","date_gmt":"2026-04-10T11:58:17","guid":{"rendered":"https:\/\/iesmgkorreas.com\/orientacion\/?page_id=18"},"modified":"2026-04-15T22:04:50","modified_gmt":"2026-04-15T22:04:50","slug":"quienes-somos","status":"publish","type":"page","link":"https:\/\/iesmgkorreas.com\/orientacion\/?page_id=18","title":{"rendered":"Qui\u00e9nes somos"},"content":{"rendered":"\n<p class=\"has-small-font-size\"><br>Somos el Departamento de Orientaci\u00f3n del Instituto de Educaci\u00f3n Secundaria Obligatoria Maestro Gonzalo Korreas. <\/p>\n\n\n\n<p class=\"has-small-font-size\">El equipo est\u00e1 formado por:<\/p>\n\n\n\n<ul class=\"wp-block-list\">\n<li class=\"has-small-font-size\">Un Orientador educativo.<\/li>\n\n\n\n<li class=\"has-small-font-size\">Una Profesora de Servicios a la Comunidad.<\/li>\n\n\n\n<li class=\"has-small-font-size\">Un Educador social.<\/li>\n\n\n\n<li class=\"has-small-font-size\">Una Maestra de Audici\u00f3n y Lenguaje.<\/li>\n\n\n\n<li class=\"has-small-font-size\">Una Maestra de Pedagog\u00eda Terap\u00e9utica.<\/li>\n\n\n\n<li class=\"has-small-font-size\">Una Maestra del Programa Conecta-2.<\/li>\n\n\n\n<li class=\"has-small-font-size\">Profesorado de los \u00e1mbitos pertenecientes al Programa de Diversificaci\u00f3n Curricular.<\/li>\n<\/ul>\n\n\n\n<p class=\"has-small-font-size\">El Departamento de Orientaci\u00f3n tiene como finalidad apoyar <strong>el desarrollo acad\u00e9mico, personal y profesional<\/strong> del alumnado, dentro del marco de la inclusi\u00f3n educativa.<\/p>\n\n\n\n<p class=\"has-small-font-size\">Su labor se organiza en tres \u00e1mbitos principales:<\/p>\n\n\n\n<ul class=\"wp-block-list\">\n<li class=\"has-small-font-size\"><strong>Apoyo al proceso de ense\u00f1anza y aprendizaje:<\/strong> colaboraci\u00f3n en la planificaci\u00f3n curricular, realizaci\u00f3n de evaluaciones psicopedag\u00f3gicas, desarrollo de adaptaciones curriculares y detecci\u00f3n temprana de dificultades, as\u00ed como el estudio, la planificaci\u00f3n, el desarrollo y seguimiento de las medidas de atenci\u00f3n a la diversidad.<\/li>\n\n\n\n<li class=\"has-small-font-size\"><strong>Orientaci\u00f3n acad\u00e9mica y profesional:<\/strong> elaboraci\u00f3n del Plan de Orientaci\u00f3n, informaci\u00f3n sobre itinerarios educativos y laborales, y colaboraci\u00f3n en el consejo orientador del alumnado.<\/li>\n\n\n\n<li class=\"has-small-font-size\"><strong>Apoyo a la acci\u00f3n tutorial:<\/strong> asesoramiento al profesorado tutor, coordinaci\u00f3n educativa y promoci\u00f3n de la comunicaci\u00f3n con las familias.<\/li>\n<\/ul>\n\n\n\n<p class=\"has-small-font-size\">Adem\u00e1s, el Departamento cuenta con profesionales especializados que atienden necesidades espec\u00edficas, como el apoyo al alumnado con dificultades, la intervenci\u00f3n en el \u00e1mbito social y la mediaci\u00f3n con las familias.<\/p>\n\n\n\n<p class=\"has-small-font-size\">Mantenemos una estrecha y constante coordinaci\u00f3n con los servicios de orientaci\u00f3n pertenecientes a la Administraci\u00f3n educativa:<\/p>\n\n\n\n<ul class=\"wp-block-list\">\n<li class=\"has-small-font-size\">Equipos Generales de Orientaci\u00f3n Educativa y Psicopedag\u00f3gica (especialmente con el de Jara\u00edz de la Vera).<\/li>\n\n\n\n<li class=\"has-small-font-size\">Equipos Espec\u00edficos de Atenci\u00f3n al Alumnado con D\u00e9ficit Visual.<\/li>\n\n\n\n<li class=\"has-small-font-size\">Equipos Espec\u00edficos de Atenci\u00f3n al Alumnado con D\u00e9ficit Auditivo.<\/li>\n\n\n\n<li class=\"has-small-font-size\">Equipos Espec\u00edficos de Atenci\u00f3n al Alumnado con Trastorno Grave de Conducta, <a href=\"https:\/\/sites.google.com\/educarex.es\/equipotgccaceres\/eetgc\" data-type=\"link\" data-id=\"https:\/\/sites.google.com\/educarex.es\/equipotgccaceres\/eetgc\">sitio web<\/a>.<\/li>\n\n\n\n<li class=\"has-small-font-size\">Equipos Espec\u00edficos de Atenci\u00f3n al Alumnado con Trastorno del Espectro del Autismo.<\/li>\n\n\n\n<li class=\"has-small-font-size\">Asimismo, colaboramos con la Unidad de Atenci\u00f3n al Alumnado con Trastorno del Espectro del Autismo (<a href=\"https:\/\/sites.google.com\/educarex.es\/uteaextremadura\/inicio\" data-type=\"link\" data-id=\"https:\/\/sites.google.com\/educarex.es\/uteaextremadura\/inicio\">sitio web<\/a>), la Unidad de Atenci\u00f3n al Alumnado con Altas Capacidades ( <a href=\"https:\/\/sites.google.com\/educarex.es\/u-altascapacidades-extremadura\/creaci%C3%B3n\" data-type=\"link\" data-id=\"https:\/\/sites.google.com\/educarex.es\/u-altascapacidades-extremadura\/creaci%C3%B3n\">sitio web)<\/a> y la Unidad de Programas Educativos.<\/li>\n<\/ul>\n\n\n\n<p class=\"has-small-font-size\">Por otro lado, y previa autorizaci\u00f3n familiar, tambi\u00e9n mantenemos coordinaci\u00f3n con instituciones externas al sistema educativo, como los servicios de Salud Mental Infanto-Juvenil, CADEX, Programas de Atenci\u00f3n a Familias, entidades como ASPACE y otros recursos especializados.<\/p>\n\n\n\n<h3 class=\"wp-block-heading\">Qu\u00e9 no es el Departamento de Orientaci\u00f3n<\/h3>\n\n\n\n<p class=\"has-small-font-size\">El Departamento de Orientaci\u00f3n no sustituye ni asume funciones que corresponden a otros \u00e1mbitos o profesionales. En este sentido:<\/p>\n\n\n\n<p><\/p>\n\n\n\n<figure class=\"wp-block-table\"><table class=\"has-fixed-layout\"><thead><tr><th><strong>El Departamento de Orientaci\u00f3n S\u00cd hace<\/strong><\/th><th><strong>El Departamento de Orientaci\u00f3n NO hace<\/strong><\/th><\/tr><\/thead><tbody><tr><td>Asesora al profesorado en la inclusi\u00f3n educativa, as\u00ed como asesora en la gesti\u00f3n de conflictos.<\/td><td>No sustituye la labor docente en el aula.<\/td><\/tr><tr><td>Realiza evaluaci\u00f3n psicopedag\u00f3gica del alumnado cuando es necesario para detectar necesidades educativas.<\/td><td>No realiza diagn\u00f3sticos cl\u00ednicos o m\u00e9dicos. En caso de detectar necesidades educativas severas derivamos a los \u00e1mbitos profesionales correspodientes.<\/td><\/tr><tr><td>Colabora en la elaboraci\u00f3n de adaptaci\u00f3n curricular, de ampliaci\u00f3n y\/0 de acceso, as\u00ed como ajustes curriculares.<\/td><td>No dise\u00f1a adaptaciones de forma unilateral ni sin el equipo educativo.<\/td><\/tr><tr><td>Orienta acad\u00e9mica y profesionalmente al alumnado.<\/td><td>No decide por el alumnado su itinerario acad\u00e9mico o profesional.<\/td><\/tr><tr><td>Apoya la acci\u00f3n tutorial y la coordinaci\u00f3n con tutores.<\/td><td>No sustituye la funci\u00f3n tutorial del profesorado.<\/td><\/tr><tr><td>Interviene en la detecci\u00f3n y prevenci\u00f3n de dificultades de aprendizaje.<\/td><td>No act\u00faa sin coordinaci\u00f3n con el equipo docente o las familias.<\/td><\/tr><tr><td>Colabora con familias y facilita la comunicaci\u00f3n centro-familia.<\/td><td>No reemplaza la responsabilidad educativa de las familias.<\/td><\/tr><tr><td>Coordina actuaciones con servicios educativos y sociales externos.<\/td><td>No es un servicio sanitario, social o cl\u00ednico.<\/td><\/tr><tr><td>Informa sobre becas, recursos y opciones educativas.<\/td><td>No gestiona directamente ayudas econ\u00f3micas o administrativas.<\/td><\/tr><tr><td>As\u00ed mismo somos docentes del centro educativo, como un recurso educativo que trabaja para todos y todas, contribuyendo a la mejora del proceso de ense\u00f1anza y aprendizaje en su conjunto.<\/td><td>No somos agentes externos ni un servicio exclusivo para el alumnado m\u00e1s vulnerable.<\/td><\/tr><\/tbody><\/table><\/figure>\n\n\n\n<p class=\"has-small-font-size\"><strong>El Departamento de Orientaci\u00f3n trabaja de forma coordinada con el alumnado, el profesorado, las familias y otros servicios, siendo un recurso de apoyo y asesoramiento dentro del centro educativo.<\/strong><\/p>\n\n\n\n<p><\/p>\n","protected":false},"excerpt":{"rendered":"<p>Somos el Departamento de Orientaci\u00f3n del Instituto de Educaci\u00f3n Secundaria Obligatoria Maestro Gonzalo Korreas. El<\/p>\n","protected":false},"author":2,"featured_media":0,"parent":0,"menu_order":0,"comment_status":"closed","ping_status":"closed","template":"","meta":{"footnotes":""},"class_list":["post-18","page","type-page","status-publish","hentry"],"_links":{"self":[{"href":"https:\/\/iesmgkorreas.com\/orientacion\/index.php?rest_route=\/wp\/v2\/pages\/18","targetHints":{"allow":["GET"]}}],"collection":[{"href":"https:\/\/iesmgkorreas.com\/orientacion\/index.php?rest_route=\/wp\/v2\/pages"}],"about":[{"href":"https:\/\/iesmgkorreas.com\/orientacion\/index.php?rest_route=\/wp\/v2\/types\/page"}],"author":[{"embeddable":true,"href":"https:\/\/iesmgkorreas.com\/orientacion\/index.php?rest_route=\/wp\/v2\/users\/2"}],"replies":[{"embeddable":true,"href":"https:\/\/iesmgkorreas.com\/orientacion\/index.php?rest_route=%2Fwp%2Fv2%2Fcomments&post=18"}],"version-history":[{"count":12,"href":"https:\/\/iesmgkorreas.com\/orientacion\/index.php?rest_route=\/wp\/v2\/pages\/18\/revisions"}],"predecessor-version":[{"id":259,"href":"https:\/\/iesmgkorreas.com\/orientacion\/index.php?rest_route=\/wp\/v2\/pages\/18\/revisions\/259"}],"wp:attachment":[{"href":"https:\/\/iesmgkorreas.com\/orientacion\/index.php?rest_route=%2Fwp%2Fv2%2Fmedia&parent=18"}],"curies":[{"name":"wp","href":"https:\/\/api.w.org\/{rel}","templated":true}]}}