{"id":29,"date":"2019-10-14T14:43:56","date_gmt":"2019-10-14T12:43:56","guid":{"rendered":"http:\/\/iesmgkorreas.com\/normamentira\/?page_id=29"},"modified":"2019-12-13T11:05:36","modified_gmt":"2019-12-13T10:05:36","slug":"quienes-somos","status":"publish","type":"page","link":"https:\/\/iesmgkorreas.com\/normaliza2024\/index.php\/quienes-somos\/","title":{"rendered":"\u00bfQui\u00e9nes somos?"},"content":{"rendered":"\n<p>Un grupo de profesores del IES Maestro Gonzalo Korreas comenzamos el a\u00f1o pasado la aventura de editar una revista con el nombre \u00absapere aude\u00bb. Nuestro prop\u00f3sito fue crear una revista que abordara temas de actualidad desde un enfoque interdisciplinar. Pretend\u00edamos iniciar a nuestros alumnos en las tareas de investigaci\u00f3n y despertar en ellos el esp\u00edritu cr\u00edtico. Al fin y al cabo, lo que quer\u00edamos era ser fieles al lema de la Ilustraci\u00f3n que el fil\u00f3sofo Immanuel Kant enunci\u00f3 a finales del siglo XVIII: <em>sapere aude,<\/em> atr\u00e9vete a pensar. El primer n\u00famero de nuestra revista trat\u00f3 el tema de la invisibilidad de las mujeres en los libros de texto. El  presente curso estamos trabajando sobre la normalizaci\u00f3n de la mentira: los diferentes usos y formas de la manipulaci\u00f3n del pensamiento.<\/p>\n\n\n\n<p>El equipo de profesores del presente a\u00f1o es el siguiente:<\/p>\n\n\n\n<ul class=\"wp-block-list\"><li><a rel=\"noreferrer noopener\" aria-label=\"Filosof\u00eda: Miguel San Miguel Martos (abre en una nueva pesta\u00f1a)\" href=\"https:\/\/iesmgkorreas.com\/normaliza2024\/index.php\/category\/filosofia\/\" target=\"_blank\">Filosof\u00eda: Miguel San Miguel Martos<\/a><\/li><li><a rel=\"noreferrer noopener\" aria-label=\"Lengua y Literatura: Ana Mar\u00eda Luengo y Julia Villegas (abre en una nueva pesta\u00f1a)\" href=\"https:\/\/iesmgkorreas.com\/normaliza2024\/index.php\/category\/lengua-y-literatura\/\" target=\"_blank\">Lengua y Literatura: Ana Mar\u00eda Luengo y Julia Villegas<\/a><\/li><li><a rel=\"noreferrer noopener\" aria-label=\"Franc\u00e9s: Francisco Calle y M\u00aa \u00c1ngeles Arias (abre en una nueva pesta\u00f1a)\" href=\"https:\/\/iesmgkorreas.com\/normaliza2024\/index.php\/category\/frances\/\" target=\"_blank\">Franc\u00e9s: Francisco Calle y M\u00aa \u00c1ngeles Arias<\/a><\/li><li><a rel=\"noreferrer noopener\" aria-label=\"Lat\u00edn: Juan Manuel Acquaroni (abre en una nueva pesta\u00f1a)\" href=\"https:\/\/iesmgkorreas.com\/normaliza2024\/index.php\/category\/latin-y-cultura-clasica\/\" target=\"_blank\">Lat\u00edn: Juan Manuel Acquaroni<\/a><\/li><li><a rel=\"noreferrer noopener\" aria-label=\"Pl\u00e1stica: Sara Iglesias (abre en una nueva pesta\u00f1a)\" href=\"https:\/\/iesmgkorreas.com\/normaliza2024\/index.php\/category\/plastica-y-educacion-visual\/\" target=\"_blank\">Pl\u00e1stica: Sara Iglesias<\/a><\/li><li><a rel=\"noreferrer noopener\" aria-label=\"Tecnolog\u00eda: Domingo Jes\u00fas Merino y Sheila Arnega (abre en una nueva pesta\u00f1a)\" href=\"https:\/\/iesmgkorreas.com\/normaliza2024\/index.php\/category\/tecnologia\/\" target=\"_blank\">Tecnolog\u00eda: Domingo Jes\u00fas Merino y Sheila Arnega<\/a><\/li><li><a rel=\"noreferrer noopener\" aria-label=\"M\u00fasica: Cristina Montero (abre en una nueva pesta\u00f1a)\" href=\"https:\/\/iesmgkorreas.com\/normaliza2024\/index.php\/category\/musica\/\" target=\"_blank\">M\u00fasica: Cristina Montero<\/a><\/li><li><a rel=\"noreferrer noopener\" aria-label=\"Portugu\u00e9s: Jos\u00e9 Mar\u00eda Dur\u00e1n (abre en una nueva pesta\u00f1a)\" href=\"https:\/\/iesmgkorreas.com\/normaliza2024\/index.php\/category\/portugues\/\" target=\"_blank\">Portugu\u00e9s: Jos\u00e9 Mar\u00eda Dur\u00e1n<\/a><\/li><li><a rel=\"noreferrer noopener\" aria-label=\"Historia: Marian D\u00edaz (abre en una nueva pesta\u00f1a)\" href=\"https:\/\/iesmgkorreas.com\/normaliza2024\/index.php\/category\/historia\/\" target=\"_blank\">Historia: Marian D\u00edaz<\/a><\/li><li><a href=\"https:\/\/iesmgkorreas.com\/normaliza2024\/index.php\/category\/fisica-y-quimica\/\" target=\"_blank\" rel=\"noreferrer noopener\" aria-label=\"F\u00edsica y Qu\u00edmica: Sergio Mu\u00f1oz (abre en una nueva pesta\u00f1a)\">F\u00edsica y Qu\u00edmica: Sergio Mu\u00f1oz<\/a><\/li><\/ul>\n","protected":false},"excerpt":{"rendered":"<p>Un grupo de profesores del IES Maestro Gonzalo Korreas comenzamos el a\u00f1o pasado la aventura de editar una revista con el nombre \u00absapere aude\u00bb. Nuestro prop\u00f3sito fue crear una revista&#8230; <a href=\"https:\/\/iesmgkorreas.com\/normaliza2024\/index.php\/quienes-somos\/\">Continuar leyendo &#8230;  &raquo;<\/a><\/p>\n","protected":false},"author":1,"featured_media":0,"parent":0,"menu_order":0,"comment_status":"closed","ping_status":"closed","template":"","meta":{"footnotes":""},"class_list":["post-29","page","type-page","status-publish","hentry"],"_links":{"self":[{"href":"https:\/\/iesmgkorreas.com\/normaliza2024\/index.php\/wp-json\/wp\/v2\/pages\/29","targetHints":{"allow":["GET"]}}],"collection":[{"href":"https:\/\/iesmgkorreas.com\/normaliza2024\/index.php\/wp-json\/wp\/v2\/pages"}],"about":[{"href":"https:\/\/iesmgkorreas.com\/normaliza2024\/index.php\/wp-json\/wp\/v2\/types\/page"}],"author":[{"embeddable":true,"href":"https:\/\/iesmgkorreas.com\/normaliza2024\/index.php\/wp-json\/wp\/v2\/users\/1"}],"replies":[{"embeddable":true,"href":"https:\/\/iesmgkorreas.com\/normaliza2024\/index.php\/wp-json\/wp\/v2\/comments?post=29"}],"version-history":[{"count":15,"href":"https:\/\/iesmgkorreas.com\/normaliza2024\/index.php\/wp-json\/wp\/v2\/pages\/29\/revisions"}],"predecessor-version":[{"id":384,"href":"https:\/\/iesmgkorreas.com\/normaliza2024\/index.php\/wp-json\/wp\/v2\/pages\/29\/revisions\/384"}],"wp:attachment":[{"href":"https:\/\/iesmgkorreas.com\/normaliza2024\/index.php\/wp-json\/wp\/v2\/media?parent=29"}],"curies":[{"name":"wp","href":"https:\/\/api.w.org\/{rel}","templated":true}]}}